{"id":1571,"date":"2022-06-15T18:23:22","date_gmt":"2022-06-15T18:23:22","guid":{"rendered":"https:\/\/axel-johnson-stiftelse.ohmytest.se\/?page_id=1571"},"modified":"2026-02-26T07:47:34","modified_gmt":"2026-02-26T07:47:34","slug":"stiftelsens-organisation","status":"publish","type":"page","link":"https:\/\/axsonjohnsonfoundation.org\/sv\/om-oss\/stiftelsens-organisation\/","title":{"rendered":"Stiftelsens organisation"},"content":{"rendered":"\n<div class=\"section-x-padding\">\n    <p class=\"body-xl section-inner-width mx-auto my-8\">\n        Stiftelsens styrelse har det yttersta ansvaret f\u00f6r f\u00f6rvaltningen vilket innefattar utdelning av anslag. Stiftelsens dagliga verksamhet leds av den verkst\u00e4llande direkt\u00f6ren som \u00e4ven ansvarar f\u00f6r beredning av projekt. F\u00f6r bed\u00f6mning av projekt  anlitas externa experter och r\u00e5dgivare.    <\/p>\n<\/div>\n\n    <div class=\"section-y-margin section-x-padding\">\n        <div class=\"section-width mx-auto\">\n            <div class=\"w-full my-8 text-blue-600 employees-block \">\n                \n                <div class=\"employee-content\">\n                                            <div class=\"employee-section\">\n                            <span class=\"employee-section-title font-karla\">Verkst\u00e4llande direkt\u00f6r &amp; Directors<\/span>\n\n                            <div class=\"employee-grid\">\n                                                                                                        <div class=\"employee-grid-card group\"\n                                        data-employee-role=\"VD\"\n                                        data-employee-name=\"Kurt Almqvist\"\n                                        data-employee-portrait=\"https:\/\/axsonjohnsonfoundation.org\/wp-content\/uploads\/2022\/06\/Kurt-la\u030ag.jpg\"\n                                        data-employee-description=\"&lt;p&gt;Vd sedan 1999.&lt;br \/&gt;\nKurt Almqvist \u00e4r stiftelsens verkst\u00e4llande direkt\u00f6r.&lt;br \/&gt;\nAndra uppdrag: ordf\u00f6rande i Axess Publishing och ledamot i Axel och Margaret Ax:son Johnsons stiftelse f\u00f6r vetenskap.&lt;\/p&gt;\n\"\n                                        data-employee-education=\"\"\n                                        data-employee-socials=\"false\">\n                                        <span class=\"employee-role\">VD<\/span>\n                                        <div class=\"flex items-center gap-2\">\n                                            <div class=\"flex items-center transform -translate-x-4 -mt-0.5 opacity-0 transition-all duration-200 employee-svg-container group-hover:translate-x-0 group-hover:opacity-100\">\n                                                <svg width=\"7.11\" height=\"10.67\" class=\"fill-blue-600\" viewBox=\"0 0 7 9\" fill=\"none\" xmlns=\"http:\/\/www.w3.org\/2000\/svg\">\n                                                    <path d=\"M0.750017 0H3.05052L6.75 3.86618V5.1338L3.0505 9H0.75L5.05598 4.49999L0.750017 0Z\" fill=\"#ffffff\"><\/path>\n                                                <\/svg>\n                                            <\/div>\n                                            <span class=\"employee-name -ml-3.5 group-hover:ml-0 flex items-center\">\n                                                Kurt Almqvist                                            <\/span>\n                                        <\/div>\n                                    <\/div>\n                                                                                                        <div class=\"employee-grid-card group\"\n                                        data-employee-role=\"Director Ax:son Johnson Inst.\"\n                                        data-employee-name=\"Mattias Hess\u00e9rus \"\n                                        data-employee-portrait=\"https:\/\/axsonjohnsonfoundation.org\/wp-content\/uploads\/2022\/06\/marding3490-1024x683.jpg\"\n                                        data-employee-description=\"&lt;p&gt;Anst\u00e4lld sedan 2010.&lt;br \/&gt;\nMattias Hesserus \u00e4r director f\u00f6r The Ax:son Johnson Institute for Statecraft and Diplomacy och \u00e4r redakt\u00f6r f\u00f6r Engelsberg Ideas. Han disputerade 2016 i historia vid Uppsala universitet.&lt;\/p&gt;\n\"\n                                        data-employee-education=\"\"\n                                        data-employee-socials=\"false\">\n                                        <span class=\"employee-role\">Director Ax:son Johnson Inst.<\/span>\n                                        <div class=\"flex items-center gap-2\">\n                                            <div class=\"flex items-center transform -translate-x-4 -mt-0.5 opacity-0 transition-all duration-200 employee-svg-container group-hover:translate-x-0 group-hover:opacity-100\">\n                                                <svg width=\"7.11\" height=\"10.67\" class=\"fill-blue-600\" viewBox=\"0 0 7 9\" fill=\"none\" xmlns=\"http:\/\/www.w3.org\/2000\/svg\">\n                                                    <path d=\"M0.750017 0H3.05052L6.75 3.86618V5.1338L3.0505 9H0.75L5.05598 4.49999L0.750017 0Z\" fill=\"#ffffff\"><\/path>\n                                                <\/svg>\n                                            <\/div>\n                                            <span class=\"employee-name -ml-3.5 group-hover:ml-0 flex items-center\">\n                                                Mattias Hess\u00e9rus                                             <\/span>\n                                        <\/div>\n                                    <\/div>\n                                                                                                        <div class=\"employee-grid-card group\"\n                                        data-employee-role=\"Director Book Publishing\"\n                                        data-employee-name=\"Marika Stolpe \"\n                                        data-employee-portrait=\"https:\/\/axsonjohnsonfoundation.org\/wp-content\/uploads\/2022\/06\/Marika-la\u030ag.jpg\"\n                                        data-employee-description=\"&lt;p&gt;Anst\u00e4lld sedan 2022.&lt;br \/&gt;\nMarika Stolpe arbetar sedan 30 \u00e5r som vd och f\u00f6rl\u00e4ggare och hon grundade Bokf\u00f6rlaget Stolpe 2018. F\u00f6rlaget ger ut illustrerade fackb\u00f6cker under devisen hantverk, bildning, sk\u00f6nhet och ing\u00e5r i dag i Axel och Margaret Ax:son Johnsons stiftelse f\u00f6r allm\u00e4nnyttiga \u00e4ndam\u00e5l.&lt;\/p&gt;\n\"\n                                        data-employee-education=\"\"\n                                        data-employee-socials=\"false\">\n                                        <span class=\"employee-role\">Director Book Publishing<\/span>\n                                        <div class=\"flex items-center gap-2\">\n                                            <div class=\"flex items-center transform -translate-x-4 -mt-0.5 opacity-0 transition-all duration-200 employee-svg-container group-hover:translate-x-0 group-hover:opacity-100\">\n                                                <svg width=\"7.11\" height=\"10.67\" class=\"fill-blue-600\" viewBox=\"0 0 7 9\" fill=\"none\" xmlns=\"http:\/\/www.w3.org\/2000\/svg\">\n                                                    <path d=\"M0.750017 0H3.05052L6.75 3.86618V5.1338L3.0505 9H0.75L5.05598 4.49999L0.750017 0Z\" fill=\"#ffffff\"><\/path>\n                                                <\/svg>\n                                            <\/div>\n                                            <span class=\"employee-name -ml-3.5 group-hover:ml-0 flex items-center\">\n                                                Marika Stolpe                                             <\/span>\n                                        <\/div>\n                                    <\/div>\n                                                                                                        <div class=\"employee-grid-card group\"\n                                        data-employee-role=\"Director Axess Magazine\"\n                                        data-employee-name=\"Nina Solomin \"\n                                        data-employee-portrait=\"https:\/\/axsonjohnsonfoundation.org\/wp-content\/uploads\/2024\/09\/Mall-Nyhetsinlagg-Stiftelsen-700x700-5-e1755673499542.jpg\"\n                                        data-employee-description=\"&lt;p&gt;Nina Solomin \u00e4r Chefredakt\u00f6r f\u00f6r Axess Magasin&lt;\/p&gt;\n\"\n                                        data-employee-education=\"\"\n                                        data-employee-socials=\"false\">\n                                        <span class=\"employee-role\">Director Axess Magazine<\/span>\n                                        <div class=\"flex items-center gap-2\">\n                                            <div class=\"flex items-center transform -translate-x-4 -mt-0.5 opacity-0 transition-all duration-200 employee-svg-container group-hover:translate-x-0 group-hover:opacity-100\">\n                                                <svg width=\"7.11\" height=\"10.67\" class=\"fill-blue-600\" viewBox=\"0 0 7 9\" fill=\"none\" xmlns=\"http:\/\/www.w3.org\/2000\/svg\">\n                                                    <path d=\"M0.750017 0H3.05052L6.75 3.86618V5.1338L3.0505 9H0.75L5.05598 4.49999L0.750017 0Z\" fill=\"#ffffff\"><\/path>\n                                                <\/svg>\n                                            <\/div>\n                                            <span class=\"employee-name -ml-3.5 group-hover:ml-0 flex items-center\">\n                                                Nina Solomin                                             <\/span>\n                                        <\/div>\n                                    <\/div>\n                                                                                                        <div class=\"employee-grid-card group\"\n                                        data-employee-role=\"Director Religious Studies\"\n                                        data-employee-name=\"Louise Belfrage\"\n                                        data-employee-portrait=\"https:\/\/axsonjohnsonfoundation.org\/wp-content\/uploads\/2022\/06\/marding3352-1024x683.jpg\"\n                                        data-employee-description=\"&lt;p&gt;Anst\u00e4lld sedan 2000.&lt;br \/&gt;\nLouise Belfrage \u00e4r director f\u00f6r stiftelsens religionsprogram, ansvarar f\u00f6r stiftelsens Scholars in Residence-program p\u00e5 Engelsbergs bruk, samt ing\u00e5r i Axess magasins redaktionsr\u00e5d. Hon \u00e4r fil.kand. i religionshistoria fr\u00e5n Stockholms universitet.&lt;\/p&gt;\n\"\n                                        data-employee-education=\"\"\n                                        data-employee-socials=\"false\">\n                                        <span class=\"employee-role\">Director Religious Studies<\/span>\n                                        <div class=\"flex items-center gap-2\">\n                                            <div class=\"flex items-center transform -translate-x-4 -mt-0.5 opacity-0 transition-all duration-200 employee-svg-container group-hover:translate-x-0 group-hover:opacity-100\">\n                                                <svg width=\"7.11\" height=\"10.67\" class=\"fill-blue-600\" viewBox=\"0 0 7 9\" fill=\"none\" xmlns=\"http:\/\/www.w3.org\/2000\/svg\">\n                                                    <path d=\"M0.750017 0H3.05052L6.75 3.86618V5.1338L3.0505 9H0.75L5.05598 4.49999L0.750017 0Z\" fill=\"#ffffff\"><\/path>\n                                                <\/svg>\n                                            <\/div>\n                                            <span class=\"employee-name -ml-3.5 group-hover:ml-0 flex items-center\">\n                                                Louise Belfrage                                            <\/span>\n                                        <\/div>\n                                    <\/div>\n                                                                                                        <div class=\"employee-grid-card group\"\n                                        data-employee-role=\"Director Engelsberg Ideas\"\n                                        data-employee-name=\"Iain Martin\"\n                                        data-employee-portrait=\"https:\/\/axsonjohnsonfoundation.org\/wp-content\/uploads\/2023\/01\/DSC03754-kopiera.jpg\"\n                                        data-employee-description=\"&lt;p&gt;Iain Martin \u00e4r chefredakt\u00f6r f\u00f6r Engelsberg Ideas. Han \u00e4r kolumnist i The Times samt utgivare av Reaction och har tidigare varit redakt\u00f6r f\u00f6r The Scotsman och Scotland on Sunday, samt bitr\u00e4dande redakt\u00f6r f\u00f6r The Sunday Telegraph och The Wall Street Journal Europe.&lt;\/p&gt;\n\"\n                                        data-employee-education=\"\"\n                                        data-employee-socials=\"false\">\n                                        <span class=\"employee-role\">Director Engelsberg Ideas<\/span>\n                                        <div class=\"flex items-center gap-2\">\n                                            <div class=\"flex items-center transform -translate-x-4 -mt-0.5 opacity-0 transition-all duration-200 employee-svg-container group-hover:translate-x-0 group-hover:opacity-100\">\n                                                <svg width=\"7.11\" height=\"10.67\" class=\"fill-blue-600\" viewBox=\"0 0 7 9\" fill=\"none\" xmlns=\"http:\/\/www.w3.org\/2000\/svg\">\n                                                    <path d=\"M0.750017 0H3.05052L6.75 3.86618V5.1338L3.0505 9H0.75L5.05598 4.49999L0.750017 0Z\" fill=\"#ffffff\"><\/path>\n                                                <\/svg>\n                                            <\/div>\n                                            <span class=\"employee-name -ml-3.5 group-hover:ml-0 flex items-center\">\n                                                Iain Martin                                            <\/span>\n                                        <\/div>\n                                    <\/div>\n                                                            <\/div>\n\n                        <\/div>\n                                            <div class=\"employee-section\">\n                            <span class=\"employee-section-title font-karla\">Ekonomi och support<\/span>\n\n                            <div class=\"employee-grid\">\n                                                                                                        <div class=\"employee-grid-card group\"\n                                        data-employee-role=\"HR- och kommunikationsansvarig\"\n                                        data-employee-name=\"Tor Krusell\"\n                                        data-employee-portrait=\"https:\/\/axsonjohnsonfoundation.org\/wp-content\/uploads\/2025\/08\/Skarmavbild-2025-08-28-kl.-16.35.24-1024x688.png\"\n                                        data-employee-description=\"&lt;p&gt;Employed since 2025, also holds the same role at Nordstjernan AB. Has held leading positions within Communications and HR in Swedish and international businesses.&lt;\/p&gt;\n\"\n                                        data-employee-education=\"\"\n                                        data-employee-socials=\"false\">\n                                        <span class=\"employee-role\">HR- och kommunikationsansvarig<\/span>\n                                        <div class=\"flex items-center gap-2\">\n                                            <div class=\"flex items-center transform -translate-x-4 -mt-0.5 opacity-0 transition-all duration-200 employee-svg-container group-hover:translate-x-0 group-hover:opacity-100\">\n                                                <svg width=\"7.11\" height=\"10.67\" class=\"fill-blue-600\" viewBox=\"0 0 7 9\" fill=\"none\" xmlns=\"http:\/\/www.w3.org\/2000\/svg\">\n                                                    <path d=\"M0.750017 0H3.05052L6.75 3.86618V5.1338L3.0505 9H0.75L5.05598 4.49999L0.750017 0Z\" fill=\"#ffffff\"><\/path>\n                                                <\/svg>\n                                            <\/div>\n                                            <span class=\"employee-name -ml-3.5 group-hover:ml-0 flex items-center\">\n                                                Tor Krusell                                            <\/span>\n                                        <\/div>\n                                    <\/div>\n                                                                                                        <div class=\"employee-grid-card group\"\n                                        data-employee-role=\"Samverkansansvarig\"\n                                        data-employee-name=\"Simon Hohn\"\n                                        data-employee-portrait=\"https:\/\/axsonjohnsonfoundation.org\/wp-content\/uploads\/2025\/08\/Simon-Hohn-994x1024.png\"\n                                        data-employee-description=\"&lt;p&gt;Simon Hohn has worked with communications, marketing and PR. He also has extensive experience in strategic issues for both business development and publishing.&lt;\/p&gt;\n\"\n                                        data-employee-education=\"\"\n                                        data-employee-socials=\"false\">\n                                        <span class=\"employee-role\">Samverkansansvarig<\/span>\n                                        <div class=\"flex items-center gap-2\">\n                                            <div class=\"flex items-center transform -translate-x-4 -mt-0.5 opacity-0 transition-all duration-200 employee-svg-container group-hover:translate-x-0 group-hover:opacity-100\">\n                                                <svg width=\"7.11\" height=\"10.67\" class=\"fill-blue-600\" viewBox=\"0 0 7 9\" fill=\"none\" xmlns=\"http:\/\/www.w3.org\/2000\/svg\">\n                                                    <path d=\"M0.750017 0H3.05052L6.75 3.86618V5.1338L3.0505 9H0.75L5.05598 4.49999L0.750017 0Z\" fill=\"#ffffff\"><\/path>\n                                                <\/svg>\n                                            <\/div>\n                                            <span class=\"employee-name -ml-3.5 group-hover:ml-0 flex items-center\">\n                                                Simon Hohn                                            <\/span>\n                                        <\/div>\n                                    <\/div>\n                                                                                                        <div class=\"employee-grid-card group\"\n                                        data-employee-role=\"Ekonomichef\"\n                                        data-employee-name=\"Inger Andersson \"\n                                        data-employee-portrait=\"https:\/\/axsonjohnsonfoundation.org\/wp-content\/uploads\/2022\/06\/Inger-Andersson-e1755614977543.jpg\"\n                                        data-employee-description=\"&lt;p&gt;Anst\u00e4lld sedan 2020.&lt;br \/&gt;\nInger Andersson har l\u00e5ng erfarenhet som redovisnings- och ekonomichef fr\u00e5n flera koncerner och bolag, d\u00e4ribland Circle K, Statoil och Kronans apotek.&lt;\/p&gt;\n\"\n                                        data-employee-education=\"\"\n                                        data-employee-socials=\"false\">\n                                        <span class=\"employee-role\">Ekonomichef<\/span>\n                                        <div class=\"flex items-center gap-2\">\n                                            <div class=\"flex items-center transform -translate-x-4 -mt-0.5 opacity-0 transition-all duration-200 employee-svg-container group-hover:translate-x-0 group-hover:opacity-100\">\n                                                <svg width=\"7.11\" height=\"10.67\" class=\"fill-blue-600\" viewBox=\"0 0 7 9\" fill=\"none\" xmlns=\"http:\/\/www.w3.org\/2000\/svg\">\n                                                    <path d=\"M0.750017 0H3.05052L6.75 3.86618V5.1338L3.0505 9H0.75L5.05598 4.49999L0.750017 0Z\" fill=\"#ffffff\"><\/path>\n                                                <\/svg>\n                                            <\/div>\n                                            <span class=\"employee-name -ml-3.5 group-hover:ml-0 flex items-center\">\n                                                Inger Andersson                                             <\/span>\n                                        <\/div>\n                                    <\/div>\n                                                                                                        <div class=\"employee-grid-card group\"\n                                        data-employee-role=\"Vd-Assistent\"\n                                        data-employee-name=\"Gunilla Hansson\"\n                                        data-employee-portrait=\"https:\/\/axsonjohnsonfoundation.org\/wp-content\/uploads\/2024\/09\/Gunilla-Hanson-1024x717.png\"\n                                        data-employee-description=\"&lt;p&gt;Anst\u00e4lld p\u00e5 Nordstjernan sedan 2007.&lt;br \/&gt;\nGunilla arbetade tidigare som advokatsekreterare p\u00e5 Gernandt &amp; Danielsson. Hon har \u00e4ven arbetat som chefssekreterare p\u00e5 Milit\u00e4ra H\u00f6gkvarteret samt tj\u00e4nstgjort p\u00e5 f\u00f6rsvarsavdelningen vid Sveriges ambassad i Washington, D.C.&lt;\/p&gt;\n\"\n                                        data-employee-education=\"\"\n                                        data-employee-socials=\"false\">\n                                        <span class=\"employee-role\">Vd-Assistent<\/span>\n                                        <div class=\"flex items-center gap-2\">\n                                            <div class=\"flex items-center transform -translate-x-4 -mt-0.5 opacity-0 transition-all duration-200 employee-svg-container group-hover:translate-x-0 group-hover:opacity-100\">\n                                                <svg width=\"7.11\" height=\"10.67\" class=\"fill-blue-600\" viewBox=\"0 0 7 9\" fill=\"none\" xmlns=\"http:\/\/www.w3.org\/2000\/svg\">\n                                                    <path d=\"M0.750017 0H3.05052L6.75 3.86618V5.1338L3.0505 9H0.75L5.05598 4.49999L0.750017 0Z\" fill=\"#ffffff\"><\/path>\n                                                <\/svg>\n                                            <\/div>\n                                            <span class=\"employee-name -ml-3.5 group-hover:ml-0 flex items-center\">\n                                                Gunilla Hansson                                            <\/span>\n                                        <\/div>\n                                    <\/div>\n                                                            <\/div>\n\n                        <\/div>\n                                            <div class=\"employee-section\">\n                            <span class=\"employee-section-title font-karla\">Styrelse<\/span>\n\n                            <div class=\"employee-grid\">\n                                                                                                        <div class=\"employee-grid-card group\"\n                                        data-employee-role=\"Ordf\u00f6rande\"\n                                        data-employee-name=\"Viveca Ax:son Johnson\"\n                                        data-employee-portrait=\"https:\/\/axsonjohnsonfoundation.org\/wp-content\/uploads\/2022\/06\/Unknown-4-1024x683.jpeg\"\n                                        data-employee-description=\"&lt;p&gt;Ordf\u00f6rande sedan 2001, ledamot sedan 1997.&lt;br \/&gt;\nAndra uppdrag: ordf\u00f6rande i Nordstjernan AB och Bokf\u00f6rlaget Stolpe AB. Ledamot i FPG Media AB samt Foundation for the Children\u2019s Hospital and Research Institute Nadija.&lt;\/p&gt;\n\"\n                                        data-employee-education=\"\"\n                                        data-employee-socials=\"false\">\n                                        <span class=\"employee-role\">Ordf\u00f6rande<\/span>\n                                        <div class=\"flex items-center gap-2\">\n                                            <div class=\"flex items-center transform -translate-x-4 -mt-0.5 opacity-0 transition-all duration-200 employee-svg-container group-hover:translate-x-0 group-hover:opacity-100\">\n                                                <svg width=\"7.11\" height=\"10.67\" class=\"fill-blue-600\" viewBox=\"0 0 7 9\" fill=\"none\" xmlns=\"http:\/\/www.w3.org\/2000\/svg\">\n                                                    <path d=\"M0.750017 0H3.05052L6.75 3.86618V5.1338L3.0505 9H0.75L5.05598 4.49999L0.750017 0Z\" fill=\"#ffffff\"><\/path>\n                                                <\/svg>\n                                            <\/div>\n                                            <span class=\"employee-name -ml-3.5 group-hover:ml-0 flex items-center\">\n                                                Viveca Ax:son Johnson                                            <\/span>\n                                        <\/div>\n                                    <\/div>\n                                                                                                        <div class=\"employee-grid-card group\"\n                                        data-employee-role=\"Ledamot\"\n                                        data-employee-name=\"Axel M\u00f6rner \"\n                                        data-employee-portrait=\"https:\/\/axsonjohnsonfoundation.org\/wp-content\/uploads\/2022\/06\/Axel-Morner35-1024x683.jpg\"\n                                        data-employee-description=\"&lt;p&gt;Ledamot sedan 2023.&lt;br \/&gt;\nAndra uppdrag: ordf\u00f6rande i Axel Johnson Inc. och Bj\u00f6rksund Holding AB. Ledamot i AxSol AB, Swedish-American Chamber of Commerce New York, investeringsr\u00e5det f\u00f6r Altocumulus Asset Management och Stiftelsen Brilliant Minds.&lt;\/p&gt;\n\"\n                                        data-employee-education=\"\"\n                                        data-employee-socials=\"false\">\n                                        <span class=\"employee-role\">Ledamot<\/span>\n                                        <div class=\"flex items-center gap-2\">\n                                            <div class=\"flex items-center transform -translate-x-4 -mt-0.5 opacity-0 transition-all duration-200 employee-svg-container group-hover:translate-x-0 group-hover:opacity-100\">\n                                                <svg width=\"7.11\" height=\"10.67\" class=\"fill-blue-600\" viewBox=\"0 0 7 9\" fill=\"none\" xmlns=\"http:\/\/www.w3.org\/2000\/svg\">\n                                                    <path d=\"M0.750017 0H3.05052L6.75 3.86618V5.1338L3.0505 9H0.75L5.05598 4.49999L0.750017 0Z\" fill=\"#ffffff\"><\/path>\n                                                <\/svg>\n                                            <\/div>\n                                            <span class=\"employee-name -ml-3.5 group-hover:ml-0 flex items-center\">\n                                                Axel M\u00f6rner                                             <\/span>\n                                        <\/div>\n                                    <\/div>\n                                                                                                        <div class=\"employee-grid-card group\"\n                                        data-employee-role=\"Ledamot\"\n                                        data-employee-name=\"Frances Broman\"\n                                        data-employee-portrait=\"https:\/\/axsonjohnsonfoundation.org\/wp-content\/uploads\/2022\/06\/marding3358-1024x683.jpg\"\n                                        data-employee-description=\"&lt;p&gt;Ledamot sedan 1998.&lt;br \/&gt;\nAndra uppdrag: Frances Broman \u00e4r mentor och r\u00e5dgivare inom HR och kommunikation och har arbetat med f\u00f6retag som till exempel Deloitte, Vattenfall och Telia.&lt;\/p&gt;\n\"\n                                        data-employee-education=\"\"\n                                        data-employee-socials=\"false\">\n                                        <span class=\"employee-role\">Ledamot<\/span>\n                                        <div class=\"flex items-center gap-2\">\n                                            <div class=\"flex items-center transform -translate-x-4 -mt-0.5 opacity-0 transition-all duration-200 employee-svg-container group-hover:translate-x-0 group-hover:opacity-100\">\n                                                <svg width=\"7.11\" height=\"10.67\" class=\"fill-blue-600\" viewBox=\"0 0 7 9\" fill=\"none\" xmlns=\"http:\/\/www.w3.org\/2000\/svg\">\n                                                    <path d=\"M0.750017 0H3.05052L6.75 3.86618V5.1338L3.0505 9H0.75L5.05598 4.49999L0.750017 0Z\" fill=\"#ffffff\"><\/path>\n                                                <\/svg>\n                                            <\/div>\n                                            <span class=\"employee-name -ml-3.5 group-hover:ml-0 flex items-center\">\n                                                Frances Broman                                            <\/span>\n                                        <\/div>\n                                    <\/div>\n                                                                                                        <div class=\"employee-grid-card group\"\n                                        data-employee-role=\"Ledamot\"\n                                        data-employee-name=\"Kjell A Nordstr\u00f6m\"\n                                        data-employee-portrait=\"https:\/\/axsonjohnsonfoundation.org\/wp-content\/uploads\/2022\/06\/Kjell-A-Nordstro\u0308m.jpg\"\n                                        data-employee-description=\"&lt;p&gt;Ledamot sedan 2012.&lt;br \/&gt;\nAndra uppdrag: Kjell A Nordstr\u00f6m \u00e4r en av de ledande forskarna p\u00e5 multinationella f\u00f6retag och den globala marknaden och har uppdrag som r\u00e5dgivare till regeringar och f\u00f6retag i fr\u00e5gor kring globalisering och f\u00f6retagsstrategier.&lt;\/p&gt;\n\"\n                                        data-employee-education=\"\"\n                                        data-employee-socials=\"false\">\n                                        <span class=\"employee-role\">Ledamot<\/span>\n                                        <div class=\"flex items-center gap-2\">\n                                            <div class=\"flex items-center transform -translate-x-4 -mt-0.5 opacity-0 transition-all duration-200 employee-svg-container group-hover:translate-x-0 group-hover:opacity-100\">\n                                                <svg width=\"7.11\" height=\"10.67\" class=\"fill-blue-600\" viewBox=\"0 0 7 9\" fill=\"none\" xmlns=\"http:\/\/www.w3.org\/2000\/svg\">\n                                                    <path d=\"M0.750017 0H3.05052L6.75 3.86618V5.1338L3.0505 9H0.75L5.05598 4.49999L0.750017 0Z\" fill=\"#ffffff\"><\/path>\n                                                <\/svg>\n                                            <\/div>\n                                            <span class=\"employee-name -ml-3.5 group-hover:ml-0 flex items-center\">\n                                                Kjell A Nordstr\u00f6m                                            <\/span>\n                                        <\/div>\n                                    <\/div>\n                                                                                                        <div class=\"employee-grid-card group\"\n                                        data-employee-role=\"Ledamot\"\n                                        data-employee-name=\"Sven Nyman\"\n                                        data-employee-portrait=\"https:\/\/axsonjohnsonfoundation.org\/wp-content\/uploads\/2022\/06\/marding3370-1024x682.jpg\"\n                                        data-employee-description=\"&lt;p&gt;Ledamot sedan 2021.&lt;br \/&gt;\nAndra uppdrag: vice ordf\u00f6rande i SEB, ledamot i Investor AB, Ferd A\/S, Handelsh\u00f6gskolan i Stockholm, Nobelstiftelsens investeringskommitt\u00e9 och Axel och Margaret Ax:son Johnsons Stiftelse. Sven Nyman var tidigare vd och styrelseordf\u00f6rande i Ram Rational Asset Management.&lt;\/p&gt;\n\"\n                                        data-employee-education=\"\"\n                                        data-employee-socials=\"false\">\n                                        <span class=\"employee-role\">Ledamot<\/span>\n                                        <div class=\"flex items-center gap-2\">\n                                            <div class=\"flex items-center transform -translate-x-4 -mt-0.5 opacity-0 transition-all duration-200 employee-svg-container group-hover:translate-x-0 group-hover:opacity-100\">\n                                                <svg width=\"7.11\" height=\"10.67\" class=\"fill-blue-600\" viewBox=\"0 0 7 9\" fill=\"none\" xmlns=\"http:\/\/www.w3.org\/2000\/svg\">\n                                                    <path d=\"M0.750017 0H3.05052L6.75 3.86618V5.1338L3.0505 9H0.75L5.05598 4.49999L0.750017 0Z\" fill=\"#ffffff\"><\/path>\n                                                <\/svg>\n                                            <\/div>\n                                            <span class=\"employee-name -ml-3.5 group-hover:ml-0 flex items-center\">\n                                                Sven Nyman                                            <\/span>\n                                        <\/div>\n                                    <\/div>\n                                                            <\/div>\n\n                        <\/div>\n                                            <div class=\"employee-section\">\n                            <span class=\"employee-section-title font-karla\">Seniora r\u00e5dgivare <\/span>\n\n                            <div class=\"employee-grid\">\n                                                            <\/div>\n\n                        <\/div>\n                                            <div class=\"employee-section\">\n                            <span class=\"employee-section-title font-karla\">The Ax:son Johnson Institute for Statecraft and Diplomacy<\/span>\n\n                            <div class=\"employee-grid\">\n                                                                                                        <div class=\"employee-grid-card group\"\n                                        data-employee-role=\"Senior R\u00e5dgivare\"\n                                        data-employee-name=\"Professor Brendan Simms\"\n                                        data-employee-portrait=\"https:\/\/axsonjohnsonfoundation.org\/wp-content\/uploads\/2025\/08\/Simms-Brendan-EB219_high-1024x1024.jpeg\"\n                                        data-employee-description=\"&lt;p&gt;Professor Brendan Simms, University of Cambridge obtained his PhD from the University of Cambridge, where he is a fellow of Peterhouse and director of the Centre for Geopolitics. He is also president of the Project for Democratic Union, a Munich-based student-organised think tank. His books include Britain&#8217;s Europe: A Thousand Years of Conflict and Cooperation and Hitler: A Global Biography.&lt;\/p&gt;\n\"\n                                        data-employee-education=\"\"\n                                        data-employee-socials=\"false\">\n                                        <span class=\"employee-role\">Senior R\u00e5dgivare<\/span>\n                                        <div class=\"flex items-center gap-2\">\n                                            <div class=\"flex items-center transform -translate-x-4 -mt-0.5 opacity-0 transition-all duration-200 employee-svg-container group-hover:translate-x-0 group-hover:opacity-100\">\n                                                <svg width=\"7.11\" height=\"10.67\" class=\"fill-blue-600\" viewBox=\"0 0 7 9\" fill=\"none\" xmlns=\"http:\/\/www.w3.org\/2000\/svg\">\n                                                    <path d=\"M0.750017 0H3.05052L6.75 3.86618V5.1338L3.0505 9H0.75L5.05598 4.49999L0.750017 0Z\" fill=\"#ffffff\"><\/path>\n                                                <\/svg>\n                                            <\/div>\n                                            <span class=\"employee-name -ml-3.5 group-hover:ml-0 flex items-center\">\n                                                Professor Brendan Simms                                            <\/span>\n                                        <\/div>\n                                    <\/div>\n                                                                                                        <div class=\"employee-grid-card group\"\n                                        data-employee-role=\"Senior r\u00e5dgivare\"\n                                        data-employee-name=\"Professor Francis Gavin\"\n                                        data-employee-portrait=\"https:\/\/axsonjohnsonfoundation.org\/wp-content\/uploads\/2025\/08\/Francis-Gavin-683x1024.jpeg\"\n                                        data-employee-description=\"&lt;p&gt;Francis J. Gavin is the Giovanni Agnelli Distinguished Professor and inaugural Director of the Kissinger Center for Global Affairs at Johns Hopkins SAIS. His books include Nuclear Statecraft and Thinking Historically: A Guide to Statecraft and Strategy (forthcoming).&lt;\/p&gt;\n\"\n                                        data-employee-education=\"\"\n                                        data-employee-socials=\"false\">\n                                        <span class=\"employee-role\">Senior r\u00e5dgivare<\/span>\n                                        <div class=\"flex items-center gap-2\">\n                                            <div class=\"flex items-center transform -translate-x-4 -mt-0.5 opacity-0 transition-all duration-200 employee-svg-container group-hover:translate-x-0 group-hover:opacity-100\">\n                                                <svg width=\"7.11\" height=\"10.67\" class=\"fill-blue-600\" viewBox=\"0 0 7 9\" fill=\"none\" xmlns=\"http:\/\/www.w3.org\/2000\/svg\">\n                                                    <path d=\"M0.750017 0H3.05052L6.75 3.86618V5.1338L3.0505 9H0.75L5.05598 4.49999L0.750017 0Z\" fill=\"#ffffff\"><\/path>\n                                                <\/svg>\n                                            <\/div>\n                                            <span class=\"employee-name -ml-3.5 group-hover:ml-0 flex items-center\">\n                                                Professor Francis Gavin                                            <\/span>\n                                        <\/div>\n                                    <\/div>\n                                                                                                        <div class=\"employee-grid-card group\"\n                                        data-employee-role=\"Senior r\u00e5dgivare\"\n                                        data-employee-name=\"Professor John Bew\"\n                                        data-employee-portrait=\"https:\/\/axsonjohnsonfoundation.org\/wp-content\/uploads\/2025\/08\/Bew-John-EB19_high-1024x1024.jpeg\"\n                                        data-employee-description=\"&lt;p&gt;John Bew is Professor of History and Foreign Policy at the War Studies Department at King\u2019s College London. He has served as foreign policy adviser to UK Prime Ministers Boris Johnson, Liz Truss, Rishi Sunak and Keir Starmer. In 2015, he was awarded a Philip Leverhulme Prize for Politics and International Relations. His books include Realpolitik: A History and Citizen Clem: A Biography of Attlee.&lt;\/p&gt;\n\"\n                                        data-employee-education=\"\"\n                                        data-employee-socials=\"false\">\n                                        <span class=\"employee-role\">Senior r\u00e5dgivare<\/span>\n                                        <div class=\"flex items-center gap-2\">\n                                            <div class=\"flex items-center transform -translate-x-4 -mt-0.5 opacity-0 transition-all duration-200 employee-svg-container group-hover:translate-x-0 group-hover:opacity-100\">\n                                                <svg width=\"7.11\" height=\"10.67\" class=\"fill-blue-600\" viewBox=\"0 0 7 9\" fill=\"none\" xmlns=\"http:\/\/www.w3.org\/2000\/svg\">\n                                                    <path d=\"M0.750017 0H3.05052L6.75 3.86618V5.1338L3.0505 9H0.75L5.05598 4.49999L0.750017 0Z\" fill=\"#ffffff\"><\/path>\n                                                <\/svg>\n                                            <\/div>\n                                            <span class=\"employee-name -ml-3.5 group-hover:ml-0 flex items-center\">\n                                                Professor John Bew                                            <\/span>\n                                        <\/div>\n                                    <\/div>\n                                                                                                        <div class=\"employee-grid-card group\"\n                                        data-employee-role=\"Senior r\u00e5dgivare\"\n                                        data-employee-name=\"Henrik Borelius \"\n                                        data-employee-portrait=\"https:\/\/axsonjohnsonfoundation.org\/wp-content\/uploads\/2022\/06\/HenrikNY.jpg\"\n                                        data-employee-description=\"&lt;p&gt;Andra uppdrag: \u00e4gare och styrelseordf\u00f6rande i Side System och Maskin &amp; Montage Mech AB, del\u00e4gare och styrelseledamot i myneva, Iyuno Media Group och Academic Work. Tidigare styrelseledamot och del\u00e4gare i AniCura samt vd f\u00f6r Attendo AB 2003\u20132018.&lt;\/p&gt;\n\"\n                                        data-employee-education=\"\"\n                                        data-employee-socials=\"false\">\n                                        <span class=\"employee-role\">Senior r\u00e5dgivare<\/span>\n                                        <div class=\"flex items-center gap-2\">\n                                            <div class=\"flex items-center transform -translate-x-4 -mt-0.5 opacity-0 transition-all duration-200 employee-svg-container group-hover:translate-x-0 group-hover:opacity-100\">\n                                                <svg width=\"7.11\" height=\"10.67\" class=\"fill-blue-600\" viewBox=\"0 0 7 9\" fill=\"none\" xmlns=\"http:\/\/www.w3.org\/2000\/svg\">\n                                                    <path d=\"M0.750017 0H3.05052L6.75 3.86618V5.1338L3.0505 9H0.75L5.05598 4.49999L0.750017 0Z\" fill=\"#ffffff\"><\/path>\n                                                <\/svg>\n                                            <\/div>\n                                            <span class=\"employee-name -ml-3.5 group-hover:ml-0 flex items-center\">\n                                                Henrik Borelius                                             <\/span>\n                                        <\/div>\n                                    <\/div>\n                                                            <\/div>\n\n                        <\/div>\n                                            <div class=\"employee-section\">\n                            <span class=\"employee-section-title font-karla\">J\u00e4mf\u00f6rande Religionshistoria<\/span>\n\n                            <div class=\"employee-grid\">\n                                                                                                        <div class=\"employee-grid-card group\"\n                                        data-employee-role=\"Senior r\u00e5dgivare\"\n                                        data-employee-name=\"Professor David Thurfjell\"\n                                        data-employee-portrait=\"https:\/\/axsonjohnsonfoundation.org\/wp-content\/uploads\/2025\/08\/D-Thurfjell-scaled-e1755529965569-1024x793.jpeg\"\n                                        data-employee-description=\"&lt;p&gt;David Thurfjell received his doctorate in the history of religion in 2003 from Uppsala University for his thesis on Iranian Shiite Islamism. His research has focused on the secularised majority culture in Scandinavia and its ambiguous relation with its Lutheran cultural heritage. Thurfjell has written Det gudl\u00f6sa folket: de postkristna svenskarna och religionen and Granskogsfolk: hur naturen blev svenskarnas religion.&lt;\/p&gt;\n\"\n                                        data-employee-education=\"\"\n                                        data-employee-socials=\"false\">\n                                        <span class=\"employee-role\">Senior r\u00e5dgivare<\/span>\n                                        <div class=\"flex items-center gap-2\">\n                                            <div class=\"flex items-center transform -translate-x-4 -mt-0.5 opacity-0 transition-all duration-200 employee-svg-container group-hover:translate-x-0 group-hover:opacity-100\">\n                                                <svg width=\"7.11\" height=\"10.67\" class=\"fill-blue-600\" viewBox=\"0 0 7 9\" fill=\"none\" xmlns=\"http:\/\/www.w3.org\/2000\/svg\">\n                                                    <path d=\"M0.750017 0H3.05052L6.75 3.86618V5.1338L3.0505 9H0.75L5.05598 4.49999L0.750017 0Z\" fill=\"#ffffff\"><\/path>\n                                                <\/svg>\n                                            <\/div>\n                                            <span class=\"employee-name -ml-3.5 group-hover:ml-0 flex items-center\">\n                                                Professor David Thurfjell                                            <\/span>\n                                        <\/div>\n                                    <\/div>\n                                                                                                        <div class=\"employee-grid-card group\"\n                                        data-employee-role=\"Senior r\u00e5dgivare\"\n                                        data-employee-name=\"Dr Jenny Wallensten\"\n                                        data-employee-portrait=\"https:\/\/axsonjohnsonfoundation.org\/wp-content\/uploads\/2025\/08\/Jenny-Wallensten-scaled-e1755530002148-1024x1022.jpg\"\n                                        data-employee-description=\"&lt;p&gt;Di\u00adrec\u00adtor at the Swedish In\u00adsti\u00adtute at Athens.&lt;\/p&gt;\n\"\n                                        data-employee-education=\"\"\n                                        data-employee-socials=\"false\">\n                                        <span class=\"employee-role\">Senior r\u00e5dgivare<\/span>\n                                        <div class=\"flex items-center gap-2\">\n                                            <div class=\"flex items-center transform -translate-x-4 -mt-0.5 opacity-0 transition-all duration-200 employee-svg-container group-hover:translate-x-0 group-hover:opacity-100\">\n                                                <svg width=\"7.11\" height=\"10.67\" class=\"fill-blue-600\" viewBox=\"0 0 7 9\" fill=\"none\" xmlns=\"http:\/\/www.w3.org\/2000\/svg\">\n                                                    <path d=\"M0.750017 0H3.05052L6.75 3.86618V5.1338L3.0505 9H0.75L5.05598 4.49999L0.750017 0Z\" fill=\"#ffffff\"><\/path>\n                                                <\/svg>\n                                            <\/div>\n                                            <span class=\"employee-name -ml-3.5 group-hover:ml-0 flex items-center\">\n                                                Dr Jenny Wallensten                                            <\/span>\n                                        <\/div>\n                                    <\/div>\n                                                                                                        <div class=\"employee-grid-card group\"\n                                        data-employee-role=\"Senior r\u00e5dgivare\"\n                                        data-employee-name=\"Dr Jessica Fraizer\"\n                                        data-employee-portrait=\"https:\/\/axsonjohnsonfoundation.org\/wp-content\/uploads\/2025\/08\/Frazier-Jessica-EB17_low-scaled-e1755596270909-1024x804.jpg\"\n                                        data-employee-description=\"&lt;p&gt;Jessica Frazier is a lecturer at Oxford University and the Oxford Centre for Hindu Studies. She explores philosophical themes of ontology, selfhood and flourishing across cultures. She is the founding editor of the Journal of Hindu Studies, contributes to British media, and her books include Hindu Worldviews: Theories of Self, Ritual and Divinity; Categorisation in Indian Philosophy: Thinking Inside the Box and Reality, Religion, and Passion: Indian and Western Approaches in Hans-Georg Gadamer and Rupa Gosvami.&lt;\/p&gt;\n\"\n                                        data-employee-education=\"\"\n                                        data-employee-socials=\"false\">\n                                        <span class=\"employee-role\">Senior r\u00e5dgivare<\/span>\n                                        <div class=\"flex items-center gap-2\">\n                                            <div class=\"flex items-center transform -translate-x-4 -mt-0.5 opacity-0 transition-all duration-200 employee-svg-container group-hover:translate-x-0 group-hover:opacity-100\">\n                                                <svg width=\"7.11\" height=\"10.67\" class=\"fill-blue-600\" viewBox=\"0 0 7 9\" fill=\"none\" xmlns=\"http:\/\/www.w3.org\/2000\/svg\">\n                                                    <path d=\"M0.750017 0H3.05052L6.75 3.86618V5.1338L3.0505 9H0.75L5.05598 4.49999L0.750017 0Z\" fill=\"#ffffff\"><\/path>\n                                                <\/svg>\n                                            <\/div>\n                                            <span class=\"employee-name -ml-3.5 group-hover:ml-0 flex items-center\">\n                                                Dr Jessica Fraizer                                            <\/span>\n                                        <\/div>\n                                    <\/div>\n                                                            <\/div>\n\n                        <\/div>\n                                            <div class=\"employee-section\">\n                            <span class=\"employee-section-title font-karla\">Publicistik<\/span>\n\n                            <div class=\"employee-grid\">\n                                                                                                        <div class=\"employee-grid-card group\"\n                                        data-employee-role=\"Senior r\u00e5dgivare\"\n                                        data-employee-name=\"PJ Anders Linder\"\n                                        data-employee-portrait=\"https:\/\/axsonjohnsonfoundation.org\/wp-content\/uploads\/2022\/06\/PJ-Anders-Nilsson.jpg\"\n                                        data-employee-description=\"&lt;p&gt;PJ Anders Linder is the former CEO of Axess Publishing and former editor-in-chief at Axess magazine. He was previously political editor at Svenska Dagbladet.&lt;\/p&gt;\n\"\n                                        data-employee-education=\"\"\n                                        data-employee-socials=\"false\">\n                                        <span class=\"employee-role\">Senior r\u00e5dgivare<\/span>\n                                        <div class=\"flex items-center gap-2\">\n                                            <div class=\"flex items-center transform -translate-x-4 -mt-0.5 opacity-0 transition-all duration-200 employee-svg-container group-hover:translate-x-0 group-hover:opacity-100\">\n                                                <svg width=\"7.11\" height=\"10.67\" class=\"fill-blue-600\" viewBox=\"0 0 7 9\" fill=\"none\" xmlns=\"http:\/\/www.w3.org\/2000\/svg\">\n                                                    <path d=\"M0.750017 0H3.05052L6.75 3.86618V5.1338L3.0505 9H0.75L5.05598 4.49999L0.750017 0Z\" fill=\"#ffffff\"><\/path>\n                                                <\/svg>\n                                            <\/div>\n                                            <span class=\"employee-name -ml-3.5 group-hover:ml-0 flex items-center\">\n                                                PJ Anders Linder                                            <\/span>\n                                        <\/div>\n                                    <\/div>\n                                                                                                        <div class=\"employee-grid-card group\"\n                                        data-employee-role=\"Senior r\u00e5dgivare\"\n                                        data-employee-name=\"Janerik Larsson\"\n                                        data-employee-portrait=\"https:\/\/axsonjohnsonfoundation.org\/wp-content\/uploads\/2022\/06\/JE-Larsson-Portratt-foto-Mats-Edman-SV-kopiera-e1755530057912-875x1024.jpg\"\n                                        data-employee-description=\"&lt;p&gt;Andra uppdrag: tidigare vice vd p\u00e5 Kinnevik och Svenskt N\u00e4ringsliv, seniorkonsult p\u00e5 Prime och styrelseledamot i Axel och Margaret Ax:son Johnsons stiftelse f\u00f6r allm\u00e4nnyttiga \u00e4ndam\u00e5l och kolumnist f\u00f6r Svenska Dagbladet.&lt;\/p&gt;\n\"\n                                        data-employee-education=\"\"\n                                        data-employee-socials=\"false\">\n                                        <span class=\"employee-role\">Senior r\u00e5dgivare<\/span>\n                                        <div class=\"flex items-center gap-2\">\n                                            <div class=\"flex items-center transform -translate-x-4 -mt-0.5 opacity-0 transition-all duration-200 employee-svg-container group-hover:translate-x-0 group-hover:opacity-100\">\n                                                <svg width=\"7.11\" height=\"10.67\" class=\"fill-blue-600\" viewBox=\"0 0 7 9\" fill=\"none\" xmlns=\"http:\/\/www.w3.org\/2000\/svg\">\n                                                    <path d=\"M0.750017 0H3.05052L6.75 3.86618V5.1338L3.0505 9H0.75L5.05598 4.49999L0.750017 0Z\" fill=\"#ffffff\"><\/path>\n                                                <\/svg>\n                                            <\/div>\n                                            <span class=\"employee-name -ml-3.5 group-hover:ml-0 flex items-center\">\n                                                Janerik Larsson                                            <\/span>\n                                        <\/div>\n                                    <\/div>\n                                                            <\/div>\n\n                        <\/div>\n                                            <div class=\"employee-section\">\n                            <span class=\"employee-section-title font-karla\">Klassisk arkitektur och arkitekturhistoria<\/span>\n\n                            <div class=\"employee-grid\">\n                                                                                                        <div class=\"employee-grid-card group\"\n                                        data-employee-role=\"Senior r\u00e5dgivare\"\n                                        data-employee-name=\"Professor Kerstin Barup\"\n                                        data-employee-portrait=\"https:\/\/axsonjohnsonfoundation.org\/wp-content\/uploads\/2022\/06\/Unknown-3-1024x683.jpeg\"\n                                        data-employee-description=\"&lt;p&gt;Andra uppdrag: professor i arkitektur, professor emerita i bebyggelsev\u00e5rd vid Lunds Universitet och i restaureringskonst vid Kungl. Konsth\u00f6gskolan, Stockholm. Medgrundare av Barup och Edstr\u00f6m Arkitektkontor AB och \u00d6sterlenskolan f\u00f6r konst och design. G\u00e4stprofessor vid University of Cambridge.&lt;\/p&gt;\n\"\n                                        data-employee-education=\"\"\n                                        data-employee-socials=\"false\">\n                                        <span class=\"employee-role\">Senior r\u00e5dgivare<\/span>\n                                        <div class=\"flex items-center gap-2\">\n                                            <div class=\"flex items-center transform -translate-x-4 -mt-0.5 opacity-0 transition-all duration-200 employee-svg-container group-hover:translate-x-0 group-hover:opacity-100\">\n                                                <svg width=\"7.11\" height=\"10.67\" class=\"fill-blue-600\" viewBox=\"0 0 7 9\" fill=\"none\" xmlns=\"http:\/\/www.w3.org\/2000\/svg\">\n                                                    <path d=\"M0.750017 0H3.05052L6.75 3.86618V5.1338L3.0505 9H0.75L5.05598 4.49999L0.750017 0Z\" fill=\"#ffffff\"><\/path>\n                                                <\/svg>\n                                            <\/div>\n                                            <span class=\"employee-name -ml-3.5 group-hover:ml-0 flex items-center\">\n                                                Professor Kerstin Barup                                            <\/span>\n                                        <\/div>\n                                    <\/div>\n                                                            <\/div>\n\n                        <\/div>\n                                    <\/div>\n\n                <div class=\"employee-detail\">\n                    <div class=\"employee-detail-content fixed top-0 right-0 h-full w-full max-w-lg bg-white shadow-lg z-50 transform translate-x-full transition-transform duration-300\">\n                        <span class=\"employee-detail-close\">\n                            <svg width=\"11\" height=\"10\" viewBox=\"0 0 11 10\" fill=\"#ffffff\" xmlns=\"http:\/\/www.w3.org\/2000\/svg\">\n                                <path d=\"M5.75 3.6561L2.72998 0.5H0.500017L4.67395 4.86201L0.5 9.22404H2.72997L5.75 6.06793L8.77003 9.22404H11L6.82605 4.86201L11 0.5H8.77002L5.75 3.6561Z\" fill=\"#ffffff\"><\/path>\n                            <\/svg>\n                        <\/span>\n                        <div class=\"employee-detail-portrait\">\n                            <img decoding=\"async\" src=\"\" alt=\"\">\n                        <\/div>\n                        <div class=\"employee-detail-info\">\n                            <span class=\"employee-detail-role\"><\/span>\n                            <span class=\"employee-detail-name\"><\/span>\n                            <div class=\"employee-detail-description\"> <\/div>\n                            <span class=\"employee-detail-education\"><\/span>\n                            <ul class=\"employee-detail-socials\">\n                            <\/ul>\n                        <\/div>\n                    <\/div>\n                <\/div>\n            <\/div>\n        <\/div>\n    <\/div>\n","protected":false},"excerpt":{"rendered":"","protected":false},"author":8,"featured_media":0,"parent":616,"menu_order":0,"comment_status":"closed","ping_status":"closed","template":"templates\/template-organisation.php","meta":{"_acf_changed":false,"footnotes":""},"class_list":["post-1571","page","type-page","status-publish","hentry"],"acf":[],"yoast_head":"<!-- This site is optimized with the Yoast SEO plugin v27.4 - https:\/\/yoast.com\/product\/yoast-seo-wordpress\/ -->\n<title>Stiftelsens organisation - Axel and Margaret Ax:son Johnson Foundation for public benefit<\/title>\n<meta name=\"robots\" content=\"index, follow, max-snippet:-1, max-image-preview:large, max-video-preview:-1\" \/>\n<link rel=\"canonical\" href=\"https:\/\/axsonjohnsonfoundation.org\/sv\/om-oss\/stiftelsens-organisation\/\" \/>\n<meta property=\"og:locale\" content=\"sv_SE\" \/>\n<meta property=\"og:type\" content=\"article\" \/>\n<meta property=\"og:title\" content=\"Stiftelsens organisation - Axel and Margaret Ax:son Johnson Foundation for public benefit\" \/>\n<meta property=\"og:url\" content=\"https:\/\/axsonjohnsonfoundation.org\/sv\/om-oss\/stiftelsens-organisation\/\" \/>\n<meta property=\"og:site_name\" content=\"Axel and Margaret Ax:son Johnson Foundation for public benefit\" \/>\n<meta property=\"article:modified_time\" content=\"2026-02-26T07:47:34+00:00\" \/>\n<meta property=\"og:image\" content=\"https:\/\/axsonjohnsonfoundation.org\/wp-content\/uploads\/2022\/05\/big-placeholder-people-1.jpeg\" \/>\n\t<meta property=\"og:image:width\" content=\"1088\" \/>\n\t<meta property=\"og:image:height\" content=\"612\" \/>\n\t<meta property=\"og:image:type\" content=\"image\/jpeg\" \/>\n<meta name=\"twitter:card\" content=\"summary_large_image\" \/>\n<script type=\"application\/ld+json\" class=\"yoast-schema-graph\">{\"@context\":\"https:\\\/\\\/schema.org\",\"@graph\":[{\"@type\":\"WebPage\",\"@id\":\"https:\\\/\\\/axsonjohnsonfoundation.org\\\/sv\\\/om-oss\\\/stiftelsens-organisation\\\/\",\"url\":\"https:\\\/\\\/axsonjohnsonfoundation.org\\\/sv\\\/om-oss\\\/stiftelsens-organisation\\\/\",\"name\":\"Stiftelsens organisation - Axel and Margaret Ax:son Johnson Foundation for public benefit\",\"isPartOf\":{\"@id\":\"https:\\\/\\\/axsonjohnsonfoundation.org\\\/sv\\\/#website\"},\"datePublished\":\"2022-06-15T18:23:22+00:00\",\"dateModified\":\"2026-02-26T07:47:34+00:00\",\"breadcrumb\":{\"@id\":\"https:\\\/\\\/axsonjohnsonfoundation.org\\\/sv\\\/om-oss\\\/stiftelsens-organisation\\\/#breadcrumb\"},\"inLanguage\":\"sv-SE\",\"potentialAction\":[{\"@type\":\"ReadAction\",\"target\":[\"https:\\\/\\\/axsonjohnsonfoundation.org\\\/sv\\\/om-oss\\\/stiftelsens-organisation\\\/\"]}]},{\"@type\":\"BreadcrumbList\",\"@id\":\"https:\\\/\\\/axsonjohnsonfoundation.org\\\/sv\\\/om-oss\\\/stiftelsens-organisation\\\/#breadcrumb\",\"itemListElement\":[{\"@type\":\"ListItem\",\"position\":1,\"name\":\"Start\",\"item\":\"\\\/sv\\\/\"},{\"@type\":\"ListItem\",\"position\":2,\"name\":\"Om oss\",\"item\":\"https:\\\/\\\/axsonjohnsonfoundation.org\\\/sv\\\/om-oss\\\/\"},{\"@type\":\"ListItem\",\"position\":3,\"name\":\"Stiftelsens organisation\"}]},{\"@type\":\"WebSite\",\"@id\":\"https:\\\/\\\/axsonjohnsonfoundation.org\\\/sv\\\/#website\",\"url\":\"https:\\\/\\\/axsonjohnsonfoundation.org\\\/sv\\\/\",\"name\":\"Axel and Margaret Ax:son Johnson Foundation for public benefit\",\"description\":\"Promoting scientific and scholarly research\",\"potentialAction\":[{\"@type\":\"SearchAction\",\"target\":{\"@type\":\"EntryPoint\",\"urlTemplate\":\"https:\\\/\\\/axsonjohnsonfoundation.org\\\/sv\\\/?s={search_term_string}\"},\"query-input\":{\"@type\":\"PropertyValueSpecification\",\"valueRequired\":true,\"valueName\":\"search_term_string\"}}],\"inLanguage\":\"sv-SE\"}]}<\/script>\n<!-- \/ Yoast SEO plugin. -->","yoast_head_json":{"title":"Stiftelsens organisation - Axel and Margaret Ax:son Johnson Foundation for public benefit","robots":{"index":"index","follow":"follow","max-snippet":"max-snippet:-1","max-image-preview":"max-image-preview:large","max-video-preview":"max-video-preview:-1"},"canonical":"https:\/\/axsonjohnsonfoundation.org\/sv\/om-oss\/stiftelsens-organisation\/","og_locale":"sv_SE","og_type":"article","og_title":"Stiftelsens organisation - Axel and Margaret Ax:son Johnson Foundation for public benefit","og_url":"https:\/\/axsonjohnsonfoundation.org\/sv\/om-oss\/stiftelsens-organisation\/","og_site_name":"Axel and Margaret Ax:son Johnson Foundation for public benefit","article_modified_time":"2026-02-26T07:47:34+00:00","og_image":[{"width":1088,"height":612,"url":"https:\/\/axsonjohnsonfoundation.org\/wp-content\/uploads\/2022\/05\/big-placeholder-people-1.jpeg","type":"image\/jpeg"}],"twitter_card":"summary_large_image","schema":{"@context":"https:\/\/schema.org","@graph":[{"@type":"WebPage","@id":"https:\/\/axsonjohnsonfoundation.org\/sv\/om-oss\/stiftelsens-organisation\/","url":"https:\/\/axsonjohnsonfoundation.org\/sv\/om-oss\/stiftelsens-organisation\/","name":"Stiftelsens organisation - Axel and Margaret Ax:son Johnson Foundation for public benefit","isPartOf":{"@id":"https:\/\/axsonjohnsonfoundation.org\/sv\/#website"},"datePublished":"2022-06-15T18:23:22+00:00","dateModified":"2026-02-26T07:47:34+00:00","breadcrumb":{"@id":"https:\/\/axsonjohnsonfoundation.org\/sv\/om-oss\/stiftelsens-organisation\/#breadcrumb"},"inLanguage":"sv-SE","potentialAction":[{"@type":"ReadAction","target":["https:\/\/axsonjohnsonfoundation.org\/sv\/om-oss\/stiftelsens-organisation\/"]}]},{"@type":"BreadcrumbList","@id":"https:\/\/axsonjohnsonfoundation.org\/sv\/om-oss\/stiftelsens-organisation\/#breadcrumb","itemListElement":[{"@type":"ListItem","position":1,"name":"Start","item":"\/sv\/"},{"@type":"ListItem","position":2,"name":"Om oss","item":"https:\/\/axsonjohnsonfoundation.org\/sv\/om-oss\/"},{"@type":"ListItem","position":3,"name":"Stiftelsens organisation"}]},{"@type":"WebSite","@id":"https:\/\/axsonjohnsonfoundation.org\/sv\/#website","url":"https:\/\/axsonjohnsonfoundation.org\/sv\/","name":"Axel and Margaret Ax:son Johnson Foundation for public benefit","description":"Promoting scientific and scholarly research","potentialAction":[{"@type":"SearchAction","target":{"@type":"EntryPoint","urlTemplate":"https:\/\/axsonjohnsonfoundation.org\/sv\/?s={search_term_string}"},"query-input":{"@type":"PropertyValueSpecification","valueRequired":true,"valueName":"search_term_string"}}],"inLanguage":"sv-SE"}]}},"_links":{"self":[{"href":"https:\/\/axsonjohnsonfoundation.org\/sv\/wp-json\/wp\/v2\/pages\/1571","targetHints":{"allow":["GET"]}}],"collection":[{"href":"https:\/\/axsonjohnsonfoundation.org\/sv\/wp-json\/wp\/v2\/pages"}],"about":[{"href":"https:\/\/axsonjohnsonfoundation.org\/sv\/wp-json\/wp\/v2\/types\/page"}],"author":[{"embeddable":true,"href":"https:\/\/axsonjohnsonfoundation.org\/sv\/wp-json\/wp\/v2\/users\/8"}],"replies":[{"embeddable":true,"href":"https:\/\/axsonjohnsonfoundation.org\/sv\/wp-json\/wp\/v2\/comments?post=1571"}],"version-history":[{"count":47,"href":"https:\/\/axsonjohnsonfoundation.org\/sv\/wp-json\/wp\/v2\/pages\/1571\/revisions"}],"predecessor-version":[{"id":4109,"href":"https:\/\/axsonjohnsonfoundation.org\/sv\/wp-json\/wp\/v2\/pages\/1571\/revisions\/4109"}],"up":[{"embeddable":true,"href":"https:\/\/axsonjohnsonfoundation.org\/sv\/wp-json\/wp\/v2\/pages\/616"}],"wp:attachment":[{"href":"https:\/\/axsonjohnsonfoundation.org\/sv\/wp-json\/wp\/v2\/media?parent=1571"}],"curies":[{"name":"wp","href":"https:\/\/api.w.org\/{rel}","templated":true}]}}