{"id":3013,"date":"2023-02-28T14:35:19","date_gmt":"2023-02-28T14:35:19","guid":{"rendered":"https:\/\/axsonjohnsonfoundation.org\/?post_type=seminar&#038;p=3013"},"modified":"2024-04-30T09:47:26","modified_gmt":"2024-04-30T09:47:26","slug":"begreppet-woke","status":"publish","type":"seminar","link":"https:\/\/axsonjohnsonfoundation.org\/sv\/seminarier\/begreppet-woke\/","title":{"rendered":"Om Woke"},"content":{"rendered":"\n<div class=\"section-x-padding\">\n    <p class=\"body-xl section-inner-width mx-auto my-8\">\n        Termen \u201dwoke\u201d har anv\u00e4nts i olika sammanhang f\u00f6r att beskriva f\u00f6rm\u00e5gan att se v\u00e4rlden som den verkligen \u00e4r, b\u00e5de religi\u00f6st och ideologiskt. P\u00e5 senare tid har den blivit en etikett f\u00f6r en politisk kraft som \u00e4r sv\u00e5r att definiera, men l\u00e4tt att k\u00e4nna igen.    <\/p>\n<\/div>\n\n\n<div class=\"section-x-padding\">\n    <div class=\"wysiwyg section-inner-width mx-auto my-8\">\n        <p>Detta seminarium f\u00f6rs\u00f6kte f\u00f6ra samman tv\u00e4rvetenskapliga perspektiv p\u00e5 <em>woke<\/em>, utforska hur gamla fr\u00e5gor tar en ny form och hur vi kan f\u00e5 en helt\u00e4ckande f\u00f6rst\u00e5else av fenomenets ber\u00e4ttelser, \u00f6vertygelser och m\u00e5l. Finns det likheter med religi\u00f6sa r\u00f6relser och sedv\u00e4njor? Vilka historiska, teoretiska och ideologiska r\u00f6tter kan man hitta i marxism, kritisk teori och social r\u00e4ttvisa? Hur kan vi analysera de politiska, psykologiska och sociologiska konsekvenserna av hur <em>woke<\/em> fungerar idag?<\/p>\n<p>Uppfattningarna kring <em>woke<\/em> p\u00e5verkar v\u00e5ra institutioner, universitetsv\u00e4rlden, media och f\u00f6retag, och den kulturella sf\u00e4ren, och konsekvenserna kan bli k\u00e4nnbara f\u00f6r den som inte delar dem. \u00c4r detta en oundviklig utveckling, eller \u00e4r det n\u00e5got som har pr\u00f6vats tidigare?<\/p>\n    <\/div>\n<\/div>\n\n\n<div class=\"first:mt-8 first:sm:mt-16 not-first:mb-8 not-first:sm:mb-16\">\n\n    \n    <section class=\"section-x-padding py-4 bg-beige-400 mx-auto section-inner-width\">\n\n        <h3 class=\"heading-sm sm:heading-lg mt-1 mb-2\">Talare<\/h3>\n\n                <div class=\"\n                group text-black border-red-200 border-b-1\n                last:border-b-0 sm:border-b pt-5             \">\n            <div class=\"flex justify-between items-center pb-2\">\n\n                <div class=\"w-11\/12 space-y-1.5\">\n                    <p class=\"heading-xs sm:heading-sm uppercase max-w-[720px]\">\n                        ANDREI ZNAMENSKI                    <\/p>\n                    <p class=\"body-sm font-crimsontext font-light leading-tight antialiased-none italic max-w-[530px]\">\n                        Professor i historia, University of Memphis                    <\/p>\n                <\/div>\n\n                            <\/div>\n\n            <div class=\"accordion-answer overflow-hidden body-sm font-crimsontext w-9\/12 mb-3\">\n                            <\/div>\n        <\/div>\n                <div class=\"\n                group text-black border-red-200 border-b-1\n                last:border-b-0 sm:border-b pt-5             \">\n            <div class=\"flex justify-between items-center pb-2\">\n\n                <div class=\"w-11\/12 space-y-1.5\">\n                    <p class=\"heading-xs sm:heading-sm uppercase max-w-[720px]\">\n                        SVANTE NORDIN                    <\/p>\n                    <p class=\"body-sm font-crimsontext font-light leading-tight antialiased-none italic max-w-[530px]\">\n                        Professor i id\u00e9historia, Lunds Universitet                    <\/p>\n                <\/div>\n\n                            <\/div>\n\n            <div class=\"accordion-answer overflow-hidden body-sm font-crimsontext w-9\/12 mb-3\">\n                            <\/div>\n        <\/div>\n                <div class=\"\n                group text-black border-red-200 border-b-1\n                last:border-b-0 sm:border-b pt-5             \">\n            <div class=\"flex justify-between items-center pb-2\">\n\n                <div class=\"w-11\/12 space-y-1.5\">\n                    <p class=\"heading-xs sm:heading-sm uppercase max-w-[720px]\">\n                        JAMES PATTERSON                    <\/p>\n                    <p class=\"body-sm font-crimsontext font-light leading-tight antialiased-none italic max-w-[530px]\">\n                        Chair of the Politics Department, Associate Professor of Politics, Ave Maria University                    <\/p>\n                <\/div>\n\n                            <\/div>\n\n            <div class=\"accordion-answer overflow-hidden body-sm font-crimsontext w-9\/12 mb-3\">\n                            <\/div>\n        <\/div>\n                <div class=\"\n                group text-black border-red-200 border-b-1\n                last:border-b-0 sm:border-b pt-5             \">\n            <div class=\"flex justify-between items-center pb-2\">\n\n                <div class=\"w-11\/12 space-y-1.5\">\n                    <p class=\"heading-xs sm:heading-sm uppercase max-w-[720px]\">\n                        STEPHEN HICKS                    <\/p>\n                    <p class=\"body-sm font-crimsontext font-light leading-tight antialiased-none italic max-w-[530px]\">\n                        Professor i filisofi, Rockford University, Illinois, USA, Executive Director of the Center for Ethics and Entrepreneurship, Senior Scholar at The Atlas Society                    <\/p>\n                <\/div>\n\n                            <\/div>\n\n            <div class=\"accordion-answer overflow-hidden body-sm font-crimsontext w-9\/12 mb-3\">\n                            <\/div>\n        <\/div>\n                <div class=\"\n                group text-black border-red-200 border-b-1\n                last:border-b-0 sm:border-b pt-5             \">\n            <div class=\"flex justify-between items-center pb-2\">\n\n                <div class=\"w-11\/12 space-y-1.5\">\n                    <p class=\"heading-xs sm:heading-sm uppercase max-w-[720px]\">\n                        MARC SIDWELL                    <\/p>\n                    <p class=\"body-sm font-crimsontext font-light leading-tight antialiased-none italic max-w-[530px]\">\n                        Senior Fellow, New Culture Forum                    <\/p>\n                <\/div>\n\n                            <\/div>\n\n            <div class=\"accordion-answer overflow-hidden body-sm font-crimsontext w-9\/12 mb-3\">\n                            <\/div>\n        <\/div>\n                <div class=\"\n                group text-black border-red-200 border-b-1\n                last:border-b-0 sm:border-b pt-5             \">\n            <div class=\"flex justify-between items-center pb-2\">\n\n                <div class=\"w-11\/12 space-y-1.5\">\n                    <p class=\"heading-xs sm:heading-sm uppercase max-w-[720px]\">\n                        FREDRIK SEGERFELDT                    <\/p>\n                    <p class=\"body-sm font-crimsontext font-light leading-tight antialiased-none italic max-w-[530px]\">\n                        F\u00f6rfattare                    <\/p>\n                <\/div>\n\n                            <\/div>\n\n            <div class=\"accordion-answer overflow-hidden body-sm font-crimsontext w-9\/12 mb-3\">\n                            <\/div>\n        <\/div>\n                <div class=\"\n                group text-black border-red-200 border-b-1\n                last:border-b-0 sm:border-b pt-5             \">\n            <div class=\"flex justify-between items-center pb-2\">\n\n                <div class=\"w-11\/12 space-y-1.5\">\n                    <p class=\"heading-xs sm:heading-sm uppercase max-w-[720px]\">\n                        MATTHEW GOODWIN                    <\/p>\n                    <p class=\"body-sm font-crimsontext font-light leading-tight antialiased-none italic max-w-[530px]\">\n                        Professor of Politics, School of Politics and International Relations, University of Kent                    <\/p>\n                <\/div>\n\n                            <\/div>\n\n            <div class=\"accordion-answer overflow-hidden body-sm font-crimsontext w-9\/12 mb-3\">\n                            <\/div>\n        <\/div>\n                <div class=\"\n                group text-black border-red-200 border-b-1\n                last:border-b-0 sm:border-b pt-5             \">\n            <div class=\"flex justify-between items-center pb-2\">\n\n                <div class=\"w-11\/12 space-y-1.5\">\n                    <p class=\"heading-xs sm:heading-sm uppercase max-w-[720px]\">\n                        STEPHEN R SOUKUP                    <\/p>\n                    <p class=\"body-sm font-crimsontext font-light leading-tight antialiased-none italic max-w-[530px]\">\n                        Vice President, The Political Forum                    <\/p>\n                <\/div>\n\n                            <\/div>\n\n            <div class=\"accordion-answer overflow-hidden body-sm font-crimsontext w-9\/12 mb-3\">\n                            <\/div>\n        <\/div>\n                <div class=\"\n                group text-black border-red-200 border-b-1\n                last:border-b-0 sm:border-b pt-5             \">\n            <div class=\"flex justify-between items-center pb-2\">\n\n                <div class=\"w-11\/12 space-y-1.5\">\n                    <p class=\"heading-xs sm:heading-sm uppercase max-w-[720px]\">\n                        NINA SOLOMIN                    <\/p>\n                    <p class=\"body-sm font-crimsontext font-light leading-tight antialiased-none italic max-w-[530px]\">\n                        Kulturredakt\u00f6r, Fokus                    <\/p>\n                <\/div>\n\n                            <\/div>\n\n            <div class=\"accordion-answer overflow-hidden body-sm font-crimsontext w-9\/12 mb-3\">\n                            <\/div>\n        <\/div>\n                <div class=\"\n                group text-black border-red-200 border-b-1\n                last:border-b-0 sm:border-b pt-5             \">\n            <div class=\"flex justify-between items-center pb-2\">\n\n                <div class=\"w-11\/12 space-y-1.5\">\n                    <p class=\"heading-xs sm:heading-sm uppercase max-w-[720px]\">\n                        ADRIAN WOOLDRIDGE                    <\/p>\n                    <p class=\"body-sm font-crimsontext font-light leading-tight antialiased-none italic max-w-[530px]\">\n                        Global Business Columnist, Bloomberg Opinion                    <\/p>\n                <\/div>\n\n                            <\/div>\n\n            <div class=\"accordion-answer overflow-hidden body-sm font-crimsontext w-9\/12 mb-3\">\n                            <\/div>\n        <\/div>\n                <div class=\"\n                group text-black border-red-200 border-b-1\n                last:border-b-0 sm:border-b pt-5             \">\n            <div class=\"flex justify-between items-center pb-2\">\n\n                <div class=\"w-11\/12 space-y-1.5\">\n                    <p class=\"heading-xs sm:heading-sm uppercase max-w-[720px]\">\n                        GUSTAF LINDBLAD                    <\/p>\n                    <p class=\"body-sm font-crimsontext font-light leading-tight antialiased-none italic max-w-[530px]\">\n                        Doktorand, G\u00f6teborgs Universitet                    <\/p>\n                <\/div>\n\n                            <\/div>\n\n            <div class=\"accordion-answer overflow-hidden body-sm font-crimsontext w-9\/12 mb-3\">\n                            <\/div>\n        <\/div>\n                <div class=\"\n                group text-black border-red-200 border-b-1\n                last:border-b-0 sm:border-b pt-5             \">\n            <div class=\"flex justify-between items-center pb-2\">\n\n                <div class=\"w-11\/12 space-y-1.5\">\n                    <p class=\"heading-xs sm:heading-sm uppercase max-w-[720px]\">\n                        ERIC KAUFMANN                    <\/p>\n                    <p class=\"body-sm font-crimsontext font-light leading-tight antialiased-none italic max-w-[530px]\">\n                        Professor of Politics, Birkbeck, University of London                    <\/p>\n                <\/div>\n\n                            <\/div>\n\n            <div class=\"accordion-answer overflow-hidden body-sm font-crimsontext w-9\/12 mb-3\">\n                            <\/div>\n        <\/div>\n                <div class=\"\n                group text-black border-red-200 border-b-1\n                last:border-b-0 sm:border-b pt-5             \">\n            <div class=\"flex justify-between items-center pb-2\">\n\n                <div class=\"w-11\/12 space-y-1.5\">\n                    <p class=\"heading-xs sm:heading-sm uppercase max-w-[720px]\">\n                        ADAM CWEJMAN                    <\/p>\n                    <p class=\"body-sm font-crimsontext font-light leading-tight antialiased-none italic max-w-[530px]\">\n                        Politisk redakt\u00f6r, G\u00f6teborgs-Posten                    <\/p>\n                <\/div>\n\n                            <\/div>\n\n            <div class=\"accordion-answer overflow-hidden body-sm font-crimsontext w-9\/12 mb-3\">\n                            <\/div>\n        <\/div>\n        \n    <\/section>\n<\/div>","protected":false},"parent":0,"menu_order":0,"template":"","class_list":["post-3013","seminar","type-seminar","status-publish","hentry"],"acf":[],"yoast_head":"<!-- This site is optimized with the Yoast SEO plugin v27.4 - https:\/\/yoast.com\/product\/yoast-seo-wordpress\/ -->\n<title>Om Woke - Axel and Margaret Ax:son Johnson Foundation for public benefit<\/title>\n<meta name=\"robots\" content=\"index, follow, max-snippet:-1, max-image-preview:large, max-video-preview:-1\" \/>\n<link rel=\"canonical\" href=\"https:\/\/axsonjohnsonfoundation.org\/sv\/seminarier\/begreppet-woke\/\" \/>\n<meta property=\"og:locale\" content=\"sv_SE\" \/>\n<meta property=\"og:type\" content=\"article\" \/>\n<meta property=\"og:title\" content=\"Om Woke - Axel and Margaret Ax:son Johnson Foundation for public benefit\" \/>\n<meta property=\"og:url\" content=\"https:\/\/axsonjohnsonfoundation.org\/sv\/seminarier\/begreppet-woke\/\" \/>\n<meta property=\"og:site_name\" content=\"Axel and Margaret Ax:son Johnson Foundation for public benefit\" \/>\n<meta property=\"article:modified_time\" content=\"2024-04-30T09:47:26+00:00\" \/>\n<meta property=\"og:image\" content=\"https:\/\/axsonjohnsonfoundation.org\/wp-content\/uploads\/2022\/05\/big-placeholder-people-1.jpeg\" \/>\n\t<meta property=\"og:image:width\" content=\"1088\" \/>\n\t<meta property=\"og:image:height\" content=\"612\" \/>\n\t<meta property=\"og:image:type\" content=\"image\/jpeg\" \/>\n<meta name=\"twitter:card\" content=\"summary_large_image\" \/>\n<script type=\"application\/ld+json\" class=\"yoast-schema-graph\">{\"@context\":\"https:\\\/\\\/schema.org\",\"@graph\":[{\"@type\":\"WebPage\",\"@id\":\"https:\\\/\\\/axsonjohnsonfoundation.org\\\/sv\\\/seminarier\\\/begreppet-woke\\\/\",\"url\":\"https:\\\/\\\/axsonjohnsonfoundation.org\\\/sv\\\/seminarier\\\/begreppet-woke\\\/\",\"name\":\"Om Woke - Axel and Margaret Ax:son Johnson Foundation for public benefit\",\"isPartOf\":{\"@id\":\"https:\\\/\\\/axsonjohnsonfoundation.org\\\/sv\\\/#website\"},\"datePublished\":\"2023-02-28T14:35:19+00:00\",\"dateModified\":\"2024-04-30T09:47:26+00:00\",\"breadcrumb\":{\"@id\":\"https:\\\/\\\/axsonjohnsonfoundation.org\\\/sv\\\/seminarier\\\/begreppet-woke\\\/#breadcrumb\"},\"inLanguage\":\"sv-SE\",\"potentialAction\":[{\"@type\":\"ReadAction\",\"target\":[\"https:\\\/\\\/axsonjohnsonfoundation.org\\\/sv\\\/seminarier\\\/begreppet-woke\\\/\"]}]},{\"@type\":\"BreadcrumbList\",\"@id\":\"https:\\\/\\\/axsonjohnsonfoundation.org\\\/sv\\\/seminarier\\\/begreppet-woke\\\/#breadcrumb\",\"itemListElement\":[{\"@type\":\"ListItem\",\"position\":1,\"name\":\"Start\",\"item\":\"\\\/sv\\\/\"},{\"@type\":\"ListItem\",\"position\":2,\"name\":\"Seminarier\",\"item\":\"\\\/sv\\\/seminarier\"},{\"@type\":\"ListItem\",\"position\":3,\"name\":\"Om Woke\"}]},{\"@type\":\"WebSite\",\"@id\":\"https:\\\/\\\/axsonjohnsonfoundation.org\\\/sv\\\/#website\",\"url\":\"https:\\\/\\\/axsonjohnsonfoundation.org\\\/sv\\\/\",\"name\":\"Axel and Margaret Ax:son Johnson Foundation for public benefit\",\"description\":\"Promoting scientific and scholarly research\",\"potentialAction\":[{\"@type\":\"SearchAction\",\"target\":{\"@type\":\"EntryPoint\",\"urlTemplate\":\"https:\\\/\\\/axsonjohnsonfoundation.org\\\/sv\\\/?s={search_term_string}\"},\"query-input\":{\"@type\":\"PropertyValueSpecification\",\"valueRequired\":true,\"valueName\":\"search_term_string\"}}],\"inLanguage\":\"sv-SE\"}]}<\/script>\n<!-- \/ Yoast SEO plugin. -->","yoast_head_json":{"title":"Om Woke - Axel and Margaret Ax:son Johnson Foundation for public benefit","robots":{"index":"index","follow":"follow","max-snippet":"max-snippet:-1","max-image-preview":"max-image-preview:large","max-video-preview":"max-video-preview:-1"},"canonical":"https:\/\/axsonjohnsonfoundation.org\/sv\/seminarier\/begreppet-woke\/","og_locale":"sv_SE","og_type":"article","og_title":"Om Woke - Axel and Margaret Ax:son Johnson Foundation for public benefit","og_url":"https:\/\/axsonjohnsonfoundation.org\/sv\/seminarier\/begreppet-woke\/","og_site_name":"Axel and Margaret Ax:son Johnson Foundation for public benefit","article_modified_time":"2024-04-30T09:47:26+00:00","og_image":[{"width":1088,"height":612,"url":"https:\/\/axsonjohnsonfoundation.org\/wp-content\/uploads\/2022\/05\/big-placeholder-people-1.jpeg","type":"image\/jpeg"}],"twitter_card":"summary_large_image","schema":{"@context":"https:\/\/schema.org","@graph":[{"@type":"WebPage","@id":"https:\/\/axsonjohnsonfoundation.org\/sv\/seminarier\/begreppet-woke\/","url":"https:\/\/axsonjohnsonfoundation.org\/sv\/seminarier\/begreppet-woke\/","name":"Om Woke - Axel and Margaret Ax:son Johnson Foundation for public benefit","isPartOf":{"@id":"https:\/\/axsonjohnsonfoundation.org\/sv\/#website"},"datePublished":"2023-02-28T14:35:19+00:00","dateModified":"2024-04-30T09:47:26+00:00","breadcrumb":{"@id":"https:\/\/axsonjohnsonfoundation.org\/sv\/seminarier\/begreppet-woke\/#breadcrumb"},"inLanguage":"sv-SE","potentialAction":[{"@type":"ReadAction","target":["https:\/\/axsonjohnsonfoundation.org\/sv\/seminarier\/begreppet-woke\/"]}]},{"@type":"BreadcrumbList","@id":"https:\/\/axsonjohnsonfoundation.org\/sv\/seminarier\/begreppet-woke\/#breadcrumb","itemListElement":[{"@type":"ListItem","position":1,"name":"Start","item":"\/sv\/"},{"@type":"ListItem","position":2,"name":"Seminarier","item":"\/sv\/seminarier"},{"@type":"ListItem","position":3,"name":"Om Woke"}]},{"@type":"WebSite","@id":"https:\/\/axsonjohnsonfoundation.org\/sv\/#website","url":"https:\/\/axsonjohnsonfoundation.org\/sv\/","name":"Axel and Margaret Ax:son Johnson Foundation for public benefit","description":"Promoting scientific and scholarly research","potentialAction":[{"@type":"SearchAction","target":{"@type":"EntryPoint","urlTemplate":"https:\/\/axsonjohnsonfoundation.org\/sv\/?s={search_term_string}"},"query-input":{"@type":"PropertyValueSpecification","valueRequired":true,"valueName":"search_term_string"}}],"inLanguage":"sv-SE"}]}},"_links":{"self":[{"href":"https:\/\/axsonjohnsonfoundation.org\/sv\/wp-json\/wp\/v2\/seminar\/3013","targetHints":{"allow":["GET"]}}],"collection":[{"href":"https:\/\/axsonjohnsonfoundation.org\/sv\/wp-json\/wp\/v2\/seminar"}],"about":[{"href":"https:\/\/axsonjohnsonfoundation.org\/sv\/wp-json\/wp\/v2\/types\/seminar"}],"wp:attachment":[{"href":"https:\/\/axsonjohnsonfoundation.org\/sv\/wp-json\/wp\/v2\/media?parent=3013"}],"curies":[{"name":"wp","href":"https:\/\/api.w.org\/{rel}","templated":true}]}}