{"id":3261,"date":"2023-11-07T19:02:27","date_gmt":"2023-11-07T19:02:27","guid":{"rendered":"https:\/\/axsonjohnsonfoundation.org\/?post_type=seminar&#038;p=3261"},"modified":"2024-04-30T09:43:09","modified_gmt":"2024-04-30T09:43:09","slug":"doden","status":"publish","type":"seminar","link":"https:\/\/axsonjohnsonfoundation.org\/sv\/seminarier\/doden\/","title":{"rendered":"D\u00f6den"},"content":{"rendered":"\n<div class=\"section-x-padding\">\n    <p class=\"body-xl section-inner-width mx-auto my-8\">\n        En intellektuell resa f\u00f6r att nysta upp den m\u00e5ngfacetterade v\u00e4vnaden av m\u00e4nskliga uppfattningar om d\u00f6den.    <\/p>\n<\/div>\n\n\n<div class=\"section-x-padding\">\n    <div class=\"wysiwyg section-inner-width mx-auto my-8\">\n        <p>Under seminariet f\u00f6rdjupade vi oss i den komplexa terr\u00e4ngen av m\u00e4nsklig f\u00f6rst\u00e5else av d\u00f6den. Vi granskade hur dessa f\u00f6rst\u00e5elser har utvecklats \u00f6ver olika kulturer och genom tidens g\u00e5ng, och sp\u00e5rade v\u00e5ra utforskningar fr\u00e5n sidorna i Gilgamesh-eposet till komplexiteterna i v\u00e5r moderna v\u00e4rld.<\/p>\n<p>Centrala fr\u00e5gor som genomsyrade v\u00e5ra diskussioner inkluderade den n\u00e4ra kopplingen mellan d\u00f6den och moral, den djupg\u00e5ende psykologiska p\u00e5verkan som medvetenheten om d\u00f6dlighet har p\u00e5 individer, medvetandets undflyende natur samt den djupg\u00e5ende p\u00e5verkan av religi\u00f6sa och teknologiska f\u00f6r\u00e4ndringar p\u00e5 v\u00e5ra evolv\u00e4rdande perspektiv p\u00e5 d\u00f6den.<\/p>\n<p>Under hela seminariet presenterades en m\u00e5ngfald av perspektiv som erbj\u00f6d insikter i v\u00e5r st\u00e4ndigt utvecklande f\u00f6rst\u00e5else av d\u00f6den och dess roll i den m\u00e4nskliga upplevelsen. Fr\u00e5n antika texter till samtida insikter, gav v\u00e5r utforskning av detta universella tema deltagarna en djupare f\u00f6rst\u00e5else av m\u00e4nniskans villkor.<\/p>\n    <\/div>\n<\/div>\n\n\n<div class=\"first:mt-8 first:sm:mt-16 not-first:mb-8 not-first:sm:mb-16\">\n\n    \n    <section class=\"section-x-padding py-4 bg-beige-400 mx-auto section-inner-width\">\n\n        <h3 class=\"heading-sm sm:heading-lg mt-1 mb-2\">Talare<\/h3>\n\n                <div class=\"\n                group text-black border-red-200 border-b-1\n                last:border-b-0 sm:border-b pt-5             \">\n            <div class=\"flex justify-between items-center pb-2\">\n\n                <div class=\"w-11\/12 space-y-1.5\">\n                    <p class=\"heading-xs sm:heading-sm uppercase max-w-[720px]\">\n                        Nils Billing                    <\/p>\n                    <p class=\"body-sm font-crimsontext font-light leading-tight antialiased-none italic max-w-[530px]\">\n                        Professor i religionshistoria vid Teologiska fakulteten, Uppsala universitet; Doktorsexamen i egyptologi, Doktorsgrad i teologi                    <\/p>\n                <\/div>\n\n                            <\/div>\n\n            <div class=\"accordion-answer overflow-hidden body-sm font-crimsontext w-9\/12 mb-3\">\n                            <\/div>\n        <\/div>\n                <div class=\"\n                group text-black border-red-200 border-b-1\n                last:border-b-0 sm:border-b pt-5             \">\n            <div class=\"flex justify-between items-center pb-2\">\n\n                <div class=\"w-11\/12 space-y-1.5\">\n                    <p class=\"heading-xs sm:heading-sm uppercase max-w-[720px]\">\n                        Per Faxneld                    <\/p>\n                    <p class=\"body-sm font-crimsontext font-light leading-tight antialiased-none italic max-w-[530px]\">\n                        Professor i religionsvetenskap vid S\u00f6dert\u00f6rns h\u00f6gskola, Stockholm                    <\/p>\n                <\/div>\n\n                            <\/div>\n\n            <div class=\"accordion-answer overflow-hidden body-sm font-crimsontext w-9\/12 mb-3\">\n                            <\/div>\n        <\/div>\n                <div class=\"\n                group text-black border-red-200 border-b-1\n                last:border-b-0 sm:border-b pt-5             \">\n            <div class=\"flex justify-between items-center pb-2\">\n\n                <div class=\"w-11\/12 space-y-1.5\">\n                    <p class=\"heading-xs sm:heading-sm uppercase max-w-[720px]\">\n                        Joel Halldorf                    <\/p>\n                    <p class=\"body-sm font-crimsontext font-light leading-tight antialiased-none italic max-w-[530px]\">\n                        Professor i sociologi vid Institutionen f\u00f6r sociologi och socialt arbete, Aalborgs universitet                    <\/p>\n                <\/div>\n\n                            <\/div>\n\n            <div class=\"accordion-answer overflow-hidden body-sm font-crimsontext w-9\/12 mb-3\">\n                            <\/div>\n        <\/div>\n                <div class=\"\n                group text-black border-red-200 border-b-1\n                last:border-b-0 sm:border-b pt-5             \">\n            <div class=\"flex justify-between items-center pb-2\">\n\n                <div class=\"w-11\/12 space-y-1.5\">\n                    <p class=\"heading-xs sm:heading-sm uppercase max-w-[720px]\">\n                        Patrick O\u2019Sullivan                    <\/p>\n                    <p class=\"body-sm font-crimsontext font-light leading-tight antialiased-none italic max-w-[530px]\">\n                        Professor i klassiska studier vid University of Canterbury, Christchurch, och g\u00e4stforskare vid University College, Oxford                    <\/p>\n                <\/div>\n\n                            <\/div>\n\n            <div class=\"accordion-answer overflow-hidden body-sm font-crimsontext w-9\/12 mb-3\">\n                            <\/div>\n        <\/div>\n                <div class=\"\n                group text-black border-red-200 border-b-1\n                last:border-b-0 sm:border-b pt-5             \">\n            <div class=\"flex justify-between items-center pb-2\">\n\n                <div class=\"w-11\/12 space-y-1.5\">\n                    <p class=\"heading-xs sm:heading-sm uppercase max-w-[720px]\">\n                        Per Snaprud                    <\/p>\n                    <p class=\"body-sm font-crimsontext font-light leading-tight antialiased-none italic max-w-[530px]\">\n                        Redakt\u00f6r f\u00f6r medicin p\u00e5 Forskning &#038; Framsteg                    <\/p>\n                <\/div>\n\n                            <\/div>\n\n            <div class=\"accordion-answer overflow-hidden body-sm font-crimsontext w-9\/12 mb-3\">\n                            <\/div>\n        <\/div>\n                <div class=\"\n                group text-black border-red-200 border-b-1\n                last:border-b-0 sm:border-b pt-5             \">\n            <div class=\"flex justify-between items-center pb-2\">\n\n                <div class=\"w-11\/12 space-y-1.5\">\n                    <p class=\"heading-xs sm:heading-sm uppercase max-w-[720px]\">\n                        Sheldon Solomon                    <\/p>\n                    <p class=\"body-sm font-crimsontext font-light leading-tight antialiased-none italic max-w-[530px]\">\n                        Professor i psykologi vid Skidmore College, Saratoga Springs                    <\/p>\n                <\/div>\n\n                            <\/div>\n\n            <div class=\"accordion-answer overflow-hidden body-sm font-crimsontext w-9\/12 mb-3\">\n                            <\/div>\n        <\/div>\n                <div class=\"\n                group text-black border-red-200 border-b-1\n                last:border-b-0 sm:border-b pt-5             \">\n            <div class=\"flex justify-between items-center pb-2\">\n\n                <div class=\"w-11\/12 space-y-1.5\">\n                    <p class=\"heading-xs sm:heading-sm uppercase max-w-[720px]\">\n                        Angela Sumegi                    <\/p>\n                    <p class=\"body-sm font-crimsontext font-light leading-tight antialiased-none italic max-w-[530px]\">\n                        Fil.dr., bitr\u00e4dande forskningsprofessor i humaniora och religion vid Carleton University, Ottawa                    <\/p>\n                <\/div>\n\n                            <\/div>\n\n            <div class=\"accordion-answer overflow-hidden body-sm font-crimsontext w-9\/12 mb-3\">\n                            <\/div>\n        <\/div>\n                <div class=\"\n                group text-black border-red-200 border-b-1\n                last:border-b-0 sm:border-b pt-5             \">\n            <div class=\"flex justify-between items-center pb-2\">\n\n                <div class=\"w-11\/12 space-y-1.5\">\n                    <p class=\"heading-xs sm:heading-sm uppercase max-w-[720px]\">\n                        Martin Worthington                    <\/p>\n                    <p class=\"body-sm font-crimsontext font-light leading-tight antialiased-none italic max-w-[530px]\">\n                        Al-Maktoum bitr\u00e4dande professor i Mellan\u00f6sternstudier vid Trinity College Dublin                    <\/p>\n                <\/div>\n\n                            <\/div>\n\n            <div class=\"accordion-answer overflow-hidden body-sm font-crimsontext w-9\/12 mb-3\">\n                            <\/div>\n        <\/div>\n                <div class=\"\n                group text-black border-red-200 border-b-1\n                last:border-b-0 sm:border-b pt-5             \">\n            <div class=\"flex justify-between items-center pb-2\">\n\n                <div class=\"w-11\/12 space-y-1.5\">\n                    <p class=\"heading-xs sm:heading-sm uppercase max-w-[720px]\">\n                        Andrei Znamenski                     <\/p>\n                    <p class=\"body-sm font-crimsontext font-light leading-tight antialiased-none italic max-w-[530px]\">\n                        Professor i historia vid Historieinstitutionen, University of Memphis                    <\/p>\n                <\/div>\n\n                            <\/div>\n\n            <div class=\"accordion-answer overflow-hidden body-sm font-crimsontext w-9\/12 mb-3\">\n                            <\/div>\n        <\/div>\n        \n    <\/section>\n<\/div>","protected":false},"parent":0,"menu_order":0,"template":"","class_list":["post-3261","seminar","type-seminar","status-publish","hentry"],"acf":[],"yoast_head":"<!-- This site is optimized with the Yoast SEO plugin v27.4 - https:\/\/yoast.com\/product\/yoast-seo-wordpress\/ -->\n<title>D\u00f6den - Axel and Margaret Ax:son Johnson Foundation for public benefit<\/title>\n<meta name=\"robots\" content=\"index, follow, max-snippet:-1, max-image-preview:large, max-video-preview:-1\" \/>\n<link rel=\"canonical\" href=\"https:\/\/axsonjohnsonfoundation.org\/sv\/seminarier\/doden\/\" \/>\n<meta property=\"og:locale\" content=\"sv_SE\" \/>\n<meta property=\"og:type\" content=\"article\" \/>\n<meta property=\"og:title\" content=\"D\u00f6den - Axel and Margaret Ax:son Johnson Foundation for public benefit\" \/>\n<meta property=\"og:url\" content=\"https:\/\/axsonjohnsonfoundation.org\/sv\/seminarier\/doden\/\" \/>\n<meta property=\"og:site_name\" content=\"Axel and Margaret Ax:son Johnson Foundation for public benefit\" \/>\n<meta property=\"article:modified_time\" content=\"2024-04-30T09:43:09+00:00\" \/>\n<meta property=\"og:image\" content=\"https:\/\/axsonjohnsonfoundation.org\/wp-content\/uploads\/2022\/05\/big-placeholder-people-1.jpeg\" \/>\n\t<meta property=\"og:image:width\" content=\"1088\" \/>\n\t<meta property=\"og:image:height\" content=\"612\" \/>\n\t<meta property=\"og:image:type\" content=\"image\/jpeg\" \/>\n<meta name=\"twitter:card\" content=\"summary_large_image\" \/>\n<script type=\"application\/ld+json\" class=\"yoast-schema-graph\">{\"@context\":\"https:\\\/\\\/schema.org\",\"@graph\":[{\"@type\":\"WebPage\",\"@id\":\"https:\\\/\\\/axsonjohnsonfoundation.org\\\/sv\\\/seminarier\\\/doden\\\/\",\"url\":\"https:\\\/\\\/axsonjohnsonfoundation.org\\\/sv\\\/seminarier\\\/doden\\\/\",\"name\":\"D\u00f6den - Axel and Margaret Ax:son Johnson Foundation for public benefit\",\"isPartOf\":{\"@id\":\"https:\\\/\\\/axsonjohnsonfoundation.org\\\/sv\\\/#website\"},\"datePublished\":\"2023-11-07T19:02:27+00:00\",\"dateModified\":\"2024-04-30T09:43:09+00:00\",\"breadcrumb\":{\"@id\":\"https:\\\/\\\/axsonjohnsonfoundation.org\\\/sv\\\/seminarier\\\/doden\\\/#breadcrumb\"},\"inLanguage\":\"sv-SE\",\"potentialAction\":[{\"@type\":\"ReadAction\",\"target\":[\"https:\\\/\\\/axsonjohnsonfoundation.org\\\/sv\\\/seminarier\\\/doden\\\/\"]}]},{\"@type\":\"BreadcrumbList\",\"@id\":\"https:\\\/\\\/axsonjohnsonfoundation.org\\\/sv\\\/seminarier\\\/doden\\\/#breadcrumb\",\"itemListElement\":[{\"@type\":\"ListItem\",\"position\":1,\"name\":\"Start\",\"item\":\"\\\/sv\\\/\"},{\"@type\":\"ListItem\",\"position\":2,\"name\":\"Seminarier\",\"item\":\"\\\/sv\\\/seminarier\"},{\"@type\":\"ListItem\",\"position\":3,\"name\":\"D\u00f6den\"}]},{\"@type\":\"WebSite\",\"@id\":\"https:\\\/\\\/axsonjohnsonfoundation.org\\\/sv\\\/#website\",\"url\":\"https:\\\/\\\/axsonjohnsonfoundation.org\\\/sv\\\/\",\"name\":\"Axel and Margaret Ax:son Johnson Foundation for public benefit\",\"description\":\"Promoting scientific and scholarly research\",\"potentialAction\":[{\"@type\":\"SearchAction\",\"target\":{\"@type\":\"EntryPoint\",\"urlTemplate\":\"https:\\\/\\\/axsonjohnsonfoundation.org\\\/sv\\\/?s={search_term_string}\"},\"query-input\":{\"@type\":\"PropertyValueSpecification\",\"valueRequired\":true,\"valueName\":\"search_term_string\"}}],\"inLanguage\":\"sv-SE\"}]}<\/script>\n<!-- \/ Yoast SEO plugin. -->","yoast_head_json":{"title":"D\u00f6den - Axel and Margaret Ax:son Johnson Foundation for public benefit","robots":{"index":"index","follow":"follow","max-snippet":"max-snippet:-1","max-image-preview":"max-image-preview:large","max-video-preview":"max-video-preview:-1"},"canonical":"https:\/\/axsonjohnsonfoundation.org\/sv\/seminarier\/doden\/","og_locale":"sv_SE","og_type":"article","og_title":"D\u00f6den - Axel and Margaret Ax:son Johnson Foundation for public benefit","og_url":"https:\/\/axsonjohnsonfoundation.org\/sv\/seminarier\/doden\/","og_site_name":"Axel and Margaret Ax:son Johnson Foundation for public benefit","article_modified_time":"2024-04-30T09:43:09+00:00","og_image":[{"width":1088,"height":612,"url":"https:\/\/axsonjohnsonfoundation.org\/wp-content\/uploads\/2022\/05\/big-placeholder-people-1.jpeg","type":"image\/jpeg"}],"twitter_card":"summary_large_image","schema":{"@context":"https:\/\/schema.org","@graph":[{"@type":"WebPage","@id":"https:\/\/axsonjohnsonfoundation.org\/sv\/seminarier\/doden\/","url":"https:\/\/axsonjohnsonfoundation.org\/sv\/seminarier\/doden\/","name":"D\u00f6den - Axel and Margaret Ax:son Johnson Foundation for public benefit","isPartOf":{"@id":"https:\/\/axsonjohnsonfoundation.org\/sv\/#website"},"datePublished":"2023-11-07T19:02:27+00:00","dateModified":"2024-04-30T09:43:09+00:00","breadcrumb":{"@id":"https:\/\/axsonjohnsonfoundation.org\/sv\/seminarier\/doden\/#breadcrumb"},"inLanguage":"sv-SE","potentialAction":[{"@type":"ReadAction","target":["https:\/\/axsonjohnsonfoundation.org\/sv\/seminarier\/doden\/"]}]},{"@type":"BreadcrumbList","@id":"https:\/\/axsonjohnsonfoundation.org\/sv\/seminarier\/doden\/#breadcrumb","itemListElement":[{"@type":"ListItem","position":1,"name":"Start","item":"\/sv\/"},{"@type":"ListItem","position":2,"name":"Seminarier","item":"\/sv\/seminarier"},{"@type":"ListItem","position":3,"name":"D\u00f6den"}]},{"@type":"WebSite","@id":"https:\/\/axsonjohnsonfoundation.org\/sv\/#website","url":"https:\/\/axsonjohnsonfoundation.org\/sv\/","name":"Axel and Margaret Ax:son Johnson Foundation for public benefit","description":"Promoting scientific and scholarly research","potentialAction":[{"@type":"SearchAction","target":{"@type":"EntryPoint","urlTemplate":"https:\/\/axsonjohnsonfoundation.org\/sv\/?s={search_term_string}"},"query-input":{"@type":"PropertyValueSpecification","valueRequired":true,"valueName":"search_term_string"}}],"inLanguage":"sv-SE"}]}},"_links":{"self":[{"href":"https:\/\/axsonjohnsonfoundation.org\/sv\/wp-json\/wp\/v2\/seminar\/3261","targetHints":{"allow":["GET"]}}],"collection":[{"href":"https:\/\/axsonjohnsonfoundation.org\/sv\/wp-json\/wp\/v2\/seminar"}],"about":[{"href":"https:\/\/axsonjohnsonfoundation.org\/sv\/wp-json\/wp\/v2\/types\/seminar"}],"wp:attachment":[{"href":"https:\/\/axsonjohnsonfoundation.org\/sv\/wp-json\/wp\/v2\/media?parent=3261"}],"curies":[{"name":"wp","href":"https:\/\/api.w.org\/{rel}","templated":true}]}}