{"id":3287,"date":"2023-11-17T14:55:00","date_gmt":"2023-11-17T14:55:00","guid":{"rendered":"https:\/\/axsonjohnsonfoundation.org\/?post_type=seminar&#038;p=3287"},"modified":"2024-04-30T09:43:57","modified_gmt":"2024-04-30T09:43:57","slug":"underrattelse-och-sakerhet","status":"publish","type":"seminar","link":"https:\/\/axsonjohnsonfoundation.org\/sv\/seminarier\/underrattelse-och-sakerhet\/","title":{"rendered":"Underr\u00e4ttelse och s\u00e4kerhet"},"content":{"rendered":"\n<div class=\"section-x-padding\">\n    <p class=\"body-xl section-inner-width mx-auto my-8\">\n        Underr\u00e4ttelse, kommunikation och samtida konflikt    <\/p>\n<\/div>\n\n\n<div class=\"section-x-padding\">\n    <div class=\"wysiwyg section-inner-width mx-auto my-8\">\n        <p style=\"font-weight: 400;\">\u201dHemlig underr\u00e4ttelseverksamhet \u00e4r \u2019den diplomatiska historiens saknade dimension\u2019.\u201d Den bed\u00f6mningen gjorde den brittiska diplomaten Sir Alexander Cadogan. Under andra v\u00e4rldskriget fungerade Cadogan som den viktigaste l\u00e4nken mellan British Foreign Office och underr\u00e4ttelsetj\u00e4nsten. F\u00e5 personer hade b\u00e4ttre kunskap om den kritiska roll som information och hemlig underr\u00e4ttelseverksamhet spelar i krig, diplomati och statskonst.<\/p>\n<p style=\"font-weight: 400;\">Cadogans ord har sedan dess \u00e5kallats i otaliga studier om underr\u00e4ttelsehistoria, men dess betydelse har, trots upprepningar, inte reducerats i betydelse. Snarare fungerar de som en p\u00e5minnelse om den st\u00e4ndiga vikten av underr\u00e4ttelseverksamhet och hemliga aktiviteter b\u00e5de i fredstid och konflikt.<\/p>\n<p style=\"font-weight: 400;\">Denna l\u00e4xa hamrades in p\u00e5 global niv\u00e5 under Rysslands invasion av Ukraina 2022. Medan konflikten trappades upp tr\u00e4dde allierade underr\u00e4ttelsetj\u00e4nster p\u00e5 ett dramatiskt s\u00e4tt fram, bev\u00e4pnade med tidigare hemligst\u00e4mplad s\u00e5v\u00e4l som topphemlig information f\u00f6r att bromsa Rysslands avsikter, praktiskt taget i realtid. Kriget har sedan dess fortsatt att belysa underr\u00e4ttelseverksamhetens och kommunikationens centrala betydelse i alla aspekter av samtida konflikt, fr\u00e5n officiell diplomati till informationsdelning till underh\u00e5llande av allierade koalitioner.<\/p>\n<p style=\"font-weight: 400;\">Mera nyligen chockerades v\u00e4rlden n\u00e4r Israel pl\u00f6tsligt invaderades av Hamas terrorister. Den brutala attacken \u2013 som skedde n\u00e4stan p\u00e5 dagen 50 \u00e5r efter Jom Kippur-kriget d\u00e5 Israel \u00f6verraskades av attacker p\u00e5 tv\u00e5 fronter \u2013 \u00f6verrumplade Israels f\u00f6rsvarsmakt och underr\u00e4ttelsetj\u00e4nst totalt. Uttalanden om ett kolossalt \u201dunderr\u00e4ttelsemisslyckande\u201d spreds snabbt i konfliktens k\u00f6lvatten med liknelser som 11 september och Pearl Harbor.<\/p>\n<p style=\"font-weight: 400;\">Aldrig tidigare har underr\u00e4ttelsetj\u00e4nst och hemlig verksamhet s\u00e5 tydligt dominerat den globala agendan. Axel och Margaret Ax:son Johnsons Stiftelse f\u00f6r allm\u00e4nnyttiga \u00e4ndam\u00e5l presenterar h\u00e4r ett underr\u00e4ttelse- och s\u00e4kerhetsseminarium f\u00f6r att utforska dessa fr\u00e5gor. Seminariet organiseras i samarbete med Ax:son Johnson Institute for Statecraft and Diplomacy (AJI) och cirkulerar kring temat \u201dUnderr\u00e4ttelse, kommunikation och samtida konflikt\u201d. Det sammanf\u00f6r v\u00e4rldsledande underr\u00e4ttelsevetare och praktiker f\u00f6r att unders\u00f6ka vilken roll hemlig och offentlig information spelar n\u00e4r det kommer till att inleda eller stoppa konflikter och att utk\u00e4mpa krig, s\u00e5v\u00e4l i det f\u00f6rflutna som idag.<\/p>\n    <\/div>\n<\/div>\n\n\n<div class=\"first:mt-8 first:sm:mt-16 not-first:mb-8 not-first:sm:mb-16\">\n\n    \n    <section class=\"section-x-padding py-4 bg-beige-400 mx-auto section-inner-width\">\n\n        <h3 class=\"heading-sm sm:heading-lg mt-1 mb-2\">Talare<\/h3>\n\n                <div class=\"\n                group text-black border-red-200 border-b-1\n                last:border-b-0 sm:border-b pt-5             \">\n            <div class=\"flex justify-between items-center pb-2\">\n\n                <div class=\"w-11\/12 space-y-1.5\">\n                    <p class=\"heading-xs sm:heading-sm uppercase max-w-[720px]\">\n                        Gill Bennett                    <\/p>\n                    <p class=\"body-sm font-crimsontext font-light leading-tight antialiased-none italic max-w-[530px]\">\n                        Historiker och tidigare chefshistoriker vid British Foreign and Commonwealth Office                    <\/p>\n                <\/div>\n\n                            <\/div>\n\n            <div class=\"accordion-answer overflow-hidden body-sm font-crimsontext w-9\/12 mb-3\">\n                            <\/div>\n        <\/div>\n                <div class=\"\n                group text-black border-red-200 border-b-1\n                last:border-b-0 sm:border-b pt-5             \">\n            <div class=\"flex justify-between items-center pb-2\">\n\n                <div class=\"w-11\/12 space-y-1.5\">\n                    <p class=\"heading-xs sm:heading-sm uppercase max-w-[720px]\">\n                        Kristin Ven Bruusgaard                    <\/p>\n                    <p class=\"body-sm font-crimsontext font-light leading-tight antialiased-none italic max-w-[530px]\">\n                        Chef f\u00f6r norska Etterretningsskolen                    <\/p>\n                <\/div>\n\n                            <\/div>\n\n            <div class=\"accordion-answer overflow-hidden body-sm font-crimsontext w-9\/12 mb-3\">\n                            <\/div>\n        <\/div>\n                <div class=\"\n                group text-black border-red-200 border-b-1\n                last:border-b-0 sm:border-b pt-5             \">\n            <div class=\"flex justify-between items-center pb-2\">\n\n                <div class=\"w-11\/12 space-y-1.5\">\n                    <p class=\"heading-xs sm:heading-sm uppercase max-w-[720px]\">\n                        Sara Bush Castro                    <\/p>\n                    <p class=\"body-sm font-crimsontext font-light leading-tight antialiased-none italic max-w-[530px]\">\n                        Assistant Professor i historia vid United States Air Force Academy i Colorado Springs                    <\/p>\n                <\/div>\n\n                            <\/div>\n\n            <div class=\"accordion-answer overflow-hidden body-sm font-crimsontext w-9\/12 mb-3\">\n                            <\/div>\n        <\/div>\n                <div class=\"\n                group text-black border-red-200 border-b-1\n                last:border-b-0 sm:border-b pt-5             \">\n            <div class=\"flex justify-between items-center pb-2\">\n\n                <div class=\"w-11\/12 space-y-1.5\">\n                    <p class=\"heading-xs sm:heading-sm uppercase max-w-[720px]\">\n                        Philip Davies                    <\/p>\n                    <p class=\"body-sm font-crimsontext font-light leading-tight antialiased-none italic max-w-[530px]\">\n                        Professor of Intelligence Studies vid Brunel University London och f\u00f6rest\u00e5ndare f\u00f6r Brunel Centre for Intelligence and Security Studies (BCISS)                    <\/p>\n                <\/div>\n\n                            <\/div>\n\n            <div class=\"accordion-answer overflow-hidden body-sm font-crimsontext w-9\/12 mb-3\">\n                            <\/div>\n        <\/div>\n                <div class=\"\n                group text-black border-red-200 border-b-1\n                last:border-b-0 sm:border-b pt-5             \">\n            <div class=\"flex justify-between items-center pb-2\">\n\n                <div class=\"w-11\/12 space-y-1.5\">\n                    <p class=\"heading-xs sm:heading-sm uppercase max-w-[720px]\">\n                        John Ferris                    <\/p>\n                    <p class=\"body-sm font-crimsontext font-light leading-tight antialiased-none italic max-w-[530px]\">\n                        Nyligen pensionerad professor i historia vid University of Calgary och auktoriserad historiker vid Storbritanniens Government Communications Headquarters (GCHQ)                    <\/p>\n                <\/div>\n\n                            <\/div>\n\n            <div class=\"accordion-answer overflow-hidden body-sm font-crimsontext w-9\/12 mb-3\">\n                            <\/div>\n        <\/div>\n                <div class=\"\n                group text-black border-red-200 border-b-1\n                last:border-b-0 sm:border-b pt-5             \">\n            <div class=\"flex justify-between items-center pb-2\">\n\n                <div class=\"w-11\/12 space-y-1.5\">\n                    <p class=\"heading-xs sm:heading-sm uppercase max-w-[720px]\">\n                        Matthew Ford                    <\/p>\n                    <p class=\"body-sm font-crimsontext font-light leading-tight antialiased-none italic max-w-[530px]\">\n                        Universitetslektor och docent vid institutionen f\u00f6r krigsvetenskap och milit\u00e4rhistoria vid svenska F\u00f6rsvarsh\u00f6gskolan                    <\/p>\n                <\/div>\n\n                            <\/div>\n\n            <div class=\"accordion-answer overflow-hidden body-sm font-crimsontext w-9\/12 mb-3\">\n                            <\/div>\n        <\/div>\n                <div class=\"\n                group text-black border-red-200 border-b-1\n                last:border-b-0 sm:border-b pt-5             \">\n            <div class=\"flex justify-between items-center pb-2\">\n\n                <div class=\"w-11\/12 space-y-1.5\">\n                    <p class=\"heading-xs sm:heading-sm uppercase max-w-[720px]\">\n                        Michael Goodman                    <\/p>\n                    <p class=\"body-sm font-crimsontext font-light leading-tight antialiased-none italic max-w-[530px]\">\n                        Professor of Intelligence and International Affairs samt tidigare chef f\u00f6r institutionen f\u00f6r krigsvetenskap, chef f\u00f6r King\u2019s Centre for the Study of Intelligence och officiell historiker vid Storbritanniens Joint Intelligence Committee (JIC)                    <\/p>\n                <\/div>\n\n                            <\/div>\n\n            <div class=\"accordion-answer overflow-hidden body-sm font-crimsontext w-9\/12 mb-3\">\n                            <\/div>\n        <\/div>\n                <div class=\"\n                group text-black border-red-200 border-b-1\n                last:border-b-0 sm:border-b pt-5             \">\n            <div class=\"flex justify-between items-center pb-2\">\n\n                <div class=\"w-11\/12 space-y-1.5\">\n                    <p class=\"heading-xs sm:heading-sm uppercase max-w-[720px]\">\n                        Lena Hallin                    <\/p>\n                    <p class=\"body-sm font-crimsontext font-light leading-tight antialiased-none italic max-w-[530px]\">\n                        Pensionerad flygvapenofficer och tidigare chef f\u00f6r svenska milit\u00e4ra underr\u00e4ttelse- och s\u00e4kerhetstj\u00e4nsten (MUST)                    <\/p>\n                <\/div>\n\n                            <\/div>\n\n            <div class=\"accordion-answer overflow-hidden body-sm font-crimsontext w-9\/12 mb-3\">\n                            <\/div>\n        <\/div>\n                <div class=\"\n                group text-black border-red-200 border-b-1\n                last:border-b-0 sm:border-b pt-5             \">\n            <div class=\"flex justify-between items-center pb-2\">\n\n                <div class=\"w-11\/12 space-y-1.5\">\n                    <p class=\"heading-xs sm:heading-sm uppercase max-w-[720px]\">\n                        Matthew Hefler                    <\/p>\n                    <p class=\"body-sm font-crimsontext font-light leading-tight antialiased-none italic max-w-[530px]\">\n                        Postdoctoral Fellow vid Ax:son Johnson Institute for Statecraft and Diplomacy vid Center for Statecraft and Strategic Communication, Handelsh\u00f6gskolan i Stockholm                    <\/p>\n                <\/div>\n\n                            <\/div>\n\n            <div class=\"accordion-answer overflow-hidden body-sm font-crimsontext w-9\/12 mb-3\">\n                            <\/div>\n        <\/div>\n                <div class=\"\n                group text-black border-red-200 border-b-1\n                last:border-b-0 sm:border-b pt-5             \">\n            <div class=\"flex justify-between items-center pb-2\">\n\n                <div class=\"w-11\/12 space-y-1.5\">\n                    <p class=\"heading-xs sm:heading-sm uppercase max-w-[720px]\">\n                        Magnus Hjort                    <\/p>\n                    <p class=\"body-sm font-crimsontext font-light leading-tight antialiased-none italic max-w-[530px]\">\n                        Generaldirekt\u00f6r f\u00f6r Myndigheten f\u00f6r psykologiskt f\u00f6rsvar i Sverige                    <\/p>\n                <\/div>\n\n                            <\/div>\n\n            <div class=\"accordion-answer overflow-hidden body-sm font-crimsontext w-9\/12 mb-3\">\n                            <\/div>\n        <\/div>\n                <div class=\"\n                group text-black border-red-200 border-b-1\n                last:border-b-0 sm:border-b pt-5             \">\n            <div class=\"flex justify-between items-center pb-2\">\n\n                <div class=\"w-11\/12 space-y-1.5\">\n                    <p class=\"heading-xs sm:heading-sm uppercase max-w-[720px]\">\n                        Donald Hodge                    <\/p>\n                    <p class=\"body-sm font-crimsontext font-light leading-tight antialiased-none italic max-w-[530px]\">\n                        Senior Executive vid amerikanska Office of the Director of National Intelligence (ODNI)                    <\/p>\n                <\/div>\n\n                            <\/div>\n\n            <div class=\"accordion-answer overflow-hidden body-sm font-crimsontext w-9\/12 mb-3\">\n                            <\/div>\n        <\/div>\n                <div class=\"\n                group text-black border-red-200 border-b-1\n                last:border-b-0 sm:border-b pt-5             \">\n            <div class=\"flex justify-between items-center pb-2\">\n\n                <div class=\"w-11\/12 space-y-1.5\">\n                    <p class=\"heading-xs sm:heading-sm uppercase max-w-[720px]\">\n                        Tony Ingesson                    <\/p>\n                    <p class=\"body-sm font-crimsontext font-light leading-tight antialiased-none italic max-w-[530px]\">\n                        Bitr\u00e4dande universitetslektor vid Statsvetenskapliga institutionen vid Lunds universitet                    <\/p>\n                <\/div>\n\n                            <\/div>\n\n            <div class=\"accordion-answer overflow-hidden body-sm font-crimsontext w-9\/12 mb-3\">\n                            <\/div>\n        <\/div>\n                <div class=\"\n                group text-black border-red-200 border-b-1\n                last:border-b-0 sm:border-b pt-5             \">\n            <div class=\"flex justify-between items-center pb-2\">\n\n                <div class=\"w-11\/12 space-y-1.5\">\n                    <p class=\"heading-xs sm:heading-sm uppercase max-w-[720px]\">\n                        Shashank Joshi                    <\/p>\n                    <p class=\"body-sm font-crimsontext font-light leading-tight antialiased-none italic max-w-[530px]\">\n                        Defence Editor f\u00f6r The Economist och Visiting Research Fellow vid Departent of War Studies, King\u2019s College London                    <\/p>\n                <\/div>\n\n                            <\/div>\n\n            <div class=\"accordion-answer overflow-hidden body-sm font-crimsontext w-9\/12 mb-3\">\n                            <\/div>\n        <\/div>\n                <div class=\"\n                group text-black border-red-200 border-b-1\n                last:border-b-0 sm:border-b pt-5             \">\n            <div class=\"flex justify-between items-center pb-2\">\n\n                <div class=\"w-11\/12 space-y-1.5\">\n                    <p class=\"heading-xs sm:heading-sm uppercase max-w-[720px]\">\n                        Suzanne Raine                    <\/p>\n                    <p class=\"body-sm font-crimsontext font-light leading-tight antialiased-none italic max-w-[530px]\">\n                        Affiliate Lecturer vid Centre for Geopolitics vid University of Cambrige och tidigare karri\u00e4rtj\u00e4nsteman i British Foreign and Commonwealth Office f\u00f6r utrikes- och nationella s\u00e4kerhetsfr\u00e5gor                    <\/p>\n                <\/div>\n\n                            <\/div>\n\n            <div class=\"accordion-answer overflow-hidden body-sm font-crimsontext w-9\/12 mb-3\">\n                            <\/div>\n        <\/div>\n                <div class=\"\n                group text-black border-red-200 border-b-1\n                last:border-b-0 sm:border-b pt-5             \">\n            <div class=\"flex justify-between items-center pb-2\">\n\n                <div class=\"w-11\/12 space-y-1.5\">\n                    <p class=\"heading-xs sm:heading-sm uppercase max-w-[720px]\">\n                        Daniela Richterova                    <\/p>\n                    <p class=\"body-sm font-crimsontext font-light leading-tight antialiased-none italic max-w-[530px]\">\n                        Senior Lecturer in Intelligence Studies vid Department of War Studies, King\u2019s College, London och bitr\u00e4dande chef f\u00f6r King\u2019s Centre for the Study of Intelligence                    <\/p>\n                <\/div>\n\n                            <\/div>\n\n            <div class=\"accordion-answer overflow-hidden body-sm font-crimsontext w-9\/12 mb-3\">\n                            <\/div>\n        <\/div>\n                <div class=\"\n                group text-black border-red-200 border-b-1\n                last:border-b-0 sm:border-b pt-5             \">\n            <div class=\"flex justify-between items-center pb-2\">\n\n                <div class=\"w-11\/12 space-y-1.5\">\n                    <p class=\"heading-xs sm:heading-sm uppercase max-w-[720px]\">\n                        Calder Walton                    <\/p>\n                    <p class=\"body-sm font-crimsontext font-light leading-tight antialiased-none italic max-w-[530px]\">\n                        Historiker och bitr\u00e4dande chef f\u00f6r Applied History Project och Intelligence Project vid The Belfer Center for Science and International Affairs, John F. Kennedy School of Government, Harvard University                    <\/p>\n                <\/div>\n\n                            <\/div>\n\n            <div class=\"accordion-answer overflow-hidden body-sm font-crimsontext w-9\/12 mb-3\">\n                            <\/div>\n        <\/div>\n                <div class=\"\n                group text-black border-red-200 border-b-1\n                last:border-b-0 sm:border-b pt-5             \">\n            <div class=\"flex justify-between items-center pb-2\">\n\n                <div class=\"w-11\/12 space-y-1.5\">\n                    <p class=\"heading-xs sm:heading-sm uppercase max-w-[720px]\">\n                        Steven Wagner                    <\/p>\n                    <p class=\"body-sm font-crimsontext font-light leading-tight antialiased-none italic max-w-[530px]\">\n                        Senior Lecturer in International Security vid Brunel University London och vid University of Virginia                    <\/p>\n                <\/div>\n\n                            <\/div>\n\n            <div class=\"accordion-answer overflow-hidden body-sm font-crimsontext w-9\/12 mb-3\">\n                            <\/div>\n        <\/div>\n        \n    <\/section>\n<\/div>","protected":false},"parent":0,"menu_order":0,"template":"","class_list":["post-3287","seminar","type-seminar","status-publish","hentry"],"acf":[],"yoast_head":"<!-- This site is optimized with the Yoast SEO plugin v27.4 - https:\/\/yoast.com\/product\/yoast-seo-wordpress\/ -->\n<title>Underr\u00e4ttelse och s\u00e4kerhet - Axel and Margaret Ax:son Johnson Foundation for public benefit<\/title>\n<meta name=\"robots\" content=\"index, follow, max-snippet:-1, max-image-preview:large, max-video-preview:-1\" \/>\n<link rel=\"canonical\" href=\"https:\/\/axsonjohnsonfoundation.org\/sv\/seminarier\/underrattelse-och-sakerhet\/\" \/>\n<meta property=\"og:locale\" content=\"sv_SE\" \/>\n<meta property=\"og:type\" content=\"article\" \/>\n<meta property=\"og:title\" content=\"Underr\u00e4ttelse och s\u00e4kerhet - Axel and Margaret Ax:son Johnson Foundation for public benefit\" \/>\n<meta property=\"og:url\" content=\"https:\/\/axsonjohnsonfoundation.org\/sv\/seminarier\/underrattelse-och-sakerhet\/\" \/>\n<meta property=\"og:site_name\" content=\"Axel and Margaret Ax:son Johnson Foundation for public benefit\" \/>\n<meta property=\"article:modified_time\" content=\"2024-04-30T09:43:57+00:00\" \/>\n<meta property=\"og:image\" content=\"https:\/\/axsonjohnsonfoundation.org\/wp-content\/uploads\/2022\/05\/big-placeholder-people-1.jpeg\" \/>\n\t<meta property=\"og:image:width\" content=\"1088\" \/>\n\t<meta property=\"og:image:height\" content=\"612\" \/>\n\t<meta property=\"og:image:type\" content=\"image\/jpeg\" \/>\n<meta name=\"twitter:card\" content=\"summary_large_image\" \/>\n<script type=\"application\/ld+json\" class=\"yoast-schema-graph\">{\"@context\":\"https:\\\/\\\/schema.org\",\"@graph\":[{\"@type\":\"WebPage\",\"@id\":\"https:\\\/\\\/axsonjohnsonfoundation.org\\\/sv\\\/seminarier\\\/underrattelse-och-sakerhet\\\/\",\"url\":\"https:\\\/\\\/axsonjohnsonfoundation.org\\\/sv\\\/seminarier\\\/underrattelse-och-sakerhet\\\/\",\"name\":\"Underr\u00e4ttelse och s\u00e4kerhet - Axel and Margaret Ax:son Johnson Foundation for public benefit\",\"isPartOf\":{\"@id\":\"https:\\\/\\\/axsonjohnsonfoundation.org\\\/sv\\\/#website\"},\"datePublished\":\"2023-11-17T14:55:00+00:00\",\"dateModified\":\"2024-04-30T09:43:57+00:00\",\"breadcrumb\":{\"@id\":\"https:\\\/\\\/axsonjohnsonfoundation.org\\\/sv\\\/seminarier\\\/underrattelse-och-sakerhet\\\/#breadcrumb\"},\"inLanguage\":\"sv-SE\",\"potentialAction\":[{\"@type\":\"ReadAction\",\"target\":[\"https:\\\/\\\/axsonjohnsonfoundation.org\\\/sv\\\/seminarier\\\/underrattelse-och-sakerhet\\\/\"]}]},{\"@type\":\"BreadcrumbList\",\"@id\":\"https:\\\/\\\/axsonjohnsonfoundation.org\\\/sv\\\/seminarier\\\/underrattelse-och-sakerhet\\\/#breadcrumb\",\"itemListElement\":[{\"@type\":\"ListItem\",\"position\":1,\"name\":\"Start\",\"item\":\"\\\/sv\\\/\"},{\"@type\":\"ListItem\",\"position\":2,\"name\":\"Seminarier\",\"item\":\"\\\/sv\\\/seminarier\"},{\"@type\":\"ListItem\",\"position\":3,\"name\":\"Underr\u00e4ttelse och s\u00e4kerhet\"}]},{\"@type\":\"WebSite\",\"@id\":\"https:\\\/\\\/axsonjohnsonfoundation.org\\\/sv\\\/#website\",\"url\":\"https:\\\/\\\/axsonjohnsonfoundation.org\\\/sv\\\/\",\"name\":\"Axel and Margaret Ax:son Johnson Foundation for public benefit\",\"description\":\"Promoting scientific and scholarly research\",\"potentialAction\":[{\"@type\":\"SearchAction\",\"target\":{\"@type\":\"EntryPoint\",\"urlTemplate\":\"https:\\\/\\\/axsonjohnsonfoundation.org\\\/sv\\\/?s={search_term_string}\"},\"query-input\":{\"@type\":\"PropertyValueSpecification\",\"valueRequired\":true,\"valueName\":\"search_term_string\"}}],\"inLanguage\":\"sv-SE\"}]}<\/script>\n<!-- \/ Yoast SEO plugin. -->","yoast_head_json":{"title":"Underr\u00e4ttelse och s\u00e4kerhet - Axel and Margaret Ax:son Johnson Foundation for public benefit","robots":{"index":"index","follow":"follow","max-snippet":"max-snippet:-1","max-image-preview":"max-image-preview:large","max-video-preview":"max-video-preview:-1"},"canonical":"https:\/\/axsonjohnsonfoundation.org\/sv\/seminarier\/underrattelse-och-sakerhet\/","og_locale":"sv_SE","og_type":"article","og_title":"Underr\u00e4ttelse och s\u00e4kerhet - Axel and Margaret Ax:son Johnson Foundation for public benefit","og_url":"https:\/\/axsonjohnsonfoundation.org\/sv\/seminarier\/underrattelse-och-sakerhet\/","og_site_name":"Axel and Margaret Ax:son Johnson Foundation for public benefit","article_modified_time":"2024-04-30T09:43:57+00:00","og_image":[{"width":1088,"height":612,"url":"https:\/\/axsonjohnsonfoundation.org\/wp-content\/uploads\/2022\/05\/big-placeholder-people-1.jpeg","type":"image\/jpeg"}],"twitter_card":"summary_large_image","schema":{"@context":"https:\/\/schema.org","@graph":[{"@type":"WebPage","@id":"https:\/\/axsonjohnsonfoundation.org\/sv\/seminarier\/underrattelse-och-sakerhet\/","url":"https:\/\/axsonjohnsonfoundation.org\/sv\/seminarier\/underrattelse-och-sakerhet\/","name":"Underr\u00e4ttelse och s\u00e4kerhet - Axel and Margaret Ax:son Johnson Foundation for public benefit","isPartOf":{"@id":"https:\/\/axsonjohnsonfoundation.org\/sv\/#website"},"datePublished":"2023-11-17T14:55:00+00:00","dateModified":"2024-04-30T09:43:57+00:00","breadcrumb":{"@id":"https:\/\/axsonjohnsonfoundation.org\/sv\/seminarier\/underrattelse-och-sakerhet\/#breadcrumb"},"inLanguage":"sv-SE","potentialAction":[{"@type":"ReadAction","target":["https:\/\/axsonjohnsonfoundation.org\/sv\/seminarier\/underrattelse-och-sakerhet\/"]}]},{"@type":"BreadcrumbList","@id":"https:\/\/axsonjohnsonfoundation.org\/sv\/seminarier\/underrattelse-och-sakerhet\/#breadcrumb","itemListElement":[{"@type":"ListItem","position":1,"name":"Start","item":"\/sv\/"},{"@type":"ListItem","position":2,"name":"Seminarier","item":"\/sv\/seminarier"},{"@type":"ListItem","position":3,"name":"Underr\u00e4ttelse och s\u00e4kerhet"}]},{"@type":"WebSite","@id":"https:\/\/axsonjohnsonfoundation.org\/sv\/#website","url":"https:\/\/axsonjohnsonfoundation.org\/sv\/","name":"Axel and Margaret Ax:son Johnson Foundation for public benefit","description":"Promoting scientific and scholarly research","potentialAction":[{"@type":"SearchAction","target":{"@type":"EntryPoint","urlTemplate":"https:\/\/axsonjohnsonfoundation.org\/sv\/?s={search_term_string}"},"query-input":{"@type":"PropertyValueSpecification","valueRequired":true,"valueName":"search_term_string"}}],"inLanguage":"sv-SE"}]}},"_links":{"self":[{"href":"https:\/\/axsonjohnsonfoundation.org\/sv\/wp-json\/wp\/v2\/seminar\/3287","targetHints":{"allow":["GET"]}}],"collection":[{"href":"https:\/\/axsonjohnsonfoundation.org\/sv\/wp-json\/wp\/v2\/seminar"}],"about":[{"href":"https:\/\/axsonjohnsonfoundation.org\/sv\/wp-json\/wp\/v2\/types\/seminar"}],"wp:attachment":[{"href":"https:\/\/axsonjohnsonfoundation.org\/sv\/wp-json\/wp\/v2\/media?parent=3287"}],"curies":[{"name":"wp","href":"https:\/\/api.w.org\/{rel}","templated":true}]}}