{"id":3847,"date":"2025-06-16T07:51:59","date_gmt":"2025-06-16T07:51:59","guid":{"rendered":"https:\/\/axsonjohnsonfoundation.org\/?post_type=seminar&#038;p=3847"},"modified":"2025-06-18T07:01:35","modified_gmt":"2025-06-18T07:01:35","slug":"mellanosterns-historia-trons-imperier","status":"publish","type":"seminar","link":"https:\/\/axsonjohnsonfoundation.org\/sv\/seminarier\/mellanosterns-historia-trons-imperier\/","title":{"rendered":"Engelsbergsseminariet 2025: MELLAN\u00d6STERNS HISTORIA \u2013 TRONS IMPERIER"},"content":{"rendered":"\n<div class=\"section-x-padding\">\n    <p class=\"body-xl section-inner-width mx-auto my-8\">\n        Alla f\u00f6rs\u00f6k att f\u00f6rdjupa v\u00e5r kunskap om Mellan\u00f6stern var tvungna att b\u00f6rja med att definiera regionen. Paradoxalt nog var namnet vi anv\u00e4nder f\u00f6r v\u00e5r civilisations vagga modernt, myntat i b\u00f6rjan av 1900-talet. Omr\u00e5det som betraktades och diskuterades str\u00e4ckte sig fr\u00e5n Marocko i v\u00e4st till Iran i \u00f6st, fr\u00e5n Turkiet i norr till Sudan i s\u00f6der. \u00c4nd\u00e5 var m\u00e5nga fortfarande oense om var gr\u00e4nserna skulle dras.    <\/p>\n<\/div>\n\n\n<div class=\"section-x-padding\">\n    <div class=\"wysiwyg section-inner-width mx-auto my-8\">\n        <p data-pm-slice=\"1 1 []\">F\u00f6r de flesta av oss som f\u00f6ljer nyheterna har den verkliga ber\u00e4ttelsen om Mellan\u00f6stern \u2013 fr\u00e5n de persiska rikena, Alexander den stores er\u00f6vringar, f\u00f6rst\u00f6relsen av det andra templet i Jerusalem \u00e5r 70 e.Kr., framv\u00e4xten av kristendomen och islam, de arabiska er\u00f6vringarna, uppkomsten av inflytelserika imperier som de egyptiska mamlukerna och osmanerna, till Saudi\u2013Wahhabi-pakten p\u00e5 1700-talet \u2013 ofta f\u00f6rblivit ober\u00e4ttad.<\/p>\n<p>Att f\u00f6rst\u00e5 den rika mosaik av folk, religioner och kulturer som pr\u00e4glade dessa omr\u00e5den var ingen l\u00e4tt uppgift. Hur hade religionens, civilisationens och imperieambitionernas krafter format regionen? Vad gjorde just detta geopolitiska omr\u00e5de till en br\u00e4nnpunkt f\u00f6r s\u00e5 m\u00e5nga konflikter, b\u00e5de religi\u00f6sa och v\u00e4rldsliga, under \u00e5rtusenden?<\/p>\n<p>Mellan\u00f6stern har alltid varit en korsv\u00e4g f\u00f6r kontinenter, handel och er\u00f6vring. Dess centrala l\u00e4ge och m\u00e5ngfald f\u00f6rde med sig materiell rikedom, kulturella skatter och ett extraordin\u00e4rt kunskapsutbyte. Samtidigt ledde det till konflikter, instabilitet och l\u00e5nga, bittra krig. Men d\u00e4r fanns \u00e4ven ett brett spektrum av \u00f6msesidigt gynnsamma allianser mellan europeiska och mellan\u00f6sternmakter. F\u00f6r att kunna hantera dagens och morgondagens komplexitet i Mellan\u00f6stern var det avg\u00f6rande att f\u00f6rst\u00e5 dess historia.<\/p>\n<p>Engelsbergsseminariet 2025 syftade till att belysa Mellan\u00f6sterns historia och understryka dess gr\u00e4ns\u00f6verskridande betydelse som f\u00f6delseplats f\u00f6r m\u00e5nga v\u00e4rldsreligioner och de trosimperier som f\u00f6ljde, v\u00e4xte och utvecklades. V\u00e5r tid kr\u00e4ver en omfattande kunskap om regionens historiska, religi\u00f6sa och kulturella brytpunkter f\u00f6r att b\u00e4ttre f\u00f6rst\u00e5 dess nutida turbulens.<\/p>\n    <\/div>\n<\/div>\n\n\n<div class=\"first:mt-8 first:sm:mt-16 not-first:mb-8 not-first:sm:mb-16\">\n\n        <h2 class=\"<md:section-x-padding heading-lg mx-auto section-inner-width mt-10 sm:mt-12 mb-6\">\n        Medverkande    <\/h2>\n    \n    <section class=\"section-x-padding py-4 bg-beige-400 mx-auto section-inner-width\">\n\n        <h3 class=\"heading-sm sm:heading-lg mt-1 mb-2\">Tidiga trosimperier<\/h3>\n\n                <div class=\"\n                group text-black border-red-200 border-b-1\n                last:border-b-0 sm:border-b pt-5             \">\n            <div class=\"flex justify-between items-center pb-2\">\n\n                <div class=\"w-11\/12 space-y-1.5\">\n                    <p class=\"heading-xs sm:heading-sm uppercase max-w-[720px]\">\n                        MARK RONAN                    <\/p>\n                    <p class=\"body-sm font-crimsontext font-light leading-tight antialiased-none italic max-w-[530px]\">\n                        Hedersprofessor i matematik vid University College London                    <\/p>\n                <\/div>\n\n                            <\/div>\n\n            <div class=\"accordion-answer overflow-hidden body-sm font-crimsontext w-9\/12 mb-3\">\n                            <\/div>\n        <\/div>\n                <div class=\"\n                group text-black border-red-200 border-b-1\n                last:border-b-0 sm:border-b pt-5             \">\n            <div class=\"flex justify-between items-center pb-2\">\n\n                <div class=\"w-11\/12 space-y-1.5\">\n                    <p class=\"heading-xs sm:heading-sm uppercase max-w-[720px]\">\n                        ALI M. ANSARI                    <\/p>\n                    <p class=\"body-sm font-crimsontext font-light leading-tight antialiased-none italic max-w-[530px]\">\n                        Professor i iransk historia och grundande direkt\u00f6r f\u00f6r Institute for Iranian Studies vid University of St Andrews                    <\/p>\n                <\/div>\n\n                            <\/div>\n\n            <div class=\"accordion-answer overflow-hidden body-sm font-crimsontext w-9\/12 mb-3\">\n                            <\/div>\n        <\/div>\n                <div class=\"\n                group text-black border-red-200 border-b-1\n                last:border-b-0 sm:border-b pt-5             \">\n            <div class=\"flex justify-between items-center pb-2\">\n\n                <div class=\"w-11\/12 space-y-1.5\">\n                    <p class=\"heading-xs sm:heading-sm uppercase max-w-[720px]\">\n                        AMBER GARTRELL                    <\/p>\n                    <p class=\"body-sm font-crimsontext font-light leading-tight antialiased-none italic max-w-[530px]\">\n                        Universitetslektor i romersk historia vid Historiska institutionen vid University College London                    <\/p>\n                <\/div>\n\n                            <\/div>\n\n            <div class=\"accordion-answer overflow-hidden body-sm font-crimsontext w-9\/12 mb-3\">\n                            <\/div>\n        <\/div>\n                <div class=\"\n                group text-black border-red-200 border-b-1\n                last:border-b-0 sm:border-b pt-5             \">\n            <div class=\"flex justify-between items-center pb-2\">\n\n                <div class=\"w-11\/12 space-y-1.5\">\n                    <p class=\"heading-xs sm:heading-sm uppercase max-w-[720px]\">\n                        MARTIN GOODMAN                    <\/p>\n                    <p class=\"body-sm font-crimsontext font-light leading-tight antialiased-none italic max-w-[530px]\">\n                        Professor emeritus i judiska studier vid Oxfords universitet och ledamot av British Academy                    <\/p>\n                <\/div>\n\n                            <\/div>\n\n            <div class=\"accordion-answer overflow-hidden body-sm font-crimsontext w-9\/12 mb-3\">\n                            <\/div>\n        <\/div>\n        \n    <\/section>\n<\/div>\n\n\n<div class=\"first:mt-8 first:sm:mt-16 not-first:mb-8 not-first:sm:mb-16\">\n\n    \n    <section class=\"section-x-padding py-4 bg-beige-400 mx-auto section-inner-width\">\n\n        <h3 class=\"heading-sm sm:heading-lg mt-1 mb-2\">Att forma tron och imperiet fr\u00e5n Bysans till korst\u00e5gen<\/h3>\n\n                <div class=\"\n                group text-black border-red-200 border-b-1\n                last:border-b-0 sm:border-b pt-5             \">\n            <div class=\"flex justify-between items-center pb-2\">\n\n                <div class=\"w-11\/12 space-y-1.5\">\n                    <p class=\"heading-xs sm:heading-sm uppercase max-w-[720px]\">\n                        PETER SARRIS                    <\/p>\n                    <p class=\"body-sm font-crimsontext font-light leading-tight antialiased-none italic max-w-[530px]\">\n                        Professor i senantikens, medeltidens och bysantinska studier vid University of Cambridge                    <\/p>\n                <\/div>\n\n                            <\/div>\n\n            <div class=\"accordion-answer overflow-hidden body-sm font-crimsontext w-9\/12 mb-3\">\n                            <\/div>\n        <\/div>\n                <div class=\"\n                group text-black border-red-200 border-b-1\n                last:border-b-0 sm:border-b pt-5             \">\n            <div class=\"flex justify-between items-center pb-2\">\n\n                <div class=\"w-11\/12 space-y-1.5\">\n                    <p class=\"heading-xs sm:heading-sm uppercase max-w-[720px]\">\n                        HUGH KENNEDY                    <\/p>\n                    <p class=\"body-sm font-crimsontext font-light leading-tight antialiased-none italic max-w-[530px]\">\n                        Professor vid School of Oriental and African Studies, University of London                    <\/p>\n                <\/div>\n\n                            <\/div>\n\n            <div class=\"accordion-answer overflow-hidden body-sm font-crimsontext w-9\/12 mb-3\">\n                            <\/div>\n        <\/div>\n                <div class=\"\n                group text-black border-red-200 border-b-1\n                last:border-b-0 sm:border-b pt-5             \">\n            <div class=\"flex justify-between items-center pb-2\">\n\n                <div class=\"w-11\/12 space-y-1.5\">\n                    <p class=\"heading-xs sm:heading-sm uppercase max-w-[720px]\">\n                        GENERAL SIR SIMON MAYALL                    <\/p>\n                    <p class=\"body-sm font-crimsontext font-light leading-tight antialiased-none italic max-w-[530px]\">\n                        Tidigare general i brittiska arm\u00e9n                    <\/p>\n                <\/div>\n\n                            <\/div>\n\n            <div class=\"accordion-answer overflow-hidden body-sm font-crimsontext w-9\/12 mb-3\">\n                            <\/div>\n        <\/div>\n        \n    <\/section>\n<\/div>\n\n\n<div class=\"first:mt-8 first:sm:mt-16 not-first:mb-8 not-first:sm:mb-16\">\n\n    \n    <section class=\"section-x-padding py-4 bg-beige-400 mx-auto section-inner-width\">\n\n        <h3 class=\"heading-sm sm:heading-lg mt-1 mb-2\">S\u00e4rskilt anf\u00f6rande<\/h3>\n\n                <div class=\"\n                group text-black border-red-200 border-b-1\n                last:border-b-0 sm:border-b pt-5             \">\n            <div class=\"flex justify-between items-center pb-2\">\n\n                <div class=\"w-11\/12 space-y-1.5\">\n                    <p class=\"heading-xs sm:heading-sm uppercase max-w-[720px]\">\n                        STEPHEN KOTKIN                    <\/p>\n                    <p class=\"body-sm font-crimsontext font-light leading-tight antialiased-none italic max-w-[530px]\">\n                        Kleinheinz Senior Fellow vid Hoover Institution, Stanford University, och Birkelund professor emeritus i historia och internationella relationer vid tidigare Woodrow Wilson School for International and Public Affairs, Princeton University                    <\/p>\n                <\/div>\n\n                            <\/div>\n\n            <div class=\"accordion-answer overflow-hidden body-sm font-crimsontext w-9\/12 mb-3\">\n                            <\/div>\n        <\/div>\n        \n    <\/section>\n<\/div>\n\n\n<div class=\"first:mt-8 first:sm:mt-16 not-first:mb-8 not-first:sm:mb-16\">\n\n    \n    <section class=\"section-x-padding py-4 bg-beige-400 mx-auto section-inner-width\">\n\n        <h3 class=\"heading-sm sm:heading-lg mt-1 mb-2\">Kvarvarande skuggor \/ L\u00e5ng nutid<\/h3>\n\n                <div class=\"\n                group text-black border-red-200 border-b-1\n                last:border-b-0 sm:border-b pt-5             \">\n            <div class=\"flex justify-between items-center pb-2\">\n\n                <div class=\"w-11\/12 space-y-1.5\">\n                    <p class=\"heading-xs sm:heading-sm uppercase max-w-[720px]\">\n                        PETER FRANKOPAN                    <\/p>\n                    <p class=\"body-sm font-crimsontext font-light leading-tight antialiased-none italic max-w-[530px]\">\n                        Professor i global historia vid Oxfords universitet                    <\/p>\n                <\/div>\n\n                            <\/div>\n\n            <div class=\"accordion-answer overflow-hidden body-sm font-crimsontext w-9\/12 mb-3\">\n                            <\/div>\n        <\/div>\n                <div class=\"\n                group text-black border-red-200 border-b-1\n                last:border-b-0 sm:border-b pt-5             \">\n            <div class=\"flex justify-between items-center pb-2\">\n\n                <div class=\"w-11\/12 space-y-1.5\">\n                    <p class=\"heading-xs sm:heading-sm uppercase max-w-[720px]\">\n                        YOSSEF RAPOPORT                    <\/p>\n                    <p class=\"body-sm font-crimsontext font-light leading-tight antialiased-none italic max-w-[530px]\">\n                        Professor i islamisk historia vid Queen Mary University, London                    <\/p>\n                <\/div>\n\n                            <\/div>\n\n            <div class=\"accordion-answer overflow-hidden body-sm font-crimsontext w-9\/12 mb-3\">\n                            <\/div>\n        <\/div>\n                <div class=\"\n                group text-black border-red-200 border-b-1\n                last:border-b-0 sm:border-b pt-5             \">\n            <div class=\"flex justify-between items-center pb-2\">\n\n                <div class=\"w-11\/12 space-y-1.5\">\n                    <p class=\"heading-xs sm:heading-sm uppercase max-w-[720px]\">\n                        HALIL M. KARAVELI                    <\/p>\n                    <p class=\"body-sm font-crimsontext font-light leading-tight antialiased-none italic max-w-[530px]\">\n                        Senior Fellow vid Central Asia-Caucasus Institute and Silk Road Studies Program Joint Center och redakt\u00f6r f\u00f6r Turkey Analyst                    <\/p>\n                <\/div>\n\n                            <\/div>\n\n            <div class=\"accordion-answer overflow-hidden body-sm font-crimsontext w-9\/12 mb-3\">\n                            <\/div>\n        <\/div>\n        \n    <\/section>\n<\/div>\n\n\n<div class=\"first:mt-8 first:sm:mt-16 not-first:mb-8 not-first:sm:mb-16\">\n\n    \n    <section class=\"section-x-padding py-4 bg-beige-400 mx-auto section-inner-width\">\n\n        <h3 class=\"heading-sm sm:heading-lg mt-1 mb-2\">Det l\u00e5nga kulturella utbytet<\/h3>\n\n                <div class=\"\n                group text-black border-red-200 border-b-1\n                last:border-b-0 sm:border-b pt-5             \">\n            <div class=\"flex justify-between items-center pb-2\">\n\n                <div class=\"w-11\/12 space-y-1.5\">\n                    <p class=\"heading-xs sm:heading-sm uppercase max-w-[720px]\">\n                        SELENA WISNOM                    <\/p>\n                    <p class=\"body-sm font-crimsontext font-light leading-tight antialiased-none italic max-w-[530px]\">\n                        Universitetslektor i Mellan\u00f6sterns kulturarv, University of Leicester                    <\/p>\n                <\/div>\n\n                            <\/div>\n\n            <div class=\"accordion-answer overflow-hidden body-sm font-crimsontext w-9\/12 mb-3\">\n                            <\/div>\n        <\/div>\n                <div class=\"\n                group text-black border-red-200 border-b-1\n                last:border-b-0 sm:border-b pt-5             \">\n            <div class=\"flex justify-between items-center pb-2\">\n\n                <div class=\"w-11\/12 space-y-1.5\">\n                    <p class=\"heading-xs sm:heading-sm uppercase max-w-[720px]\">\n                        STEFANIE RUDOLF                    <\/p>\n                    <p class=\"body-sm font-crimsontext font-light leading-tight antialiased-none italic max-w-[530px]\">\n                        Postdoktor vid Max Planck-institutet f\u00f6r vetenskapshistoria i Berlin                    <\/p>\n                <\/div>\n\n                            <\/div>\n\n            <div class=\"accordion-answer overflow-hidden body-sm font-crimsontext w-9\/12 mb-3\">\n                            <\/div>\n        <\/div>\n                <div class=\"\n                group text-black border-red-200 border-b-1\n                last:border-b-0 sm:border-b pt-5             \">\n            <div class=\"flex justify-between items-center pb-2\">\n\n                <div class=\"w-11\/12 space-y-1.5\">\n                    <p class=\"heading-xs sm:heading-sm uppercase max-w-[720px]\">\n                        GABRIEL MARTINEZ-GROS                    <\/p>\n                    <p class=\"body-sm font-crimsontext font-light leading-tight antialiased-none italic max-w-[530px]\">\n                        Professor i medeltidshistoria vid University of Paris-Nanterre                    <\/p>\n                <\/div>\n\n                            <\/div>\n\n            <div class=\"accordion-answer overflow-hidden body-sm font-crimsontext w-9\/12 mb-3\">\n                            <\/div>\n        <\/div>\n                <div class=\"\n                group text-black border-red-200 border-b-1\n                last:border-b-0 sm:border-b pt-5             \">\n            <div class=\"flex justify-between items-center pb-2\">\n\n                <div class=\"w-11\/12 space-y-1.5\">\n                    <p class=\"heading-xs sm:heading-sm uppercase max-w-[720px]\">\n                        ANDREW S. GILMOUR                    <\/p>\n                    <p class=\"body-sm font-crimsontext font-light leading-tight antialiased-none italic max-w-[530px]\">\n                        G\u00e4stforskare vid Center for the Study of Statesmanship, Catholic University of America                    <\/p>\n                <\/div>\n\n                            <\/div>\n\n            <div class=\"accordion-answer overflow-hidden body-sm font-crimsontext w-9\/12 mb-3\">\n                            <\/div>\n        <\/div>\n        \n    <\/section>\n<\/div>\n\n\n<div class=\"first:mt-8 first:sm:mt-16 not-first:mb-8 not-first:sm:mb-16\">\n\n    \n    <section class=\"section-x-padding py-4 bg-beige-400 mx-auto section-inner-width\">\n\n        <h3 class=\"heading-sm sm:heading-lg mt-1 mb-2\">Nationsbyggande<\/h3>\n\n                <div class=\"\n                group text-black border-red-200 border-b-1\n                last:border-b-0 sm:border-b pt-5             \">\n            <div class=\"flex justify-between items-center pb-2\">\n\n                <div class=\"w-11\/12 space-y-1.5\">\n                    <p class=\"heading-xs sm:heading-sm uppercase max-w-[720px]\">\n                        HUGH KENNEDY                    <\/p>\n                    <p class=\"body-sm font-crimsontext font-light leading-tight antialiased-none italic max-w-[530px]\">\n                        Professor vid School of Oriental and African Studies, University of London                    <\/p>\n                <\/div>\n\n                            <\/div>\n\n            <div class=\"accordion-answer overflow-hidden body-sm font-crimsontext w-9\/12 mb-3\">\n                            <\/div>\n        <\/div>\n                <div class=\"\n                group text-black border-red-200 border-b-1\n                last:border-b-0 sm:border-b pt-5             \">\n            <div class=\"flex justify-between items-center pb-2\">\n\n                <div class=\"w-11\/12 space-y-1.5\">\n                    <p class=\"heading-xs sm:heading-sm uppercase max-w-[720px]\">\n                        NATHAN SHACHAR                    <\/p>\n                    <p class=\"body-sm font-crimsontext font-light leading-tight antialiased-none italic max-w-[530px]\">\n                        Journalist och f\u00f6rfattare                    <\/p>\n                <\/div>\n\n                            <\/div>\n\n            <div class=\"accordion-answer overflow-hidden body-sm font-crimsontext w-9\/12 mb-3\">\n                            <\/div>\n        <\/div>\n                <div class=\"\n                group text-black border-red-200 border-b-1\n                last:border-b-0 sm:border-b pt-5             \">\n            <div class=\"flex justify-between items-center pb-2\">\n\n                <div class=\"w-11\/12 space-y-1.5\">\n                    <p class=\"heading-xs sm:heading-sm uppercase max-w-[720px]\">\n                        CHAIM GANS                    <\/p>\n                    <p class=\"body-sm font-crimsontext font-light leading-tight antialiased-none italic max-w-[530px]\">\n                        Professor emeritus i juridik vid juridiska fakulteten, Tel Avivs universitet                    <\/p>\n                <\/div>\n\n                            <\/div>\n\n            <div class=\"accordion-answer overflow-hidden body-sm font-crimsontext w-9\/12 mb-3\">\n                            <\/div>\n        <\/div>\n                <div class=\"\n                group text-black border-red-200 border-b-1\n                last:border-b-0 sm:border-b pt-5             \">\n            <div class=\"flex justify-between items-center pb-2\">\n\n                <div class=\"w-11\/12 space-y-1.5\">\n                    <p class=\"heading-xs sm:heading-sm uppercase max-w-[720px]\">\n                        JAMES BARR                    <\/p>\n                    <p class=\"body-sm font-crimsontext font-light leading-tight antialiased-none italic max-w-[530px]\">\n                        F\u00f6rfattare och journalist                    <\/p>\n                <\/div>\n\n                            <\/div>\n\n            <div class=\"accordion-answer overflow-hidden body-sm font-crimsontext w-9\/12 mb-3\">\n                            <\/div>\n        <\/div>\n        \n    <\/section>\n<\/div>\n\n\n<div class=\"first:mt-8 first:sm:mt-16 not-first:mb-8 not-first:sm:mb-16\">\n\n    \n    <section class=\"section-x-padding py-4 bg-beige-400 mx-auto section-inner-width\">\n\n        <h3 class=\"heading-sm sm:heading-lg mt-1 mb-2\">Att utforska regional dynamik: fallstudier<\/h3>\n\n                <div class=\"\n                group text-black border-red-200 border-b-1\n                last:border-b-0 sm:border-b pt-5             \">\n            <div class=\"flex justify-between items-center pb-2\">\n\n                <div class=\"w-11\/12 space-y-1.5\">\n                    <p class=\"heading-xs sm:heading-sm uppercase max-w-[720px]\">\n                        SIR JOHN JENKINS                    <\/p>\n                    <p class=\"body-sm font-crimsontext font-light leading-tight antialiased-none italic max-w-[530px]\">\n                        Associate Fellow vid Chatham House, ansvarig f\u00f6r Mellan\u00f6stern och Nordafrika vid Cambridge University\u2019s Centre for Geopolitics, Senior Fellow vid Policy Exchange och r\u00e5dgivare \u00e5t Conservative Middle East Council                    <\/p>\n                <\/div>\n\n                            <\/div>\n\n            <div class=\"accordion-answer overflow-hidden body-sm font-crimsontext w-9\/12 mb-3\">\n                            <\/div>\n        <\/div>\n                <div class=\"\n                group text-black border-red-200 border-b-1\n                last:border-b-0 sm:border-b pt-5             \">\n            <div class=\"flex justify-between items-center pb-2\">\n\n                <div class=\"w-11\/12 space-y-1.5\">\n                    <p class=\"heading-xs sm:heading-sm uppercase max-w-[720px]\">\n                        RANIA ABOUZEID                    <\/p>\n                    <p class=\"body-sm font-crimsontext font-light leading-tight antialiased-none italic max-w-[530px]\">\n                        Journalist, f\u00f6rfattare och Fellow vid European Council on Foreign Relations                    <\/p>\n                <\/div>\n\n                            <\/div>\n\n            <div class=\"accordion-answer overflow-hidden body-sm font-crimsontext w-9\/12 mb-3\">\n                            <\/div>\n        <\/div>\n                <div class=\"\n                group text-black border-red-200 border-b-1\n                last:border-b-0 sm:border-b pt-5             \">\n            <div class=\"flex justify-between items-center pb-2\">\n\n                <div class=\"w-11\/12 space-y-1.5\">\n                    <p class=\"heading-xs sm:heading-sm uppercase max-w-[720px]\">\n                        NELLY LAHOUD                    <\/p>\n                    <p class=\"body-sm font-crimsontext font-light leading-tight antialiased-none italic max-w-[530px]\">\n                        Professor i s\u00e4kerhetsstudier vid avdelningen f\u00f6r nationell s\u00e4kerhet och strategi vid US Army War College                    <\/p>\n                <\/div>\n\n                            <\/div>\n\n            <div class=\"accordion-answer overflow-hidden body-sm font-crimsontext w-9\/12 mb-3\">\n                            <\/div>\n        <\/div>\n        \n    <\/section>\n<\/div>\n\n\n<div class=\"first:mt-8 first:sm:mt-16 not-first:mb-8 not-first:sm:mb-16\">\n\n    \n    <section class=\"section-x-padding py-4 bg-beige-400 mx-auto section-inner-width\">\n\n        <h3 class=\"heading-sm sm:heading-lg mt-1 mb-2\">Mot ett nytt Mellan\u00f6stern: Religion, makt och geopolitiska omst\u00e4llningar<\/h3>\n\n                <div class=\"\n                group text-black border-red-200 border-b-1\n                last:border-b-0 sm:border-b pt-5             \">\n            <div class=\"flex justify-between items-center pb-2\">\n\n                <div class=\"w-11\/12 space-y-1.5\">\n                    <p class=\"heading-xs sm:heading-sm uppercase max-w-[720px]\">\n                        JON B. ALTERMAN                    <\/p>\n                    <p class=\"body-sm font-crimsontext font-light leading-tight antialiased-none italic max-w-[530px]\">\n                        Brzezinski Chair i global s\u00e4kerhet och geostrategi vid Center for Strategic and International Studies, Washington D.C.                    <\/p>\n                <\/div>\n\n                            <\/div>\n\n            <div class=\"accordion-answer overflow-hidden body-sm font-crimsontext w-9\/12 mb-3\">\n                            <\/div>\n        <\/div>\n                <div class=\"\n                group text-black border-red-200 border-b-1\n                last:border-b-0 sm:border-b pt-5             \">\n            <div class=\"flex justify-between items-center pb-2\">\n\n                <div class=\"w-11\/12 space-y-1.5\">\n                    <p class=\"heading-xs sm:heading-sm uppercase max-w-[720px]\">\n                        DMITRY ADAMSKY                    <\/p>\n                    <p class=\"body-sm font-crimsontext font-light leading-tight antialiased-none italic max-w-[530px]\">\n                        Chef f\u00f6r hedersprogrammet i strategiska studier vid School of Government, Reichman University, och g\u00e4stforskare vid Oxfords universitet                    <\/p>\n                <\/div>\n\n                            <\/div>\n\n            <div class=\"accordion-answer overflow-hidden body-sm font-crimsontext w-9\/12 mb-3\">\n                            <\/div>\n        <\/div>\n                <div class=\"\n                group text-black border-red-200 border-b-1\n                last:border-b-0 sm:border-b pt-5             \">\n            <div class=\"flex justify-between items-center pb-2\">\n\n                <div class=\"w-11\/12 space-y-1.5\">\n                    <p class=\"heading-xs sm:heading-sm uppercase max-w-[720px]\">\n                        ELISABETH KENDALL                    <\/p>\n                    <p class=\"body-sm font-crimsontext font-light leading-tight antialiased-none italic max-w-[530px]\">\n                        President (Mistress) f\u00f6r Girton College vid University of Cambridge                    <\/p>\n                <\/div>\n\n                            <\/div>\n\n            <div class=\"accordion-answer overflow-hidden body-sm font-crimsontext w-9\/12 mb-3\">\n                            <\/div>\n        <\/div>\n                <div class=\"\n                group text-black border-red-200 border-b-1\n                last:border-b-0 sm:border-b pt-5             \">\n            <div class=\"flex justify-between items-center pb-2\">\n\n                <div class=\"w-11\/12 space-y-1.5\">\n                    <p class=\"heading-xs sm:heading-sm uppercase max-w-[720px]\">\n                        WALTER RUSSELL MEAD                    <\/p>\n                    <p class=\"body-sm font-crimsontext font-light leading-tight antialiased-none italic max-w-[530px]\">\n                        Ravenel B. Curry III Distinguished Fellow i strategi och statsbyggande vid Hudson Institute                    <\/p>\n                <\/div>\n\n                            <\/div>\n\n            <div class=\"accordion-answer overflow-hidden body-sm font-crimsontext w-9\/12 mb-3\">\n                            <\/div>\n        <\/div>\n                <div class=\"\n                group text-black border-red-200 border-b-1\n                last:border-b-0 sm:border-b pt-5             \">\n            <div class=\"flex justify-between items-center pb-2\">\n\n                <div class=\"w-11\/12 space-y-1.5\">\n                    <p class=\"heading-xs sm:heading-sm uppercase max-w-[720px]\">\n                        ALI FATHOLLAH-NEJAD                    <\/p>\n                    <p class=\"body-sm font-crimsontext font-light leading-tight antialiased-none italic max-w-[530px]\">\n                        Grundare och direkt\u00f6r f\u00f6r Center for Middle East and Global Order, Fellow vid University of Bonns Center for Advanced Security, Strategic and Integration Studies                    <\/p>\n                <\/div>\n\n                            <\/div>\n\n            <div class=\"accordion-answer overflow-hidden body-sm font-crimsontext w-9\/12 mb-3\">\n                            <\/div>\n        <\/div>\n                <div class=\"\n                group text-black border-red-200 border-b-1\n                last:border-b-0 sm:border-b pt-5             \">\n            <div class=\"flex justify-between items-center pb-2\">\n\n                <div class=\"w-11\/12 space-y-1.5\">\n                    <p class=\"heading-xs sm:heading-sm uppercase max-w-[720px]\">\n                        EMILE HOKAYEM                    <\/p>\n                    <p class=\"body-sm font-crimsontext font-light leading-tight antialiased-none italic max-w-[530px]\">\n                        Direkt\u00f6r f\u00f6r regional s\u00e4kerhet och Senior Fellow f\u00f6r Mellan\u00f6sterns s\u00e4kerhet vid International Institute for Strategic Studies, London                    <\/p>\n                <\/div>\n\n                            <\/div>\n\n            <div class=\"accordion-answer overflow-hidden body-sm font-crimsontext w-9\/12 mb-3\">\n                            <\/div>\n        <\/div>\n                <div class=\"\n                group text-black border-red-200 border-b-1\n                last:border-b-0 sm:border-b pt-5             \">\n            <div class=\"flex justify-between items-center pb-2\">\n\n                <div class=\"w-11\/12 space-y-1.5\">\n                    <p class=\"heading-xs sm:heading-sm uppercase max-w-[720px]\">\n                        BRENDAN SIMMS                    <\/p>\n                    <p class=\"body-sm font-crimsontext font-light leading-tight antialiased-none italic max-w-[530px]\">\n                        Professor i europeisk internationell relationshistoria och direkt\u00f6r f\u00f6r Centre for Geopolitics vid University of Cambridge                    <\/p>\n                <\/div>\n\n                            <\/div>\n\n            <div class=\"accordion-answer overflow-hidden body-sm font-crimsontext w-9\/12 mb-3\">\n                            <\/div>\n        <\/div>\n        \n    <\/section>\n<\/div>","protected":false},"parent":0,"menu_order":0,"template":"","class_list":["post-3847","seminar","type-seminar","status-publish","hentry"],"acf":[],"yoast_head":"<!-- This site is optimized with the Yoast SEO plugin v27.4 - https:\/\/yoast.com\/product\/yoast-seo-wordpress\/ -->\n<title>Engelsbergsseminariet 2025: MELLAN\u00d6STERNS HISTORIA \u2013 TRONS IMPERIER - Axel and Margaret Ax:son Johnson Foundation for public benefit<\/title>\n<meta name=\"robots\" content=\"index, follow, max-snippet:-1, max-image-preview:large, max-video-preview:-1\" \/>\n<link rel=\"canonical\" href=\"https:\/\/axsonjohnsonfoundation.org\/sv\/seminarier\/mellanosterns-historia-trons-imperier\/\" \/>\n<meta property=\"og:locale\" content=\"sv_SE\" \/>\n<meta property=\"og:type\" content=\"article\" \/>\n<meta property=\"og:title\" content=\"Engelsbergsseminariet 2025: MELLAN\u00d6STERNS HISTORIA \u2013 TRONS IMPERIER - Axel and Margaret Ax:son Johnson Foundation for public benefit\" \/>\n<meta property=\"og:url\" content=\"https:\/\/axsonjohnsonfoundation.org\/sv\/seminarier\/mellanosterns-historia-trons-imperier\/\" \/>\n<meta property=\"og:site_name\" content=\"Axel and Margaret Ax:son Johnson Foundation for public benefit\" \/>\n<meta property=\"article:modified_time\" content=\"2025-06-18T07:01:35+00:00\" \/>\n<meta property=\"og:image\" content=\"https:\/\/axsonjohnsonfoundation.org\/wp-content\/uploads\/2022\/05\/big-placeholder-people-1.jpeg\" \/>\n\t<meta property=\"og:image:width\" content=\"1088\" \/>\n\t<meta property=\"og:image:height\" content=\"612\" \/>\n\t<meta property=\"og:image:type\" content=\"image\/jpeg\" \/>\n<meta name=\"twitter:card\" content=\"summary_large_image\" \/>\n<script type=\"application\/ld+json\" class=\"yoast-schema-graph\">{\"@context\":\"https:\\\/\\\/schema.org\",\"@graph\":[{\"@type\":\"WebPage\",\"@id\":\"https:\\\/\\\/axsonjohnsonfoundation.org\\\/sv\\\/seminarier\\\/mellanosterns-historia-trons-imperier\\\/\",\"url\":\"https:\\\/\\\/axsonjohnsonfoundation.org\\\/sv\\\/seminarier\\\/mellanosterns-historia-trons-imperier\\\/\",\"name\":\"Engelsbergsseminariet 2025: MELLAN\u00d6STERNS HISTORIA \u2013 TRONS IMPERIER - Axel and Margaret Ax:son Johnson Foundation for public benefit\",\"isPartOf\":{\"@id\":\"https:\\\/\\\/axsonjohnsonfoundation.org\\\/sv\\\/#website\"},\"datePublished\":\"2025-06-16T07:51:59+00:00\",\"dateModified\":\"2025-06-18T07:01:35+00:00\",\"breadcrumb\":{\"@id\":\"https:\\\/\\\/axsonjohnsonfoundation.org\\\/sv\\\/seminarier\\\/mellanosterns-historia-trons-imperier\\\/#breadcrumb\"},\"inLanguage\":\"sv-SE\",\"potentialAction\":[{\"@type\":\"ReadAction\",\"target\":[\"https:\\\/\\\/axsonjohnsonfoundation.org\\\/sv\\\/seminarier\\\/mellanosterns-historia-trons-imperier\\\/\"]}]},{\"@type\":\"BreadcrumbList\",\"@id\":\"https:\\\/\\\/axsonjohnsonfoundation.org\\\/sv\\\/seminarier\\\/mellanosterns-historia-trons-imperier\\\/#breadcrumb\",\"itemListElement\":[{\"@type\":\"ListItem\",\"position\":1,\"name\":\"Start\",\"item\":\"\\\/sv\\\/\"},{\"@type\":\"ListItem\",\"position\":2,\"name\":\"Seminarier\",\"item\":\"\\\/sv\\\/seminarier\"},{\"@type\":\"ListItem\",\"position\":3,\"name\":\"Engelsbergsseminariet 2025: MELLAN\u00d6STERNS HISTORIA \u2013 TRONS IMPERIER\"}]},{\"@type\":\"WebSite\",\"@id\":\"https:\\\/\\\/axsonjohnsonfoundation.org\\\/sv\\\/#website\",\"url\":\"https:\\\/\\\/axsonjohnsonfoundation.org\\\/sv\\\/\",\"name\":\"Axel and Margaret Ax:son Johnson Foundation for public benefit\",\"description\":\"Promoting scientific and scholarly research\",\"potentialAction\":[{\"@type\":\"SearchAction\",\"target\":{\"@type\":\"EntryPoint\",\"urlTemplate\":\"https:\\\/\\\/axsonjohnsonfoundation.org\\\/sv\\\/?s={search_term_string}\"},\"query-input\":{\"@type\":\"PropertyValueSpecification\",\"valueRequired\":true,\"valueName\":\"search_term_string\"}}],\"inLanguage\":\"sv-SE\"}]}<\/script>\n<!-- \/ Yoast SEO plugin. -->","yoast_head_json":{"title":"Engelsbergsseminariet 2025: MELLAN\u00d6STERNS HISTORIA \u2013 TRONS IMPERIER - Axel and Margaret Ax:son Johnson Foundation for public benefit","robots":{"index":"index","follow":"follow","max-snippet":"max-snippet:-1","max-image-preview":"max-image-preview:large","max-video-preview":"max-video-preview:-1"},"canonical":"https:\/\/axsonjohnsonfoundation.org\/sv\/seminarier\/mellanosterns-historia-trons-imperier\/","og_locale":"sv_SE","og_type":"article","og_title":"Engelsbergsseminariet 2025: MELLAN\u00d6STERNS HISTORIA \u2013 TRONS IMPERIER - Axel and Margaret Ax:son Johnson Foundation for public benefit","og_url":"https:\/\/axsonjohnsonfoundation.org\/sv\/seminarier\/mellanosterns-historia-trons-imperier\/","og_site_name":"Axel and Margaret Ax:son Johnson Foundation for public benefit","article_modified_time":"2025-06-18T07:01:35+00:00","og_image":[{"width":1088,"height":612,"url":"https:\/\/axsonjohnsonfoundation.org\/wp-content\/uploads\/2022\/05\/big-placeholder-people-1.jpeg","type":"image\/jpeg"}],"twitter_card":"summary_large_image","schema":{"@context":"https:\/\/schema.org","@graph":[{"@type":"WebPage","@id":"https:\/\/axsonjohnsonfoundation.org\/sv\/seminarier\/mellanosterns-historia-trons-imperier\/","url":"https:\/\/axsonjohnsonfoundation.org\/sv\/seminarier\/mellanosterns-historia-trons-imperier\/","name":"Engelsbergsseminariet 2025: MELLAN\u00d6STERNS HISTORIA \u2013 TRONS IMPERIER - Axel and Margaret Ax:son Johnson Foundation for public benefit","isPartOf":{"@id":"https:\/\/axsonjohnsonfoundation.org\/sv\/#website"},"datePublished":"2025-06-16T07:51:59+00:00","dateModified":"2025-06-18T07:01:35+00:00","breadcrumb":{"@id":"https:\/\/axsonjohnsonfoundation.org\/sv\/seminarier\/mellanosterns-historia-trons-imperier\/#breadcrumb"},"inLanguage":"sv-SE","potentialAction":[{"@type":"ReadAction","target":["https:\/\/axsonjohnsonfoundation.org\/sv\/seminarier\/mellanosterns-historia-trons-imperier\/"]}]},{"@type":"BreadcrumbList","@id":"https:\/\/axsonjohnsonfoundation.org\/sv\/seminarier\/mellanosterns-historia-trons-imperier\/#breadcrumb","itemListElement":[{"@type":"ListItem","position":1,"name":"Start","item":"\/sv\/"},{"@type":"ListItem","position":2,"name":"Seminarier","item":"\/sv\/seminarier"},{"@type":"ListItem","position":3,"name":"Engelsbergsseminariet 2025: MELLAN\u00d6STERNS HISTORIA \u2013 TRONS IMPERIER"}]},{"@type":"WebSite","@id":"https:\/\/axsonjohnsonfoundation.org\/sv\/#website","url":"https:\/\/axsonjohnsonfoundation.org\/sv\/","name":"Axel and Margaret Ax:son Johnson Foundation for public benefit","description":"Promoting scientific and scholarly research","potentialAction":[{"@type":"SearchAction","target":{"@type":"EntryPoint","urlTemplate":"https:\/\/axsonjohnsonfoundation.org\/sv\/?s={search_term_string}"},"query-input":{"@type":"PropertyValueSpecification","valueRequired":true,"valueName":"search_term_string"}}],"inLanguage":"sv-SE"}]}},"_links":{"self":[{"href":"https:\/\/axsonjohnsonfoundation.org\/sv\/wp-json\/wp\/v2\/seminar\/3847","targetHints":{"allow":["GET"]}}],"collection":[{"href":"https:\/\/axsonjohnsonfoundation.org\/sv\/wp-json\/wp\/v2\/seminar"}],"about":[{"href":"https:\/\/axsonjohnsonfoundation.org\/sv\/wp-json\/wp\/v2\/types\/seminar"}],"wp:attachment":[{"href":"https:\/\/axsonjohnsonfoundation.org\/sv\/wp-json\/wp\/v2\/media?parent=3847"}],"curies":[{"name":"wp","href":"https:\/\/api.w.org\/{rel}","templated":true}]}}