{"id":527,"date":"2022-06-10T13:01:59","date_gmt":"2022-06-10T13:01:59","guid":{"rendered":"https:\/\/axel-johnson-stiftelse.ohmytest.se\/?post_type=seminar&#038;p=527"},"modified":"2024-04-30T09:52:20","modified_gmt":"2024-04-30T09:52:20","slug":"om-historien-att-lara-av-det-forflutna","status":"publish","type":"seminar","link":"https:\/\/axsonjohnsonfoundation.org\/sv\/seminarier\/om-historien-att-lara-av-det-forflutna\/","title":{"rendered":"2019: Om historien"},"content":{"rendered":"\n<div class=\"section-x-padding\">\n    <p class=\"body-xl section-inner-width mx-auto my-8\">\n        Historien, m\u00e4nsklighetens samlade erfarenheter, l\u00e4r oss om nuet och om framtiden. Hur kan vi studera h\u00e4ndelser i det f\u00f6rflutna och med hj\u00e4lp av dem f\u00f6rst\u00e5 och l\u00f6sa samtidens politiska och ekonomiska f\u00f6rh\u00e5llanden och konflikter?    <\/p>\n<\/div>\n\n\n<div class=\"section-x-padding\">\n    <div class=\"wysiwyg section-inner-width mx-auto my-8\">\n        <p>Ur bland annat ett id\u00e9historiskt och evolutionspsykologiskt perspektiv till\u00e4mpade de medverkande forskarna historien p\u00e5 aktuella fr\u00e5gor inom internationella relationer, geopolitik och nationalekonomi samt utforskade individens roll och den m\u00e4nskliga naturen.<\/p>\n    <\/div>\n<\/div>\n\n\n<div class=\"first:mt-8 first:sm:mt-16 not-first:mb-8 not-first:sm:mb-16\">\n\n        <h2 class=\"<md:section-x-padding heading-lg mx-auto section-inner-width mt-10 sm:mt-12 mb-6\">\n        Talare:    <\/h2>\n    \n    <section class=\"section-x-padding py-4 bg-beige-400 mx-auto section-inner-width\">\n\n        <h3 class=\"heading-sm sm:heading-lg mt-1 mb-2\">Den m\u00e4nskliga naturen och individen i historien<\/h3>\n\n                <div class=\"\n                group text-black border-red-200 border-b-1\n                last:border-b-0 sm:border-b pt-5 js-accordion cursor-pointer            \">\n            <div class=\"flex justify-between items-center pb-2\">\n\n                <div class=\"w-11\/12 space-y-1.5\">\n                    <p class=\"heading-xs sm:heading-sm uppercase max-w-[720px]\">\n                        Maurizio Viroli: Att l\u00e4ra av historien                    <\/p>\n                    <p class=\"body-sm font-crimsontext font-light leading-tight antialiased-none italic max-w-[530px]\">\n                        Professor emeritus i politik, Princeton University                    <\/p>\n                <\/div>\n\n                                <div class=\"accordion-arrow\">\n                    <svg width=\"16\" height=\"9\" fill=\"none\" xmlns=\"http:\/\/www.w3.org\/2000\/svg\">\n                        <path d=\"M14.5 1 8 7 1.5 1\" stroke=\"currentColor\" stroke-width=\"1.5\" \/>\n                    <\/svg>\n                <\/div>\n                            <\/div>\n\n            <div class=\"accordion-answer overflow-hidden body-sm font-crimsontext w-9\/12 mb-3\">\n                Maurizio Viroli \u00e4r akademiker, ess\u00e4ist, f\u00f6rfattare och filosof. Han \u00e4r professor emeritus i politik vid Princeton University, professor i politisk kommunikation vid Universit\u00e0 della Svizzera italiana (Lugano) och professor i statsvetenskap vid University of Texas, Austin. Bland hans publicerade verk finns Nazionalisti e Patrioti; The Quotable Machiavelli och Redeeming \u2018The Prince\u2019: The meaning of Machiavelli\u2019s masterpiece.            <\/div>\n        <\/div>\n                <div class=\"\n                group text-black border-red-200 border-b-1\n                last:border-b-0 sm:border-b pt-5 js-accordion cursor-pointer            \">\n            <div class=\"flex justify-between items-center pb-2\">\n\n                <div class=\"w-11\/12 space-y-1.5\">\n                    <p class=\"heading-xs sm:heading-sm uppercase max-w-[720px]\">\n                        Cory J Clark: Tribalismen fr\u00e5n vildmark till laboratorium                    <\/p>\n                    <p class=\"body-sm font-crimsontext font-light leading-tight antialiased-none italic max-w-[530px]\">\n                        G\u00e4stforskare, University of Pennsylvania                    <\/p>\n                <\/div>\n\n                                <div class=\"accordion-arrow\">\n                    <svg width=\"16\" height=\"9\" fill=\"none\" xmlns=\"http:\/\/www.w3.org\/2000\/svg\">\n                        <path d=\"M14.5 1 8 7 1.5 1\" stroke=\"currentColor\" stroke-width=\"1.5\" \/>\n                    <\/svg>\n                <\/div>\n                            <\/div>\n\n            <div class=\"accordion-answer overflow-hidden body-sm font-crimsontext w-9\/12 mb-3\">\n                Cory J. Clark doktorerade i social- och personlighetspsykologi vid University of California, Irvine. Tidigare var hon Assistant Professor of Psychology vid Durham University och chef f\u00f6r akademiska insatser vid Heterodox Academy. Just nu \u00e4r hon g\u00e4stforskare vid University of Pennsylvania. Hennes forskningsintressen \u00e4r inriktade p\u00e5 moraliskt omd\u00f6me, tron p\u00e5 en fri vilja, politisk bias och motiverad kognition. Hon har blivit publicerad i ett stort antal tidskrifter, s\u00e5som Current Directions in Psychological Science och Psychological Inquiry.            <\/div>\n        <\/div>\n                <div class=\"\n                group text-black border-red-200 border-b-1\n                last:border-b-0 sm:border-b pt-5 js-accordion cursor-pointer            \">\n            <div class=\"flex justify-between items-center pb-2\">\n\n                <div class=\"w-11\/12 space-y-1.5\">\n                    <p class=\"heading-xs sm:heading-sm uppercase max-w-[720px]\">\n                        Janne Haaland Matl\u00e1ry: Europas civilisation och m\u00e4nniskans natur                    <\/p>\n                    <p class=\"body-sm font-crimsontext font-light leading-tight antialiased-none italic max-w-[530px]\">\n                        Professor i statsvetenskap, Oslo universitet                    <\/p>\n                <\/div>\n\n                                <div class=\"accordion-arrow\">\n                    <svg width=\"16\" height=\"9\" fill=\"none\" xmlns=\"http:\/\/www.w3.org\/2000\/svg\">\n                        <path d=\"M14.5 1 8 7 1.5 1\" stroke=\"currentColor\" stroke-width=\"1.5\" \/>\n                    <\/svg>\n                <\/div>\n                            <\/div>\n\n            <div class=\"accordion-answer overflow-hidden body-sm font-crimsontext w-9\/12 mb-3\">\n                Janne Haaland Matl\u00e1ry \u00e4r professor i statsvetenskap vid Oslo universitet och norska f\u00f6rsvarsh\u00f6gskolan. Bland hennes fler \u00e4n 20 b\u00f6cker finns bland annat Military Strategy in the Twenty-First Century: The challenge for NATO (redakt\u00f6r tillsammans med Robert Johnson) och hon \u00e4r \u00e4ven kolumnist f\u00f6r norska Dagens N\u00e6ringsliv. Hon representerade norska kristdemokratiska partiet som bitr\u00e4dande utrikesminister fr\u00e5n 1997 till 2000. \u00c5r 2001 utn\u00e4mndes hon till Dame of the Sovereign Military Order of Malta och 2020 till Dam av Ungerska republikens f\u00f6rtj\u00e4nstorden.            <\/div>\n        <\/div>\n                <div class=\"\n                group text-black border-red-200 border-b-1\n                last:border-b-0 sm:border-b pt-5 js-accordion cursor-pointer            \">\n            <div class=\"flex justify-between items-center pb-2\">\n\n                <div class=\"w-11\/12 space-y-1.5\">\n                    <p class=\"heading-xs sm:heading-sm uppercase max-w-[720px]\">\n                        Vernon Bogdanor: Individen i historien                    <\/p>\n                    <p class=\"body-sm font-crimsontext font-light leading-tight antialiased-none italic max-w-[530px]\">\n                        Research Professor Centre for British Politics and Government, King&#8217;s College London                    <\/p>\n                <\/div>\n\n                                <div class=\"accordion-arrow\">\n                    <svg width=\"16\" height=\"9\" fill=\"none\" xmlns=\"http:\/\/www.w3.org\/2000\/svg\">\n                        <path d=\"M14.5 1 8 7 1.5 1\" stroke=\"currentColor\" stroke-width=\"1.5\" \/>\n                    <\/svg>\n                <\/div>\n                            <\/div>\n\n            <div class=\"accordion-answer overflow-hidden body-sm font-crimsontext w-9\/12 mb-3\">\n                Vernon Bogdanor \u00e4r Research Professor vid Centre for British Politics and Government vid King&#8217;s College London, och har tidigare varit Professor of Government vid University of Oxford. Han bidrar ofta med inneh\u00e5ll till TV, radio och tidningar och har bland annat skrivit b\u00f6ckerna Beyond Brexit: Towards a British constitution och Britain and Europe in a Troubled World. Han har varit r\u00e5dgivare f\u00f6r ett flertal regeringar, bland annat i Albanien, Kosovo och Israel. Han \u00e4r Commander of the Order of the British Empire, Chevalier de la L\u00e9gion d\u2019Honneur samt fellow vid British Academy.            <\/div>\n        <\/div>\n        \n    <\/section>\n<\/div>\n\n\n<div class=\"first:mt-8 first:sm:mt-16 not-first:mb-8 not-first:sm:mb-16\">\n\n    \n    <section class=\"section-x-padding py-4 bg-beige-400 mx-auto section-inner-width\">\n\n        <h3 class=\"heading-sm sm:heading-lg mt-1 mb-2\">Att till\u00e4mpa historien<\/h3>\n\n                <div class=\"\n                group text-black border-red-200 border-b-1\n                last:border-b-0 sm:border-b pt-5 js-accordion cursor-pointer            \">\n            <div class=\"flex justify-between items-center pb-2\">\n\n                <div class=\"w-11\/12 space-y-1.5\">\n                    <p class=\"heading-xs sm:heading-sm uppercase max-w-[720px]\">\n                        Michael Burleigh: Historien finns \u00f6verallt                    <\/p>\n                    <p class=\"body-sm font-crimsontext font-light leading-tight antialiased-none italic max-w-[530px]\">\n                        Professor of History and International Affairs, London School of Economics                    <\/p>\n                <\/div>\n\n                                <div class=\"accordion-arrow\">\n                    <svg width=\"16\" height=\"9\" fill=\"none\" xmlns=\"http:\/\/www.w3.org\/2000\/svg\">\n                        <path d=\"M14.5 1 8 7 1.5 1\" stroke=\"currentColor\" stroke-width=\"1.5\" \/>\n                    <\/svg>\n                <\/div>\n                            <\/div>\n\n            <div class=\"accordion-answer overflow-hidden body-sm font-crimsontext w-9\/12 mb-3\">\n                Michael Burleigh var under 2019\/20 Engelsberg Chair Professor of History and International Affairs vid den utrikespolitiska tankesmedjan LSE IDEAS som \u00e4r knuten till London School of Economics.\u00a0Burleigh har skrivit bland annat Moral Combat: A history of World War II; Small Wars, Far Away Places: The genesis of the modern world 1945\u201365; Populism: Before and after the pandemic och Day of the Assassins: A history of political murder.            <\/div>\n        <\/div>\n                <div class=\"\n                group text-black border-red-200 border-b-1\n                last:border-b-0 sm:border-b pt-5 js-accordion cursor-pointer            \">\n            <div class=\"flex justify-between items-center pb-2\">\n\n                <div class=\"w-11\/12 space-y-1.5\">\n                    <p class=\"heading-xs sm:heading-sm uppercase max-w-[720px]\">\n                        Erica Benner: Demokratisk kris: l\u00e4rdomar fr\u00e5n det gamla Aten                    <\/p>\n                    <p class=\"body-sm font-crimsontext font-light leading-tight antialiased-none italic max-w-[530px]\">\n                        Doktor i filosofi                    <\/p>\n                <\/div>\n\n                                <div class=\"accordion-arrow\">\n                    <svg width=\"16\" height=\"9\" fill=\"none\" xmlns=\"http:\/\/www.w3.org\/2000\/svg\">\n                        <path d=\"M14.5 1 8 7 1.5 1\" stroke=\"currentColor\" stroke-width=\"1.5\" \/>\n                    <\/svg>\n                <\/div>\n                            <\/div>\n\n            <div class=\"accordion-answer overflow-hidden body-sm font-crimsontext w-9\/12 mb-3\">\n                Erica Benner \u00e4r en politisk filosof som haft akademiska positioner vid St Antony\u2019s College, University of Oxford, vid London School of Economics och vid Yale University. Hon doktorerade i filosofi i Oxford 1993 och har skrivit\u00a0Really Existing Nationalisms: A post-communist view from Marx and Engels;\u00a0Machiavelli\u2019s Ethics;\u00a0Machiavelli\u2019s Prince: A new reading och\u00a0Be Like the Fox: Machiavelli\u2019s lifelong quest for freedom, som var nominerad f\u00f6r Elizabeth Longford Prize for Historical Biography 2018.            <\/div>\n        <\/div>\n        \n    <\/section>\n<\/div>\n\n\n<div class=\"first:mt-8 first:sm:mt-16 not-first:mb-8 not-first:sm:mb-16\">\n\n    \n    <section class=\"section-x-padding py-4 bg-beige-400 mx-auto section-inner-width\">\n\n        <h3 class=\"heading-sm sm:heading-lg mt-1 mb-2\">Mellan\u00f6stern<\/h3>\n\n                <div class=\"\n                group text-black border-red-200 border-b-1\n                last:border-b-0 sm:border-b pt-5 js-accordion cursor-pointer            \">\n            <div class=\"flex justify-between items-center pb-2\">\n\n                <div class=\"w-11\/12 space-y-1.5\">\n                    <p class=\"heading-xs sm:heading-sm uppercase max-w-[720px]\">\n                        Nathan Shachar: Tusen\u00e5riga myter och sanningar i det moderna Mellan\u00f6stern                    <\/p>\n                    <p class=\"body-sm font-crimsontext font-light leading-tight antialiased-none italic max-w-[530px]\">\n                        Journalist och f\u00f6rfattare                    <\/p>\n                <\/div>\n\n                                <div class=\"accordion-arrow\">\n                    <svg width=\"16\" height=\"9\" fill=\"none\" xmlns=\"http:\/\/www.w3.org\/2000\/svg\">\n                        <path d=\"M14.5 1 8 7 1.5 1\" stroke=\"currentColor\" stroke-width=\"1.5\" \/>\n                    <\/svg>\n                <\/div>\n                            <\/div>\n\n            <div class=\"accordion-answer overflow-hidden body-sm font-crimsontext w-9\/12 mb-3\">\n                Nathan Shachar studerade arabiska, filosofi och spansk historia vid Hebreiska universitetet i Jerusalem. Hans ess\u00e4samlingar har f\u00e5tt de mest prestigefyllda svenska litteraturpriserna, bland annat \u00d6vralidpriset 2014. Bland hans engelska verk finns The Gaza Strip: Its history and politics from the pharaohs to the Israeli invasion of 2009 och\u00a0The Lost World of Rhodes: Greeks, Italians, Jews and Turks between tradition and modernity. Han har varit utrikeskorrespondent i Mellan\u00f6stern och Latinamerika, och sitter i redakt\u00f6rsstyrelsen f\u00f6r tidskriften Axess.            <\/div>\n        <\/div>\n                <div class=\"\n                group text-black border-red-200 border-b-1\n                last:border-b-0 sm:border-b pt-5 js-accordion cursor-pointer            \">\n            <div class=\"flex justify-between items-center pb-2\">\n\n                <div class=\"w-11\/12 space-y-1.5\">\n                    <p class=\"heading-xs sm:heading-sm uppercase max-w-[720px]\">\n                        Rob Johnson: Lawrence av Arabien om kriget: det f\u00f6rslutna hems\u00f6ker nuet                    <\/p>\n                    <p class=\"body-sm font-crimsontext font-light leading-tight antialiased-none italic max-w-[530px]\">\n                        Senior Research Fellow f\u00f6r Pembroke College, University of Oxford                    <\/p>\n                <\/div>\n\n                                <div class=\"accordion-arrow\">\n                    <svg width=\"16\" height=\"9\" fill=\"none\" xmlns=\"http:\/\/www.w3.org\/2000\/svg\">\n                        <path d=\"M14.5 1 8 7 1.5 1\" stroke=\"currentColor\" stroke-width=\"1.5\" \/>\n                    <\/svg>\n                <\/div>\n                            <\/div>\n\n            <div class=\"accordion-answer overflow-hidden body-sm font-crimsontext w-9\/12 mb-3\">\n                Rob Johnson\u00a0\u00e4r senior research fellow f\u00f6r Pembroke College, medarbetare vid Department of Politics and International Relations och chef f\u00f6r Oxford Changing Character of War Centre, vid University of Oxford. CCW Centre sammanf\u00f6r akademiker, beslutsfattare och yrkesmilit\u00e4rer f\u00f6r att studera v\u00e4pnad konflikt och dess konsekvenser. Johnson har skrivit mycket om krig, beslutsfattande och milit\u00e4rt, strategiskt t\u00e4nkande, bland annat boken\u00a0Lawrence of Arabia on War: The campaign in the desert, 1916\u201318.            <\/div>\n        <\/div>\n                <div class=\"\n                group text-black border-red-200 border-b-1\n                last:border-b-0 sm:border-b pt-5 js-accordion cursor-pointer            \">\n            <div class=\"flex justify-between items-center pb-2\">\n\n                <div class=\"w-11\/12 space-y-1.5\">\n                    <p class=\"heading-xs sm:heading-sm uppercase max-w-[720px]\">\n                        Brendan Simms: Mot ett Westfalen f\u00f6r Mellan\u00f6stern                    <\/p>\n                    <p class=\"body-sm font-crimsontext font-light leading-tight antialiased-none italic max-w-[530px]\">\n                        Chef f\u00f6r Centre for Geopolitics, University of Cambridge                    <\/p>\n                <\/div>\n\n                                <div class=\"accordion-arrow\">\n                    <svg width=\"16\" height=\"9\" fill=\"none\" xmlns=\"http:\/\/www.w3.org\/2000\/svg\">\n                        <path d=\"M14.5 1 8 7 1.5 1\" stroke=\"currentColor\" stroke-width=\"1.5\" \/>\n                    <\/svg>\n                <\/div>\n                            <\/div>\n\n            <div class=\"accordion-answer overflow-hidden body-sm font-crimsontext w-9\/12 mb-3\">\n                Brendan Simms tog sin doktorsexamen vid University of Cambridge, d\u00e4r han \u00e4r fellow vid Peterhouse och chef f\u00f6r Centre for Geopolitics. Han \u00e4r ocks\u00e5 ordf\u00f6rande f\u00f6r Project for Democratic Union, en M\u00fcnchen-baserad, studentdriven tankesmedja. Han har bland annat skrivit b\u00f6ckerna Britain&#8217;s Europe: A thousand years of conflict and cooperation och Hitler: A global biography            <\/div>\n        <\/div>\n                <div class=\"\n                group text-black border-red-200 border-b-1\n                last:border-b-0 sm:border-b pt-5             \">\n            <div class=\"flex justify-between items-center pb-2\">\n\n                <div class=\"w-11\/12 space-y-1.5\">\n                    <p class=\"heading-xs sm:heading-sm uppercase max-w-[720px]\">\n                        Emma Sky: USA:s politiska fiasko efter 11 september                    <\/p>\n                    <p class=\"body-sm font-crimsontext font-light leading-tight antialiased-none italic max-w-[530px]\">\n                        Director of Yale&#8217;s International Leadership Center                    <\/p>\n                <\/div>\n\n                            <\/div>\n\n            <div class=\"accordion-answer overflow-hidden body-sm font-crimsontext w-9\/12 mb-3\">\n                            <\/div>\n        <\/div>\n                <div class=\"\n                group text-black border-red-200 border-b-1\n                last:border-b-0 sm:border-b pt-5 js-accordion cursor-pointer            \">\n            <div class=\"flex justify-between items-center pb-2\">\n\n                <div class=\"w-11\/12 space-y-1.5\">\n                    <p class=\"heading-xs sm:heading-sm uppercase max-w-[720px]\">\n                        Elisabeth Kendall: Kriget i Jemen: historien g\u00e5r igen i samtiden                    <\/p>\n                    <p class=\"body-sm font-crimsontext font-light leading-tight antialiased-none italic max-w-[530px]\">\n                        Senior research fellow i islamologi och arabiska studier, Pembroke College, University of Oxford                    <\/p>\n                <\/div>\n\n                                <div class=\"accordion-arrow\">\n                    <svg width=\"16\" height=\"9\" fill=\"none\" xmlns=\"http:\/\/www.w3.org\/2000\/svg\">\n                        <path d=\"M14.5 1 8 7 1.5 1\" stroke=\"currentColor\" stroke-width=\"1.5\" \/>\n                    <\/svg>\n                <\/div>\n                            <\/div>\n\n            <div class=\"accordion-answer overflow-hidden body-sm font-crimsontext w-9\/12 mb-3\">\n                Elisabeth Kendall \u00e4r senior research fellow i islamologi och arabiska studier vid Pembroke College, Oxford. Hon var tidigare chef f\u00f6r Centre for the Advanced Study of the Arab World. Sedan 2012 har hon fungerat som internationell r\u00e5dgivare f\u00f6r ett stam-\u00f6verskridande r\u00e5d i \u00f6stra Jemen, som fr\u00e4mjar gr\u00e4srotsaktiviteter f\u00f6r att motarbeta al-Qaida och IS. Hon \u00e4r f\u00f6rfattare och medredakt\u00f6r f\u00f6r\u00a0Twenty-First Century Jihad: Law, society and military action\u00a0och\u00a0Reclaiming Islamic Tradition: Modern interpretations of the classical heritage.            <\/div>\n        <\/div>\n        \n    <\/section>\n<\/div>\n\n\n<div class=\"first:mt-8 first:sm:mt-16 not-first:mb-8 not-first:sm:mb-16\">\n\n    \n    <section class=\"section-x-padding py-4 bg-beige-400 mx-auto section-inner-width\">\n\n        <h3 class=\"heading-sm sm:heading-lg mt-1 mb-2\">Europa<\/h3>\n\n                <div class=\"\n                group text-black border-red-200 border-b-1\n                last:border-b-0 sm:border-b pt-5 js-accordion cursor-pointer            \">\n            <div class=\"flex justify-between items-center pb-2\">\n\n                <div class=\"w-11\/12 space-y-1.5\">\n                    <p class=\"heading-xs sm:heading-sm uppercase max-w-[720px]\">\n                        Josef Joffe: Tyskland i Europa: motorn som inte orkade                    <\/p>\n                    <p class=\"body-sm font-crimsontext font-light leading-tight antialiased-none italic max-w-[530px]\">\n                        Distinguished Fellow, Hoover Institution, Stanford University                    <\/p>\n                <\/div>\n\n                                <div class=\"accordion-arrow\">\n                    <svg width=\"16\" height=\"9\" fill=\"none\" xmlns=\"http:\/\/www.w3.org\/2000\/svg\">\n                        <path d=\"M14.5 1 8 7 1.5 1\" stroke=\"currentColor\" stroke-width=\"1.5\" \/>\n                    <\/svg>\n                <\/div>\n                            <\/div>\n\n            <div class=\"accordion-answer overflow-hidden body-sm font-crimsontext w-9\/12 mb-3\">\n                Josef Joffe doktorerade i statsvetenskap vid Harvard University och \u00e4r nu distinguished fellow vid Hoover Institution vid Stanforduniversitetet. Han var en av grundarna till magasinet American Interest och sitter i redakt\u00f6rsr\u00e5den f\u00f6r Die Zeit i Hamburg och International Security vid Harvard\/MIT. Joffes senaste bok \u00e4r Der gute Deutsche: Die Karriere einer moralischen Supermacht.            <\/div>\n        <\/div>\n                <div class=\"\n                group text-black border-red-200 border-b-1\n                last:border-b-0 sm:border-b pt-5 js-accordion cursor-pointer            \">\n            <div class=\"flex justify-between items-center pb-2\">\n\n                <div class=\"w-11\/12 space-y-1.5\">\n                    <p class=\"heading-xs sm:heading-sm uppercase max-w-[720px]\">\n                        Peter Ricketts: Det moderna Frankrike och det f\u00f6rflutnas geng\u00e5ngare                    <\/p>\n                    <p class=\"body-sm font-crimsontext font-light leading-tight antialiased-none italic max-w-[530px]\">\n                        G\u00e4stprofessor, King\u2019s College London                    <\/p>\n                <\/div>\n\n                                <div class=\"accordion-arrow\">\n                    <svg width=\"16\" height=\"9\" fill=\"none\" xmlns=\"http:\/\/www.w3.org\/2000\/svg\">\n                        <path d=\"M14.5 1 8 7 1.5 1\" stroke=\"currentColor\" stroke-width=\"1.5\" \/>\n                    <\/svg>\n                <\/div>\n                            <\/div>\n\n            <div class=\"accordion-answer overflow-hidden body-sm font-crimsontext w-9\/12 mb-3\">\n                Peter Ricketts \u00e4r g\u00e4stprofessor vid King\u2019s College London. Han har tidigare varit diplomat f\u00f6r Storbritannien och varit life peer brittiska \u00f6verhuset som oberoende politiker. F\u00f6re sin pension tj\u00e4nstgjorde Ricketts som Storbritanniens ambassad\u00f6r i Frankrike, st\u00e4ndig sekreterare f\u00f6r Foreign and Commonwealth Office, nationell s\u00e4kerhetsr\u00e5dgivare och som permanent representant i NATO i Bryssel.            <\/div>\n        <\/div>\n                <div class=\"\n                group text-black border-red-200 border-b-1\n                last:border-b-0 sm:border-b pt-5 js-accordion cursor-pointer            \">\n            <div class=\"flex justify-between items-center pb-2\">\n\n                <div class=\"w-11\/12 space-y-1.5\">\n                    <p class=\"heading-xs sm:heading-sm uppercase max-w-[720px]\">\n                        Karin Svanborg-Sj\u00f6vall: Auktorit\u00e4r populism som ideologi                    <\/p>\n                    <p class=\"body-sm font-crimsontext font-light leading-tight antialiased-none italic max-w-[530px]\">\n                        Journalist, debatt\u00f6r och f\u00f6rfattare                    <\/p>\n                <\/div>\n\n                                <div class=\"accordion-arrow\">\n                    <svg width=\"16\" height=\"9\" fill=\"none\" xmlns=\"http:\/\/www.w3.org\/2000\/svg\">\n                        <path d=\"M14.5 1 8 7 1.5 1\" stroke=\"currentColor\" stroke-width=\"1.5\" \/>\n                    <\/svg>\n                <\/div>\n                            <\/div>\n\n            <div class=\"accordion-answer overflow-hidden body-sm font-crimsontext w-9\/12 mb-3\">\n                Karin Svanborg-Sj\u00f6vall \u00e4r svensk journalist, debatt\u00f6r och f\u00f6rfattare. Hon har tidigare varit chef f\u00f6r Timbro, Skandinaviens st\u00f6rsta marknadsliberala tankesmedja, och politiskt sakkunnig i Utbildningsministeriet. Hon har bland annat skrivit b\u00f6ckerna Private Choice in the Public Sector: The New Swedish Welfare Model (svensk titel: Kentucky Fried Children? Om den svenska valfrihetens r\u00f6tter \u2013 och dess fiender), som publicerades p\u00e5 engelska 2012.            <\/div>\n        <\/div>\n                <div class=\"\n                group text-black border-red-200 border-b-1\n                last:border-b-0 sm:border-b pt-5 js-accordion cursor-pointer            \">\n            <div class=\"flex justify-between items-center pb-2\">\n\n                <div class=\"w-11\/12 space-y-1.5\">\n                    <p class=\"heading-xs sm:heading-sm uppercase max-w-[720px]\">\n                        Fraser Nelson: Brexit f\u00f6r Eurofiler                    <\/p>\n                    <p class=\"body-sm font-crimsontext font-light leading-tight antialiased-none italic max-w-[530px]\">\n                        Journalist                    <\/p>\n                <\/div>\n\n                                <div class=\"accordion-arrow\">\n                    <svg width=\"16\" height=\"9\" fill=\"none\" xmlns=\"http:\/\/www.w3.org\/2000\/svg\">\n                        <path d=\"M14.5 1 8 7 1.5 1\" stroke=\"currentColor\" stroke-width=\"1.5\" \/>\n                    <\/svg>\n                <\/div>\n                            <\/div>\n\n            <div class=\"accordion-answer overflow-hidden body-sm font-crimsontext w-9\/12 mb-3\">\n                Fraser Nelson \u00e4r en ledande brittisk journalist och kommentator. Han \u00e4r redakt\u00f6r f\u00f6r Spectator, veckokolumnist f\u00f6r Daily Telegraph i London och medverkar regelbundet i radio och tv. Han \u00e4r ocks\u00e5 chef f\u00f6r tankesmedjan Centre for Policy Studies och f\u00f6r v\u00e4lg\u00f6renhetsorganisationen Social Mobility Foundation. 2013 fick han Brittiska pressens pris \u00c5rets politiska journalist.            <\/div>\n        <\/div>\n        \n    <\/section>\n<\/div>\n\n\n<div class=\"first:mt-8 first:sm:mt-16 not-first:mb-8 not-first:sm:mb-16\">\n\n    \n    <section class=\"section-x-padding py-4 bg-beige-400 mx-auto section-inner-width\">\n\n        <h3 class=\"heading-sm sm:heading-lg mt-1 mb-2\">Ryssland<\/h3>\n\n                <div class=\"\n                group text-black border-red-200 border-b-1\n                last:border-b-0 sm:border-b pt-5 js-accordion cursor-pointer            \">\n            <div class=\"flex justify-between items-center pb-2\">\n\n                <div class=\"w-11\/12 space-y-1.5\">\n                    <p class=\"heading-xs sm:heading-sm uppercase max-w-[720px]\">\n                        Gudrun Persson: Hur man hanterar det f\u00f6rflutna \u2013 en rysk historia                    <\/p>\n                    <p class=\"body-sm font-crimsontext font-light leading-tight antialiased-none italic max-w-[530px]\">\n                        Docent, Institutionen f\u00f6r slaviska och baltiska spr\u00e5k, Stockholms universitet                    <\/p>\n                <\/div>\n\n                                <div class=\"accordion-arrow\">\n                    <svg width=\"16\" height=\"9\" fill=\"none\" xmlns=\"http:\/\/www.w3.org\/2000\/svg\">\n                        <path d=\"M14.5 1 8 7 1.5 1\" stroke=\"currentColor\" stroke-width=\"1.5\" \/>\n                    <\/svg>\n                <\/div>\n                            <\/div>\n\n            <div class=\"accordion-answer overflow-hidden body-sm font-crimsontext w-9\/12 mb-3\">\n                Gudrun Persson \u00e4r docent vid institutionen f\u00f6r slaviska och baltiska spr\u00e5k vid Stockholms universitet. Hon doktorerade i statsvetenskap vid London School of Economics and Political Science, och \u00e4r inriktad p\u00e5 rysk historia och politik, s\u00e5v\u00e4l som milit\u00e4r strategi. Hon har skrivit ett flertal b\u00f6cker, bland annat Learning from Foreign Wars: Russian Military Thinking 1859\u201373 och Det sovjetiska arvet. Persson \u00e4r ledamot i Kungliga Krigsvetenskapsakademin.            <\/div>\n        <\/div>\n                <div class=\"\n                group text-black border-red-200 border-b-1\n                last:border-b-0 sm:border-b pt-5 js-accordion cursor-pointer            \">\n            <div class=\"flex justify-between items-center pb-2\">\n\n                <div class=\"w-11\/12 space-y-1.5\">\n                    <p class=\"heading-xs sm:heading-sm uppercase max-w-[720px]\">\n                        Andrew Monaghan: Hur det f\u00f6rg\u00e5ngna pr\u00e4glar Rysslands stora strategi                    <\/p>\n                    <p class=\"body-sm font-crimsontext font-light leading-tight antialiased-none italic max-w-[530px]\">\n                        Senior Associate Fellow, Royal United Services Institute                    <\/p>\n                <\/div>\n\n                                <div class=\"accordion-arrow\">\n                    <svg width=\"16\" height=\"9\" fill=\"none\" xmlns=\"http:\/\/www.w3.org\/2000\/svg\">\n                        <path d=\"M14.5 1 8 7 1.5 1\" stroke=\"currentColor\" stroke-width=\"1.5\" \/>\n                    <\/svg>\n                <\/div>\n                            <\/div>\n\n            <div class=\"accordion-answer overflow-hidden body-sm font-crimsontext w-9\/12 mb-3\">\n                Andrew Monaghan \u00e4r forskningsanalytiker inom f\u00e4ltet f\u00f6r internationell politik. Han tog sin doktorsexamen vid institutionen f\u00f6r krigsstudier vid King\u2019s College London, och \u00e4r specialiserad p\u00e5 rysk inrikespolitik, strategi och biografi. Han \u00e4r senior associate fellow vid Royal United Services Institute och associate fellow p\u00e5 distans vid NATO:s f\u00f6rsvarsh\u00f6gskola i Rom. Han har bland annat skrivit b\u00f6ckerna Power in Modern Russia och Dealing with the Russians.            <\/div>\n        <\/div>\n                <div class=\"\n                group text-black border-red-200 border-b-1\n                last:border-b-0 sm:border-b pt-5 js-accordion cursor-pointer            \">\n            <div class=\"flex justify-between items-center pb-2\">\n\n                <div class=\"w-11\/12 space-y-1.5\">\n                    <p class=\"heading-xs sm:heading-sm uppercase max-w-[720px]\">\n                        Calder Walton: Spioner, valp\u00e5verkan och desinformation f\u00f6rr och nu                    <\/p>\n                    <p class=\"body-sm font-crimsontext font-light leading-tight antialiased-none italic max-w-[530px]\">\n                        Assistant Director of the Applied History Project och Director of Research of the Intelligence Project, Harvard University\u2019s Kennedy School of Government.                    <\/p>\n                <\/div>\n\n                                <div class=\"accordion-arrow\">\n                    <svg width=\"16\" height=\"9\" fill=\"none\" xmlns=\"http:\/\/www.w3.org\/2000\/svg\">\n                        <path d=\"M14.5 1 8 7 1.5 1\" stroke=\"currentColor\" stroke-width=\"1.5\" \/>\n                    <\/svg>\n                <\/div>\n                            <\/div>\n\n            <div class=\"accordion-answer overflow-hidden body-sm font-crimsontext w-9\/12 mb-3\">\n                Assistant Director of the Applied History Project och Director of Research of the Intelligence Project, Harvard University\u2019s Kennedy School of Government.            <\/div>\n        <\/div>\n                <div class=\"\n                group text-black border-red-200 border-b-1\n                last:border-b-0 sm:border-b pt-5 js-accordion cursor-pointer            \">\n            <div class=\"flex justify-between items-center pb-2\">\n\n                <div class=\"w-11\/12 space-y-1.5\">\n                    <p class=\"heading-xs sm:heading-sm uppercase max-w-[720px]\">\n                        Christopher Coker: Civiliserade stater och ett nytt grepp om det f\u00f6rflutna                    <\/p>\n                    <p class=\"body-sm font-crimsontext font-light leading-tight antialiased-none italic max-w-[530px]\">\n                        Chef f\u00f6r LSE IDEAS, London School of Economics                    <\/p>\n                <\/div>\n\n                                <div class=\"accordion-arrow\">\n                    <svg width=\"16\" height=\"9\" fill=\"none\" xmlns=\"http:\/\/www.w3.org\/2000\/svg\">\n                        <path d=\"M14.5 1 8 7 1.5 1\" stroke=\"currentColor\" stroke-width=\"1.5\" \/>\n                    <\/svg>\n                <\/div>\n                            <\/div>\n\n            <div class=\"accordion-answer overflow-hidden body-sm font-crimsontext w-9\/12 mb-3\">\n                Christopher Coker \u00e4r chef f\u00f6r LSE IDEAS, en utrikespolitisk tankesmedja vid London School of Economics. Han har tidigare varit medlem i Council of the Royal United Services Institute, f\u00f6r vilka han skrev boken Empires in Conflict: The growing rift between Europe and the United States. Han har ocks\u00e5 varit redakt\u00f6r f\u00f6r Atlantic Quarterly och European Security Analyst.            <\/div>\n        <\/div>\n        \n    <\/section>\n<\/div>\n\n\n<div class=\"first:mt-8 first:sm:mt-16 not-first:mb-8 not-first:sm:mb-16\">\n\n    \n    <section class=\"section-x-padding py-4 bg-beige-400 mx-auto section-inner-width\">\n\n        <h3 class=\"heading-sm sm:heading-lg mt-1 mb-2\">Att f\u00f6rst\u00e5 kapitalismen<\/h3>\n\n                <div class=\"\n                group text-black border-red-200 border-b-1\n                last:border-b-0 sm:border-b pt-5 js-accordion cursor-pointer            \">\n            <div class=\"flex justify-between items-center pb-2\">\n\n                <div class=\"w-11\/12 space-y-1.5\">\n                    <p class=\"heading-xs sm:heading-sm uppercase max-w-[720px]\">\n                        Iain Martin: \u00c5teruppr\u00e4tta kapitalismens storhet                    <\/p>\n                    <p class=\"body-sm font-crimsontext font-light leading-tight antialiased-none italic max-w-[530px]\">\n                        Journalist och f\u00f6rfattare                    <\/p>\n                <\/div>\n\n                                <div class=\"accordion-arrow\">\n                    <svg width=\"16\" height=\"9\" fill=\"none\" xmlns=\"http:\/\/www.w3.org\/2000\/svg\">\n                        <path d=\"M14.5 1 8 7 1.5 1\" stroke=\"currentColor\" stroke-width=\"1.5\" \/>\n                    <\/svg>\n                <\/div>\n                            <\/div>\n\n            <div class=\"accordion-answer overflow-hidden body-sm font-crimsontext w-9\/12 mb-3\">\n                Iain Martin \u00e4r en brittisk politisk kommentator och f\u00f6rfattare. Han \u00e4r veckokolumnist i The Times och redakt\u00f6r och ansvarig utgivare f\u00f6r Reaction, en webbsida inriktad p\u00e5 analyser av politik, ekonomi och kultur. Han har skrivit Making It Happen: Fred Goodwin, RBS and the men who blew up the British economy, och 2020 bidrog han och Mattias Hess\u00e9rus till lanseringen av webbsidan Engelsberg Ideas.            <\/div>\n        <\/div>\n                <div class=\"\n                group text-black border-red-200 border-b-1\n                last:border-b-0 sm:border-b pt-5 js-accordion cursor-pointer            \">\n            <div class=\"flex justify-between items-center pb-2\">\n\n                <div class=\"w-11\/12 space-y-1.5\">\n                    <p class=\"heading-xs sm:heading-sm uppercase max-w-[720px]\">\n                        Niall Ferguson: Kapitalism, socialism och nationalism: l\u00e4rdomar av historien                    <\/p>\n                    <p class=\"body-sm font-crimsontext font-light leading-tight antialiased-none italic max-w-[530px]\">\n                        Milbank Family Senior Fellow, Hoover Institution, Stanford University                    <\/p>\n                <\/div>\n\n                                <div class=\"accordion-arrow\">\n                    <svg width=\"16\" height=\"9\" fill=\"none\" xmlns=\"http:\/\/www.w3.org\/2000\/svg\">\n                        <path d=\"M14.5 1 8 7 1.5 1\" stroke=\"currentColor\" stroke-width=\"1.5\" \/>\n                    <\/svg>\n                <\/div>\n                            <\/div>\n\n            <div class=\"accordion-answer overflow-hidden body-sm font-crimsontext w-9\/12 mb-3\">\n                Niall Ferguson \u00e4r Milbank Family Senior Fellow at the Hoover Institution, Stanford University och senior fellow vid Belfer Center for Science and International Affairs vid Harvard University, d\u00e4r han tidigare var Laurence A. Tisch Professor of History i tolv \u00e5r. Han \u00e4r kolumnist f\u00f6r Bloomberg Opinion, och har bland annat skrivit b\u00f6ckerna Kissinger, 1923\u20131968: The idealist och The Square and the Tower: Networks, hierarchies and the struggle for global power.            <\/div>\n        <\/div>\n        \n    <\/section>\n<\/div>\n\n\n<div class=\"first:mt-8 first:sm:mt-16 not-first:mb-8 not-first:sm:mb-16\">\n\n    \n    <section class=\"section-x-padding py-4 bg-beige-400 mx-auto section-inner-width\">\n\n        <h3 class=\"heading-sm sm:heading-lg mt-1 mb-2\">Kina<\/h3>\n\n                <div class=\"\n                group text-black border-red-200 border-b-1\n                last:border-b-0 sm:border-b pt-5 js-accordion cursor-pointer            \">\n            <div class=\"flex justify-between items-center pb-2\">\n\n                <div class=\"w-11\/12 space-y-1.5\">\n                    <p class=\"heading-xs sm:heading-sm uppercase max-w-[720px]\">\n                        Jonathan Fenby: Kina: kejsard\u00f6mets \u00e5terkomst                    <\/p>\n                    <p class=\"body-sm font-crimsontext font-light leading-tight antialiased-none italic max-w-[530px]\">\n                        Ordf\u00f6rande f\u00f6r Kina-divisionen inom TSLombards forskningsgrupp                    <\/p>\n                <\/div>\n\n                                <div class=\"accordion-arrow\">\n                    <svg width=\"16\" height=\"9\" fill=\"none\" xmlns=\"http:\/\/www.w3.org\/2000\/svg\">\n                        <path d=\"M14.5 1 8 7 1.5 1\" stroke=\"currentColor\" stroke-width=\"1.5\" \/>\n                    <\/svg>\n                <\/div>\n                            <\/div>\n\n            <div class=\"accordion-answer overflow-hidden body-sm font-crimsontext w-9\/12 mb-3\">\n                Jonathan Fenby \u00e4r ordf\u00f6rande f\u00f6r Kina-divisionen inom TSLombards forskningsgrupp. Han har tidigare varit redakt\u00f6r f\u00f6r The Observer och South China Morning Post och korrespondent f\u00f6r The Economist och Reuters. \u00c5r 2000 uts\u00e5gs han till Commander of the Order of the British Empire f\u00f6r sitt arbete som journalist. Han arbetar p\u00e5 London School of Economics och School of Oriental and African Studies vid University of London. Bland hans m\u00e5nga b\u00f6cker finns bland andra Crucible: The year that shaped our world.            <\/div>\n        <\/div>\n                <div class=\"\n                group text-black border-red-200 border-b-1\n                last:border-b-0 sm:border-b pt-5 js-accordion cursor-pointer            \">\n            <div class=\"flex justify-between items-center pb-2\">\n\n                <div class=\"w-11\/12 space-y-1.5\">\n                    <p class=\"heading-xs sm:heading-sm uppercase max-w-[720px]\">\n                        Rana Mitter: Kriget och v\u00e4rlden i Kinas d\u00e5tid och nutid                    <\/p>\n                    <p class=\"body-sm font-crimsontext font-light leading-tight antialiased-none italic max-w-[530px]\">\n                        Professor i Kinas moderna historia och politik, St Cross College, University of Oxford                    <\/p>\n                <\/div>\n\n                                <div class=\"accordion-arrow\">\n                    <svg width=\"16\" height=\"9\" fill=\"none\" xmlns=\"http:\/\/www.w3.org\/2000\/svg\">\n                        <path d=\"M14.5 1 8 7 1.5 1\" stroke=\"currentColor\" stroke-width=\"1.5\" \/>\n                    <\/svg>\n                <\/div>\n                            <\/div>\n\n            <div class=\"accordion-answer overflow-hidden body-sm font-crimsontext w-9\/12 mb-3\">\n                Rana Mitter, OBE FBA, \u00e4r professor i Kinas moderna historia och politik vid St Cross College vid University of Oxford. Han har bland annat skrivit b\u00f6ckerna China&#8217;s War with Japan, 1937\u20131945: The struggle for survival, som vann RUSI\/Duke of Westminster Medal for Military literature, och China&#8217;s Good War: How World War II is shaping a new nationalism. Han fick Historical Associations Medlicott Medal for Service to History 2020, och bidrar regelbundet som presentat\u00f6r p\u00e5 BBC Radio i Storbritannien.            <\/div>\n        <\/div>\n                <div class=\"\n                group text-black border-red-200 border-b-1\n                last:border-b-0 sm:border-b pt-5             \">\n            <div class=\"flex justify-between items-center pb-2\">\n\n                <div class=\"w-11\/12 space-y-1.5\">\n                    <p class=\"heading-xs sm:heading-sm uppercase max-w-[720px]\">\n                        Yu Jie: Pengar, makt och v\u00e4rlds\u00e5sk\u00e5dning: Kinas ambition                    <\/p>\n                    <p class=\"body-sm font-crimsontext font-light leading-tight antialiased-none italic max-w-[530px]\">\n                        Senior Research Fellow on China, Asia-Pacific Programme, Chatham House                    <\/p>\n                <\/div>\n\n                            <\/div>\n\n            <div class=\"accordion-answer overflow-hidden body-sm font-crimsontext w-9\/12 mb-3\">\n                            <\/div>\n        <\/div>\n        \n    <\/section>\n<\/div>\n\n\n<div class=\"first:mt-8 first:sm:mt-16 not-first:mb-8 not-first:sm:mb-16\">\n\n    \n    <section class=\"section-x-padding py-4 bg-beige-400 mx-auto section-inner-width\">\n\n        <h3 class=\"heading-sm sm:heading-lg mt-1 mb-2\">V\u00e4rldsordning<\/h3>\n\n                <div class=\"\n                group text-black border-red-200 border-b-1\n                last:border-b-0 sm:border-b pt-5 js-accordion cursor-pointer            \">\n            <div class=\"flex justify-between items-center pb-2\">\n\n                <div class=\"w-11\/12 space-y-1.5\">\n                    <p class=\"heading-xs sm:heading-sm uppercase max-w-[720px]\">\n                        John Bew: Tankar om v\u00e4rldsordningen: historiens l\u00e4rdomar                    <\/p>\n                    <p class=\"body-sm font-crimsontext font-light leading-tight antialiased-none italic max-w-[530px]\">\n                        Professor of History and Foreign Policy, Department of War Studies, King\u2019s College London                    <\/p>\n                <\/div>\n\n                                <div class=\"accordion-arrow\">\n                    <svg width=\"16\" height=\"9\" fill=\"none\" xmlns=\"http:\/\/www.w3.org\/2000\/svg\">\n                        <path d=\"M14.5 1 8 7 1.5 1\" stroke=\"currentColor\" stroke-width=\"1.5\" \/>\n                    <\/svg>\n                <\/div>\n                            <\/div>\n\n            <div class=\"accordion-answer overflow-hidden body-sm font-crimsontext w-9\/12 mb-3\">\n                John Bew \u00e4r Professor of History and Foreign Policy vid Department of War Studies, King\u2019s College London. Sedan 2019 arbetar han i Boris Johnsons Number 10 Policy Unit. 2015 bel\u00f6nades han med Philip Leverhulme Prize\u00a0for Politics and International Relations.\u00a0Han har bland annat skrivit b\u00f6ckerna Realpolitik: A history och Citizen Clem: A biography of Attlee.            <\/div>\n        <\/div>\n                <div class=\"\n                group text-black border-red-200 border-b-1\n                last:border-b-0 sm:border-b pt-5 js-accordion cursor-pointer            \">\n            <div class=\"flex justify-between items-center pb-2\">\n\n                <div class=\"w-11\/12 space-y-1.5\">\n                    <p class=\"heading-xs sm:heading-sm uppercase max-w-[720px]\">\n                        Philip Bobbitt: V\u00e4rldsordning: en kris f\u00f6r demokratin                    <\/p>\n                    <p class=\"body-sm font-crimsontext font-light leading-tight antialiased-none italic max-w-[530px]\">\n                        Herbert Wechsler Professor of Federal Jurisprudence, Columbia University                    <\/p>\n                <\/div>\n\n                                <div class=\"accordion-arrow\">\n                    <svg width=\"16\" height=\"9\" fill=\"none\" xmlns=\"http:\/\/www.w3.org\/2000\/svg\">\n                        <path d=\"M14.5 1 8 7 1.5 1\" stroke=\"currentColor\" stroke-width=\"1.5\" \/>\n                    <\/svg>\n                <\/div>\n                            <\/div>\n\n            <div class=\"accordion-answer overflow-hidden body-sm font-crimsontext w-9\/12 mb-3\">\n                Philip Bobbitt \u00e4r Herbert Wechsler Professor of Federal Jurisprudence vid Columbia University och Distinguished Senior Lecturer vid University of Texas. Han har arbetat f\u00f6r den amerikanska regeringen under sammanlagt sju presidentperioder, bland annat som chef f\u00f6r strategisk planering vid National Security Council. Bobbitt har bland annat skrivit b\u00f6ckerna The Shield of Achilles: War, peace and the course of history och Impeachment: A handbook (med Charles Black, Jr.)            <\/div>\n        <\/div>\n                <div class=\"\n                group text-black border-red-200 border-b-1\n                last:border-b-0 sm:border-b pt-5 js-accordion cursor-pointer            \">\n            <div class=\"flex justify-between items-center pb-2\">\n\n                <div class=\"w-11\/12 space-y-1.5\">\n                    <p class=\"heading-xs sm:heading-sm uppercase max-w-[720px]\">\n                        Kori Schake: Den liberala internationella ordningen och dess avigsidor                    <\/p>\n                    <p class=\"body-sm font-crimsontext font-light leading-tight antialiased-none italic max-w-[530px]\">\n                        Chef f\u00f6r utrikes- och f\u00f6rsvarspolitik, American Enterprise Institute                    <\/p>\n                <\/div>\n\n                                <div class=\"accordion-arrow\">\n                    <svg width=\"16\" height=\"9\" fill=\"none\" xmlns=\"http:\/\/www.w3.org\/2000\/svg\">\n                        <path d=\"M14.5 1 8 7 1.5 1\" stroke=\"currentColor\" stroke-width=\"1.5\" \/>\n                    <\/svg>\n                <\/div>\n                            <\/div>\n\n            <div class=\"accordion-answer overflow-hidden body-sm font-crimsontext w-9\/12 mb-3\">\n                Kori Schake \u00e4r chef f\u00f6r utrikes- och f\u00f6rsvarspolitik vid American Enterprise Institute.            <\/div>\n        <\/div>\n        \n    <\/section>\n<\/div>","protected":false},"parent":0,"menu_order":0,"template":"","class_list":["post-527","seminar","type-seminar","status-publish","hentry"],"acf":[],"yoast_head":"<!-- This site is optimized with the Yoast SEO plugin v27.4 - https:\/\/yoast.com\/product\/yoast-seo-wordpress\/ -->\n<title>2019: Om historien - Axel and Margaret Ax:son Johnson Foundation for public benefit<\/title>\n<meta name=\"robots\" content=\"index, follow, max-snippet:-1, max-image-preview:large, max-video-preview:-1\" \/>\n<link rel=\"canonical\" href=\"https:\/\/axsonjohnsonfoundation.org\/sv\/seminarier\/om-historien-att-lara-av-det-forflutna\/\" \/>\n<meta property=\"og:locale\" content=\"sv_SE\" \/>\n<meta property=\"og:type\" content=\"article\" \/>\n<meta property=\"og:title\" content=\"2019: Om historien - Axel and Margaret Ax:son Johnson Foundation for public benefit\" \/>\n<meta property=\"og:url\" content=\"https:\/\/axsonjohnsonfoundation.org\/sv\/seminarier\/om-historien-att-lara-av-det-forflutna\/\" \/>\n<meta property=\"og:site_name\" content=\"Axel and Margaret Ax:son Johnson Foundation for public benefit\" \/>\n<meta property=\"article:modified_time\" content=\"2024-04-30T09:52:20+00:00\" \/>\n<meta property=\"og:image\" content=\"https:\/\/axsonjohnsonfoundation.org\/wp-content\/uploads\/2022\/05\/big-placeholder-people-1.jpeg\" \/>\n\t<meta property=\"og:image:width\" content=\"1088\" \/>\n\t<meta property=\"og:image:height\" content=\"612\" \/>\n\t<meta property=\"og:image:type\" content=\"image\/jpeg\" \/>\n<meta name=\"twitter:card\" content=\"summary_large_image\" \/>\n<script type=\"application\/ld+json\" class=\"yoast-schema-graph\">{\"@context\":\"https:\\\/\\\/schema.org\",\"@graph\":[{\"@type\":\"WebPage\",\"@id\":\"https:\\\/\\\/axsonjohnsonfoundation.org\\\/sv\\\/seminarier\\\/om-historien-att-lara-av-det-forflutna\\\/\",\"url\":\"https:\\\/\\\/axsonjohnsonfoundation.org\\\/sv\\\/seminarier\\\/om-historien-att-lara-av-det-forflutna\\\/\",\"name\":\"2019: Om historien - Axel and Margaret Ax:son Johnson Foundation for public benefit\",\"isPartOf\":{\"@id\":\"https:\\\/\\\/axsonjohnsonfoundation.org\\\/sv\\\/#website\"},\"datePublished\":\"2022-06-10T13:01:59+00:00\",\"dateModified\":\"2024-04-30T09:52:20+00:00\",\"breadcrumb\":{\"@id\":\"https:\\\/\\\/axsonjohnsonfoundation.org\\\/sv\\\/seminarier\\\/om-historien-att-lara-av-det-forflutna\\\/#breadcrumb\"},\"inLanguage\":\"sv-SE\",\"potentialAction\":[{\"@type\":\"ReadAction\",\"target\":[\"https:\\\/\\\/axsonjohnsonfoundation.org\\\/sv\\\/seminarier\\\/om-historien-att-lara-av-det-forflutna\\\/\"]}]},{\"@type\":\"BreadcrumbList\",\"@id\":\"https:\\\/\\\/axsonjohnsonfoundation.org\\\/sv\\\/seminarier\\\/om-historien-att-lara-av-det-forflutna\\\/#breadcrumb\",\"itemListElement\":[{\"@type\":\"ListItem\",\"position\":1,\"name\":\"Start\",\"item\":\"\\\/sv\\\/\"},{\"@type\":\"ListItem\",\"position\":2,\"name\":\"Seminarier\",\"item\":\"\\\/sv\\\/seminarier\"},{\"@type\":\"ListItem\",\"position\":3,\"name\":\"2019: Om historien\"}]},{\"@type\":\"WebSite\",\"@id\":\"https:\\\/\\\/axsonjohnsonfoundation.org\\\/sv\\\/#website\",\"url\":\"https:\\\/\\\/axsonjohnsonfoundation.org\\\/sv\\\/\",\"name\":\"Axel and Margaret Ax:son Johnson Foundation for public benefit\",\"description\":\"Promoting scientific and scholarly research\",\"potentialAction\":[{\"@type\":\"SearchAction\",\"target\":{\"@type\":\"EntryPoint\",\"urlTemplate\":\"https:\\\/\\\/axsonjohnsonfoundation.org\\\/sv\\\/?s={search_term_string}\"},\"query-input\":{\"@type\":\"PropertyValueSpecification\",\"valueRequired\":true,\"valueName\":\"search_term_string\"}}],\"inLanguage\":\"sv-SE\"}]}<\/script>\n<!-- \/ Yoast SEO plugin. -->","yoast_head_json":{"title":"2019: Om historien - Axel and Margaret Ax:son Johnson Foundation for public benefit","robots":{"index":"index","follow":"follow","max-snippet":"max-snippet:-1","max-image-preview":"max-image-preview:large","max-video-preview":"max-video-preview:-1"},"canonical":"https:\/\/axsonjohnsonfoundation.org\/sv\/seminarier\/om-historien-att-lara-av-det-forflutna\/","og_locale":"sv_SE","og_type":"article","og_title":"2019: Om historien - Axel and Margaret Ax:son Johnson Foundation for public benefit","og_url":"https:\/\/axsonjohnsonfoundation.org\/sv\/seminarier\/om-historien-att-lara-av-det-forflutna\/","og_site_name":"Axel and Margaret Ax:son Johnson Foundation for public benefit","article_modified_time":"2024-04-30T09:52:20+00:00","og_image":[{"width":1088,"height":612,"url":"https:\/\/axsonjohnsonfoundation.org\/wp-content\/uploads\/2022\/05\/big-placeholder-people-1.jpeg","type":"image\/jpeg"}],"twitter_card":"summary_large_image","schema":{"@context":"https:\/\/schema.org","@graph":[{"@type":"WebPage","@id":"https:\/\/axsonjohnsonfoundation.org\/sv\/seminarier\/om-historien-att-lara-av-det-forflutna\/","url":"https:\/\/axsonjohnsonfoundation.org\/sv\/seminarier\/om-historien-att-lara-av-det-forflutna\/","name":"2019: Om historien - Axel and Margaret Ax:son Johnson Foundation for public benefit","isPartOf":{"@id":"https:\/\/axsonjohnsonfoundation.org\/sv\/#website"},"datePublished":"2022-06-10T13:01:59+00:00","dateModified":"2024-04-30T09:52:20+00:00","breadcrumb":{"@id":"https:\/\/axsonjohnsonfoundation.org\/sv\/seminarier\/om-historien-att-lara-av-det-forflutna\/#breadcrumb"},"inLanguage":"sv-SE","potentialAction":[{"@type":"ReadAction","target":["https:\/\/axsonjohnsonfoundation.org\/sv\/seminarier\/om-historien-att-lara-av-det-forflutna\/"]}]},{"@type":"BreadcrumbList","@id":"https:\/\/axsonjohnsonfoundation.org\/sv\/seminarier\/om-historien-att-lara-av-det-forflutna\/#breadcrumb","itemListElement":[{"@type":"ListItem","position":1,"name":"Start","item":"\/sv\/"},{"@type":"ListItem","position":2,"name":"Seminarier","item":"\/sv\/seminarier"},{"@type":"ListItem","position":3,"name":"2019: Om historien"}]},{"@type":"WebSite","@id":"https:\/\/axsonjohnsonfoundation.org\/sv\/#website","url":"https:\/\/axsonjohnsonfoundation.org\/sv\/","name":"Axel and Margaret Ax:son Johnson Foundation for public benefit","description":"Promoting scientific and scholarly research","potentialAction":[{"@type":"SearchAction","target":{"@type":"EntryPoint","urlTemplate":"https:\/\/axsonjohnsonfoundation.org\/sv\/?s={search_term_string}"},"query-input":{"@type":"PropertyValueSpecification","valueRequired":true,"valueName":"search_term_string"}}],"inLanguage":"sv-SE"}]}},"_links":{"self":[{"href":"https:\/\/axsonjohnsonfoundation.org\/sv\/wp-json\/wp\/v2\/seminar\/527","targetHints":{"allow":["GET"]}}],"collection":[{"href":"https:\/\/axsonjohnsonfoundation.org\/sv\/wp-json\/wp\/v2\/seminar"}],"about":[{"href":"https:\/\/axsonjohnsonfoundation.org\/sv\/wp-json\/wp\/v2\/types\/seminar"}],"wp:attachment":[{"href":"https:\/\/axsonjohnsonfoundation.org\/sv\/wp-json\/wp\/v2\/media?parent=527"}],"curies":[{"name":"wp","href":"https:\/\/api.w.org\/{rel}","templated":true}]}}